{"id":247403,"date":"2021-12-14T10:13:25","date_gmt":"2021-12-14T09:13:25","guid":{"rendered":"https:\/\/www.ffbetania.net\/projeto-brasil\/"},"modified":"2025-11-24T16:58:17","modified_gmt":"2025-11-24T15:58:17","slug":"projeto-brasil","status":"publish","type":"page","link":"https:\/\/www.ffbetania.net\/pt-br\/projeto-brasil\/","title":{"rendered":"Projeto Brasil"},"content":{"rendered":"<p>[et_pb_section fb_built=&#8221;1&#8243; admin_label=&#8221;intro&#8221; _builder_version=&#8221;4.16&#8243; _module_preset=&#8221;default&#8221; global_colors_info=&#8221;{}&#8221;][et_pb_row column_structure=&#8221;1_3,1_3,1_3&#8243; make_equal=&#8221;on&#8221; _builder_version=&#8221;4.16&#8243; _module_preset=&#8221;default&#8221; custom_css_main_element=&#8221;align-items: center;&#8221; global_colors_info=&#8221;{}&#8221;][et_pb_column type=&#8221;1_3&#8243; _builder_version=&#8221;4.16&#8243; _module_preset=&#8221;default&#8221; global_colors_info=&#8221;{}&#8221;][et_pb_image src=&#8221;https:\/\/www.ffbetania.net\/wp-content\/uploads\/2025\/04\/Crehe-FFB-Salvador_FFB2024-1.png&#8221; title_text=&#8221;Crehe FFB Salvador_FFB2024&#8243; _builder_version=&#8221;4.27.4&#8243; _module_preset=&#8221;0f34e574-d593-4c4a-848f-76eddc3d883a&#8221; hover_enabled=&#8221;0&#8243; global_colors_info=&#8221;{}&#8221; sticky_enabled=&#8221;0&#8243;][\/et_pb_image][\/et_pb_column][et_pb_column type=&#8221;1_3&#8243; _builder_version=&#8221;4.16&#8243; _module_preset=&#8221;default&#8221; global_colors_info=&#8221;{}&#8221;][et_pb_text _builder_version=&#8221;4.16&#8243; _module_preset=&#8221;default&#8221; text_orientation=&#8221;center&#8221; global_colors_info=&#8221;{}&#8221;]<\/p>\n<p>O Projeto Brasil nasce do desejo do nosso fundador, Padre Pancrazio, de criar um <strong>centro de acolhimento<\/strong> <strong>e hospitalidade<\/strong> para os jovens que vivem em favelas situa\u00e7\u00f5es graves de dificuldades, oferecendo-lhes uma forma\u00e7\u00e3o, \u00e0 luz do Evangelho e no esp\u00edrito do FFB, que garante o seu desenvolvimento integral.<\/p>\n<p>[\/et_pb_text][\/et_pb_column][et_pb_column type=&#8221;1_3&#8243; _builder_version=&#8221;4.16&#8243; _module_preset=&#8221;default&#8221; global_colors_info=&#8221;{}&#8221;][et_pb_image src=&#8221;https:\/\/www.ffbetania.net\/wp-content\/uploads\/2022\/01\/CIMG93731-e1425629958544.jpeg&#8221; title_text=&#8221;Creche FFB Salvador&#8221; _builder_version=&#8221;4.16&#8243; _module_preset=&#8221;0f34e574-d593-4c4a-848f-76eddc3d883a&#8221; global_colors_info=&#8221;{}&#8221;][\/et_pb_image][\/et_pb_column][\/et_pb_row][\/et_pb_section][et_pb_section fb_built=&#8221;1&#8243; admin_label=&#8221;Dove siamo&#8221; _builder_version=&#8221;4.16&#8243; _module_preset=&#8221;default&#8221; global_colors_info=&#8221;{}&#8221;][et_pb_row column_structure=&#8221;3_5,2_5&#8243; make_equal=&#8221;on&#8221; _builder_version=&#8221;4.16&#8243; _module_preset=&#8221;default&#8221; global_colors_info=&#8221;{}&#8221;][et_pb_column type=&#8221;3_5&#8243; _builder_version=&#8221;4.16&#8243; _module_preset=&#8221;default&#8221; global_colors_info=&#8221;{}&#8221;][dsm_text_notation notation_text=&#8221;Onde estamos&#8221; _builder_version=&#8221;4.16&#8243; _module_preset=&#8221;a25692cb-2566-47c5-86d8-88387cd6ce58&#8243; text_orientation=&#8221;left&#8221; global_colors_info=&#8221;{}&#8221;][\/dsm_text_notation][et_pb_text _builder_version=&#8221;4.16&#8243; _module_preset=&#8221;default&#8221; global_colors_info=&#8221;{}&#8221;]<\/p>\n<p> Estamos localizados em <strong>Salvador da Bahia<\/strong>, no complexo de bairros que gira em torno do <strong>Bairro de S\u00e3o Cristov\u00e3o<\/strong>, pr\u00f3ximo ao aeroporto internacional de Salvador. \u00c9 uma \u00e1rea que abriga cerca de duzentos mil habitantes, todos em v\u00e1rios graus de pobreza, alguns at\u00e9 muito graves.<\/p>\n<p>A popula\u00e7\u00e3o \u00e9 jovem &#8211; 70% tem menos de 25 anos &#8211; e vive em condi\u00e7\u00f5es muito dif\u00edceis. N\u00e3o \u00e9 f\u00e1cil para as crian\u00e7as libertarem-se de situa\u00e7\u00f5es de pobreza e, na maioria dos casos, n\u00e3o podem, depois de terem crescido, viver em melhores condi\u00e7\u00f5es do que os seus pais.<\/p>\n<p>Por esta raz\u00e3o, n\u00f3s nos esfor\u00e7amos para apoiar as crian\u00e7as e suas fam\u00edlias, transmitindo &#8211; al\u00e9m de uma educa\u00e7\u00e3o escolar de alto n\u00edvel &#8211; valores, habilidades relacionais e habilidades culturais, com a esperan\u00e7a de ajud\u00e1-los a mudar, pelo menos em parte, as suas vidas e oferecer-lhes a perspectiva de um futuro mais digno e feliz.<\/p>\n<p>[\/et_pb_text][\/et_pb_column][et_pb_column type=&#8221;2_5&#8243; _builder_version=&#8221;4.16&#8243; _module_preset=&#8221;default&#8221; global_colors_info=&#8221;{}&#8221;][et_pb_text _builder_version=&#8221;4.16&#8243; _module_preset=&#8221;default&#8221; global_colors_info=&#8221;{}&#8221;]<\/p>\n\t\t<div id=\"maps-marker-pro-b44504d0\" class=\"maps-marker-pro\" style=\"width: 500px;\">\r\n\t\t\t<div id=\"mmp-map-wrap-b44504d0\" class=\"mmp-map-wrap\">\r\n\t\t\t\t\t\t\t\t<div id=\"mmp-map-b44504d0\" class=\"mmp-map\" style=\"height: 500px;\"><\/div>\r\n\t\t\t\t\t\t\t<\/div>\r\n\t\t\t\t\t<\/div>\r\n\t\t\n<div id=\"gtx-trans\" style=\"position: absolute; left: 188px; top: 38px;\">\n<div class=\"gtx-trans-icon\"><\/div>\n<\/div>\n<p>[\/et_pb_text][\/et_pb_column][\/et_pb_row][\/et_pb_section][et_pb_section fb_built=&#8221;1&#8243; admin_label=&#8221;Progetto&#8221; _builder_version=&#8221;4.16&#8243; _module_preset=&#8221;default&#8221; global_colors_info=&#8221;{}&#8221;][et_pb_row column_structure=&#8221;1_3,1_3,1_3&#8243; make_equal=&#8221;on&#8221; _builder_version=&#8221;4.16&#8243; _module_preset=&#8221;default&#8221; global_colors_info=&#8221;{}&#8221;][et_pb_column type=&#8221;1_3&#8243; _builder_version=&#8221;4.16&#8243; _module_preset=&#8221;default&#8221; background_enable_image=&#8221;off&#8221; border_radii=&#8221;on|8px|8px|8px|8px&#8221; box_shadow_style=&#8221;preset3&#8243; box_shadow_color=&#8221;rgba(30,141,185,0.2)&#8221; global_colors_info=&#8221;{}&#8221;][et_pb_image src=&#8221;https:\/\/www.ffbetania.net\/wp-content\/uploads\/2021\/12\/ffbetania_progetto.jpg&#8221; title_text=&#8221;ffbetania_progetto&#8221; _builder_version=&#8221;4.16&#8243; _module_preset=&#8221;0f34e574-d593-4c4a-848f-76eddc3d883a&#8221; global_colors_info=&#8221;{}&#8221;][\/et_pb_image][\/et_pb_column][et_pb_column type=&#8221;1_3&#8243; _builder_version=&#8221;4.16&#8243; _module_preset=&#8221;default&#8221; global_colors_info=&#8221;{}&#8221;][dsm_text_notation notation_text=&#8221;Projeto&#8221; _builder_version=&#8221;4.16&#8243; _module_preset=&#8221;a25692cb-2566-47c5-86d8-88387cd6ce58&#8243; text_orientation=&#8221;left&#8221; global_colors_info=&#8221;{}&#8221;][\/dsm_text_notation][et_pb_text _builder_version=&#8221;4.16&#8243; _module_preset=&#8221;default&#8221; global_colors_info=&#8221;{}&#8221;]Nosso objetivo \u00e9 a cria\u00e7\u00e3o de um <b>centro de treinamento para jovens<\/b> desde a mais tenra idade at\u00e9 o final do ensino superior, para todo o programa de treinamento fornecido pelas leis brasileiras.[\/et_pb_text][et_pb_text _builder_version=&#8221;4.16&#8243; _module_preset=&#8221;default&#8221; global_colors_info=&#8221;{}&#8221;]Para cada uma destas etapas h\u00e1 uma interven\u00e7\u00e3o que toca a pessoa na sua integridade: partindo da <b>dimens\u00e3o espiritual<\/b>, comprometemo-nos a acompanh\u00e1-la numa <b>forma\u00e7\u00e3o cultural e profissional<\/b>, atenta tamb\u00e9m \u00e0s necessidades da <b>sa\u00fade<\/b>.[\/et_pb_text][\/et_pb_column][et_pb_column type=&#8221;1_3&#8243; _builder_version=&#8221;4.16&#8243; _module_preset=&#8221;default&#8221; global_colors_info=&#8221;{}&#8221;][dsm_block_reveal_text block_reveal_text=&#8221;Os est\u00e1gios s\u00e3o&#8221; heading_html_tag=&#8221;h3&#8243; _builder_version=&#8221;4.16&#8243; _module_preset=&#8221;default&#8221; custom_margin=&#8221;||20px||false|false&#8221; global_colors_info=&#8221;{}&#8221;][\/dsm_block_reveal_text][dsm_icon_list icon_padding=&#8221;1px&#8221; list_space_between=&#8221;16px&#8221; _builder_version=&#8221;4.16&#8243; _module_preset=&#8221;default&#8221; global_colors_info=&#8221;{}&#8221;][dsm_icon_list_child text=&#8221; <strong>Ninho<\/strong> de 4 meses a 2 anos&#8221; font_icon=&#8221;&#xf77d;||fa||900&#8243; icon_font_size=&#8221;28px&#8221; use_tooltip=&#8221;on&#8221; tooltip_background_color=&#8221;#1E8DB9&#8243; _builder_version=&#8221;4.16&#8243; _module_preset=&#8221;default&#8221; global_colors_info=&#8221;{}&#8221;]<\/p>\n<p>j\u00e1 feito<\/p>\n<p>[\/dsm_icon_list_child][dsm_icon_list_child text=&#8221; <strong>Escola infantil<\/strong> dos 3 aos 5 anos&#8221; font_icon=&#8221;&#xf77c;||fa||900&#8243; icon_font_size=&#8221;24px&#8221; use_tooltip=&#8221;on&#8221; tooltip_background_color=&#8221;#1E8DB9&#8243; _builder_version=&#8221;4.16&#8243; _module_preset=&#8221;default&#8221; global_colors_info=&#8221;{}&#8221;]<\/p>\n<p>j\u00e1 feito<\/p>\n<p>[\/dsm_icon_list_child][dsm_icon_list_child text=&#8221; <strong>Escola prim\u00e1ria<\/strong> dos 6 aos 10 anos&#8221; font_icon=&#8221;&#xf1ae;||fa||900&#8243; icon_font_size=&#8221;24px&#8221; use_tooltip=&#8221;on&#8221; tooltip_background_color=&#8221;#F2C500&#8243; _builder_version=&#8221;4.16&#8243; _module_preset=&#8221;default&#8221; tooltip_text_color=&#8221;#223D56&#8243; global_colors_info=&#8221;{}&#8221;]<\/p>\n<p>a completar<\/p>\n<p>[\/dsm_icon_list_child][dsm_icon_list_child text=&#8221; <strong>Ensino m\u00e9dio<\/strong> de 11 a 14 anos&#8221; font_icon=&#8221;&#xf5da;||fa||900&#8243; icon_font_size=&#8221;24px&#8221; use_tooltip=&#8221;on&#8221; tooltip_background_color=&#8221;#F2C500&#8243; _builder_version=&#8221;4.16&#8243; _module_preset=&#8221;default&#8221; tooltip_text_color=&#8221;#223D56&#8243; global_colors_info=&#8221;{}&#8221;]<\/p>\n<p>a completar<\/p>\n<p>[\/dsm_icon_list_child][dsm_icon_list_child text=&#8221; <strong>Escolas<\/strong> de 15 a 17 anos&#8221; font_icon=&#8221;&#xf51c;||fa||900&#8243; icon_font_size=&#8221;24px&#8221; use_tooltip=&#8221;on&#8221; tooltip_background_color=&#8221;#F2C500&#8243; _builder_version=&#8221;4.16&#8243; _module_preset=&#8221;default&#8221; tooltip_text_color=&#8221;#223D56&#8243; global_colors_info=&#8221;{}&#8221;]<\/p>\n<p>a completar<\/p>\n<p>[\/dsm_icon_list_child][dsm_icon_list_child text=&#8221;<strong>Escola profissional<\/strong> por 18 anos&#8221; font_icon=&#8221;&#xf19d;||fa||900&#8243; icon_font_size=&#8221;24px&#8221; use_tooltip=&#8221;on&#8221; tooltip_background_color=&#8221;#F2C500&#8243; _builder_version=&#8221;4.16&#8243; _module_preset=&#8221;default&#8221; tooltip_text_color=&#8221;#223D56&#8243; global_colors_info=&#8221;{}&#8221;]<\/p>\n<p>a completar<\/p>\n<p>[\/dsm_icon_list_child][\/dsm_icon_list][\/et_pb_column][\/et_pb_row][\/et_pb_section][et_pb_section fb_built=&#8221;1&#8243; admin_label=&#8221;Asilo&#8221; _builder_version=&#8221;4.16&#8243; _module_preset=&#8221;default&#8221; global_colors_info=&#8221;{}&#8221;][et_pb_row column_structure=&#8221;3_5,2_5&#8243; make_equal=&#8221;on&#8221; _builder_version=&#8221;4.16&#8243; _module_preset=&#8221;default&#8221; global_colors_info=&#8221;{}&#8221;][et_pb_column type=&#8221;3_5&#8243; _builder_version=&#8221;4.16&#8243; _module_preset=&#8221;default&#8221; global_colors_info=&#8221;{}&#8221;][dsm_text_notation notation_text=&#8221;Creche&#8221; _builder_version=&#8221;4.16&#8243; _module_preset=&#8221;a25692cb-2566-47c5-86d8-88387cd6ce58&#8243; text_orientation=&#8221;left&#8221; global_colors_info=&#8221;{}&#8221;][\/dsm_text_notation][et_pb_text _builder_version=&#8221;4.16&#8243; _module_preset=&#8221;default&#8221; global_colors_info=&#8221;{}&#8221;]<\/p>\n<p>Nossa creche, que pode acomodar at\u00e9 <strong>120 crian\u00e7as de 4 meses a 5 anos de idade<\/strong>, \u00e9 altamente estimado pela popula\u00e7\u00e3o e pelo departamento de educa\u00e7\u00e3o da cidade de Salvador, bem como por organiza\u00e7\u00f5es filantr\u00f3picas com as quais colaboramos ou por empresas que nos apoiam.<\/p>\n<p>De fato, embora a qualidade do ensino seja compar\u00e1vel \u00e0 dos melhores jardins de inf\u00e2ncia privados da cidade, o servi\u00e7o prestado, que inclui cinco refei\u00e7\u00f5es di\u00e1rias (caf\u00e9 da manh\u00e3 &#8211; lanche &#8211; almo\u00e7o &#8211; lanche &#8211; jantar), \u00e9 totalmente gratuito. <em>Isso \u00e9 poss\u00edvel gra\u00e7as \u00e0s ofertas e financiamento da Europa (principalmente da It\u00e1lia, Su\u00ed\u00e7a e Alemanha) e ao apoio recebido pelo munic\u00edpio de Salvador para o servi\u00e7o de utilidade p\u00fablica fornecido gratuitamente.<\/em><\/p>\n<p>Procuramos melhorar dia a dia a proposta educativa da creche apostando na forma\u00e7\u00e3o constante dos colaboradores e, sobretudo, envolvendo frequentemente os pais em atividades educativas. Acreditamos de fato que <strong>a educa\u00e7\u00e3o da crian\u00e7a pode ser uma oportunidade de crescimento para toda a sua fam\u00edlia e para toda a comunidade. .<\/strong><\/p>\n<p>[\/et_pb_text][et_pb_text _builder_version=&#8221;4.16&#8243; _module_preset=&#8221;default&#8221; global_colors_info=&#8221;{}&#8221;]<\/p>\n<h4>Siga pelo Centro N.S.Aparecida<\/h4>\n<div id=\"gtx-trans\" style=\"position: absolute; left: 247px; top: 72.5781px;\">\n<div class=\"gtx-trans-icon\"> <\/div>\n<\/div>\n<p>[\/et_pb_text][et_pb_social_media_follow _builder_version=&#8221;4.16&#8243; _module_preset=&#8221;default&#8221; global_colors_info=&#8221;{}&#8221;][et_pb_social_media_follow_network social_network=&#8221;facebook&#8221; url=&#8221;https:\/\/it-it.facebook.com\/centronsaparecida\/&#8221; _builder_version=&#8221;4.16&#8243; _module_preset=&#8221;default&#8221; background_enable_color=&#8221;off&#8221; global_colors_info=&#8221;{}&#8221; follow_button=&#8221;off&#8221; url_new_window=&#8221;on&#8221;]facebook[\/et_pb_social_media_follow_network][et_pb_social_media_follow_network social_network=&#8221;instagram&#8221; url=&#8221;https:\/\/www.instagram.com\/crecheaparecida\/&#8221; _builder_version=&#8221;4.16&#8243; _module_preset=&#8221;default&#8221; background_enable_color=&#8221;off&#8221; global_colors_info=&#8221;{}&#8221; follow_button=&#8221;off&#8221; url_new_window=&#8221;on&#8221;]instagram[\/et_pb_social_media_follow_network][\/et_pb_social_media_follow][\/et_pb_column][et_pb_column type=&#8221;2_5&#8243; _builder_version=&#8221;4.16&#8243; _module_preset=&#8221;default&#8221; global_colors_info=&#8221;{}&#8221;][et_pb_image src=&#8221;https:\/\/www.ffbetania.net\/wp-content\/uploads\/2021\/12\/ffbetania_asilo.jpg&#8221; title_text=&#8221;ffbetania_asilo&#8221; _builder_version=&#8221;4.16&#8243; _module_preset=&#8221;0f34e574-d593-4c4a-848f-76eddc3d883a&#8221; global_colors_info=&#8221;{}&#8221;][\/et_pb_image][\/et_pb_column][\/et_pb_row][\/et_pb_section][et_pb_section fb_built=&#8221;1&#8243; _builder_version=&#8221;4.16&#8243; _module_preset=&#8221;default&#8221; global_colors_info=&#8221;{}&#8221;][et_pb_row column_structure=&#8221;1_3,1_3,1_3&#8243; _builder_version=&#8221;4.16&#8243; _module_preset=&#8221;default&#8221; global_colors_info=&#8221;{}&#8221;][et_pb_column type=&#8221;1_3&#8243; _builder_version=&#8221;4.16&#8243; _module_preset=&#8221;default&#8221; global_colors_info=&#8221;{}&#8221;][et_pb_video src=&#8221;https:\/\/www.youtube.com\/watch?v=RyMMmTmqHPs&#038;list=PLqXCVLxHL6zorR5yovi14K8lT8i59reUV&#038;index=14&#8243; image_src=&#8221;\/\/i.ytimg.com\/vi\/RyMMmTmqHPs\/hqdefault.jpg&#8221; _builder_version=&#8221;4.16&#8243; _module_preset=&#8221;default&#8221; db_limit_youtube_related_videos_to_same_channel=&#8221;on&#8221; global_colors_info=&#8221;{}&#8221;][\/et_pb_video][\/et_pb_column][et_pb_column type=&#8221;1_3&#8243; _builder_version=&#8221;4.16&#8243; _module_preset=&#8221;default&#8221; global_colors_info=&#8221;{}&#8221;][et_pb_video src=&#8221;https:\/\/www.youtube.com\/watch?v=2Sg-SVqwCCQ&#038;list=PLqXCVLxHL6zorR5yovi14K8lT8i59reUV&#038;index=9&#8243; image_src=&#8221;\/\/i.ytimg.com\/vi\/2Sg-SVqwCCQ\/hqdefault.jpg&#8221; _builder_version=&#8221;4.16&#8243; _module_preset=&#8221;default&#8221; db_limit_youtube_related_videos_to_same_channel=&#8221;on&#8221; global_colors_info=&#8221;{}&#8221;][\/et_pb_video][\/et_pb_column][et_pb_column type=&#8221;1_3&#8243; _builder_version=&#8221;4.16&#8243; _module_preset=&#8221;default&#8221; global_colors_info=&#8221;{}&#8221;][et_pb_video src=&#8221;https:\/\/www.youtube.com\/watch?v=kErK6B0u6H8&#038;list=PLqXCVLxHL6zorR5yovi14K8lT8i59reUV&#038;index=15&#038;t=5s&#8221; image_src=&#8221;\/\/i.ytimg.com\/vi\/kErK6B0u6H8\/hqdefault.jpg&#8221; _builder_version=&#8221;4.16&#8243; _module_preset=&#8221;default&#8221; db_limit_youtube_related_videos_to_same_channel=&#8221;on&#8221; global_colors_info=&#8221;{}&#8221;][\/et_pb_video][\/et_pb_column][\/et_pb_row][\/et_pb_section][et_pb_section fb_built=&#8221;1&#8243; disabled_on=&#8221;on|on|on&#8221; _builder_version=&#8221;4.16&#8243; _module_preset=&#8221;default&#8221; disabled=&#8221;on&#8221; global_colors_info=&#8221;{}&#8221;][et_pb_row column_structure=&#8221;2_5,3_5&#8243; make_equal=&#8221;on&#8221; _builder_version=&#8221;4.16&#8243; _module_preset=&#8221;default&#8221; global_colors_info=&#8221;{}&#8221;][et_pb_column type=&#8221;2_5&#8243; _builder_version=&#8221;4.16&#8243; _module_preset=&#8221;default&#8221; global_colors_info=&#8221;{}&#8221;][et_pb_image src=&#8221;https:\/\/www.ffbetania.net\/wp-content\/uploads\/2022\/06\/Il-Segreto-del-Frate-La-birra-solidale-FFB-Bir.-Due-Frati-2.png&#8221; title_text=&#8221;Il Segreto del Frate &#8211; La birra solidale &#8211; FFB &#8211; Bir. Due Frati&#8221; align=&#8221;center&#8221; force_fullwidth=&#8221;on&#8221; _builder_version=&#8221;4.16&#8243; _module_preset=&#8221;0f34e574-d593-4c4a-848f-76eddc3d883a&#8221; height=&#8221;400px&#8221; global_colors_info=&#8221;{}&#8221;][\/et_pb_image][\/et_pb_column][et_pb_column type=&#8221;3_5&#8243; _builder_version=&#8221;4.16&#8243; _module_preset=&#8221;default&#8221; global_colors_info=&#8221;{}&#8221;][et_pb_text _builder_version=&#8221;4.16&#8243; _module_preset=&#8221;default&#8221; global_colors_info=&#8221;{}&#8221;]<\/p>\n<h3>Il Segreto Del Frate<\/h3>\n<p><strong>Cerveja solid\u00e1ria <\/strong><\/p>\n<p>Um dos nossos irm\u00e3os desenvolveu uma receita secreta para esta cerveja na cozinha do convento na Alemanha.<\/p>\n<p><strong>Ao compr\u00e1-lo voc\u00ea apoia o projeto para as crian\u00e7as brasileiras do jardim de inf\u00e2ncia que a Fraternidade administra em Salvador da Bahia.<\/strong><\/p>\n<p>[\/et_pb_text][et_pb_button button_url=&#8221;mailto:ilsegretodelfrate@gmail.com%20&#8243; url_new_window=&#8221;on&#8221; button_text=&#8221;Contacte-nos&#8221; button_alignment=&#8221;left&#8221; _builder_version=&#8221;4.16&#8243; _module_preset=&#8221;default&#8221; global_colors_info=&#8221;{}&#8221;][\/et_pb_button][et_pb_text _builder_version=&#8221;4.16&#8243; _module_preset=&#8221;default&#8221; global_colors_info=&#8221;{}&#8221;]<\/p>\n<h4>Siga-nos em nossos canais<\/h4>\n<p>[\/et_pb_text][et_pb_social_media_follow _builder_version=&#8221;4.16&#8243; _module_preset=&#8221;default&#8221; global_colors_info=&#8221;{}&#8221;][et_pb_social_media_follow_network social_network=&#8221;facebook&#8221; url=&#8221;https:\/\/www.facebook.com\/ilsegretodelfrate\/?fref=mentions&#038;__xts__%910%93=68.ARDxTbzt_1anQYkVDMhfy14cYanUxQ8IQMSbVBXzU3r-CvbDXYNgkBA63RArmpOc7e7VXn5NPR5H9e1i6FrHVCM7A3igc2VWy_bq98UDrJ7d49N7Z1UTk8MzMfTeEqvP_qw8QmB3q8a0wv3wDlkCWZqaBVBDGVAwBP44yRIKAEqtzjvzZFdufjzdCos3z2l_EJIl5amTkAH17I810BLS12TtRD2ofZBMuBu-PZJADd3rTm61ETxZFRRajJqjFnYFXx8QIwqcribD4kELlBtkPo-o0PKOVsBOssWVKeJ-TP7LWiw&#8221; _builder_version=&#8221;4.16&#8243; _module_preset=&#8221;default&#8221; background_enable_color=&#8221;off&#8221; global_colors_info=&#8221;{}&#8221; follow_button=&#8221;off&#8221; url_new_window=&#8221;on&#8221;]facebook[\/et_pb_social_media_follow_network][et_pb_social_media_follow_network social_network=&#8221;instagram&#8221; url=&#8221;https:\/\/www.instagram.com\/ilsegretodelfrate\/&#8221; _builder_version=&#8221;4.16&#8243; _module_preset=&#8221;default&#8221; background_enable_color=&#8221;off&#8221; global_colors_info=&#8221;{}&#8221; follow_button=&#8221;off&#8221; url_new_window=&#8221;on&#8221;]instagram[\/et_pb_social_media_follow_network][\/et_pb_social_media_follow][\/et_pb_column][\/et_pb_row][\/et_pb_section][et_pb_section fb_built=&#8221;1&#8243; admin_label=&#8221;sostegno a distanza&#8221; module_id=&#8221;sostegno-distanza-FFB&#8221; _builder_version=&#8221;4.16&#8243; _module_preset=&#8221;default&#8221; global_colors_info=&#8221;{}&#8221;][et_pb_row _builder_version=&#8221;4.16&#8243; _module_preset=&#8221;default&#8221; global_colors_info=&#8221;{}&#8221;][et_pb_column type=&#8221;4_4&#8243; _builder_version=&#8221;4.16&#8243; _module_preset=&#8221;default&#8221; global_colors_info=&#8221;{}&#8221;][dsm_text_notation notation_text=&#8221;Sustentar uma crian\u00e7a&#8221; _builder_version=&#8221;4.16&#8243; _module_preset=&#8221;a25692cb-2566-47c5-86d8-88387cd6ce58&#8243; global_colors_info=&#8221;{}&#8221;][\/dsm_text_notation][\/et_pb_column][\/et_pb_row][et_pb_row column_structure=&#8221;1_2,1_2&#8243; _builder_version=&#8221;4.16&#8243; _module_preset=&#8221;default&#8221; custom_padding=&#8221;|2%|0px|2%|false|true&#8221; global_colors_info=&#8221;{}&#8221;][et_pb_column type=&#8221;1_2&#8243; _builder_version=&#8221;4.16&#8243; _module_preset=&#8221;default&#8221; global_colors_info=&#8221;{}&#8221;][et_pb_text _builder_version=&#8221;4.16&#8243; _module_preset=&#8221;default&#8221; global_colors_info=&#8221;{}&#8221;]<\/p>\n<p>Com o apoio \u00e0 dist\u00e2ncia, voc\u00ea <b>pode ajudar uma crian\u00e7a a receber educa\u00e7\u00e3o adequada<\/b>, suportando as despesas de subsist\u00eancia para suas atividades educacionais.<\/p>\n<p>[\/et_pb_text][\/et_pb_column][et_pb_column type=&#8221;1_2&#8243; _builder_version=&#8221;4.16&#8243; _module_preset=&#8221;default&#8221; global_colors_info=&#8221;{}&#8221;][et_pb_text _builder_version=&#8221;4.16&#8243; _module_preset=&#8221;default&#8221; text_orientation=&#8221;center&#8221; global_colors_info=&#8221;{}&#8221;]<\/p>\n<h3>Sua doa\u00e7\u00e3o significa<\/h3>\n<p>[\/et_pb_text][\/et_pb_column][\/et_pb_row][et_pb_row column_structure=&#8221;1_2,1_4,1_4&#8243; make_equal=&#8221;on&#8221; _builder_version=&#8221;4.16&#8243; _module_preset=&#8221;default&#8221; global_colors_info=&#8221;{}&#8221;][et_pb_column type=&#8221;1_2&#8243; _builder_version=&#8221;4.16&#8243; _module_preset=&#8221;default&#8221; global_colors_info=&#8221;{}&#8221;][et_pb_text _builder_version=&#8221;4.16&#8243; _module_preset=&#8221;default&#8221; global_colors_info=&#8221;{}&#8221;]<\/p>\n<h4>Que apoio<\/h4>\n<p>Uma crian\u00e7a de 4 meses a 5 anos e 11 meses das favelas do bairro de S\u00e3o Crist\u00f3v\u00e3o, em Salvador da Bahia.[\/et_pb_text][et_pb_text _builder_version=&#8221;4.16&#8243; _module_preset=&#8221;default&#8221; global_colors_info=&#8221;{}&#8221;]<\/p>\n<h4>O que voc\u00ea receber\u00e1<\/h4>\n<p>[\/et_pb_text][dsm_icon_list _builder_version=&#8221;4.16&#8243; _module_preset=&#8221;e2815c4d-7543-4a11-8cc4-c9d4d9ac9b91&#8243; global_colors_info=&#8221;{}&#8221;][dsm_icon_list_child text=&#8221;Foto da crian\u00e7a e sua turma&#8221; font_icon=&#8221;&#xf1ae;||fa||900&#8243; icon_font_size=&#8221;28px&#8221; tooltip_background_color=&#8221;#1E8DB9&#8243; _builder_version=&#8221;4.16&#8243; _module_preset=&#8221;default&#8221; global_colors_info=&#8221;{}&#8221;]<\/p>\n<p>j\u00e1 feito<\/p>\n<p>[\/dsm_icon_list_child][dsm_icon_list_child text=&#8221;Certificado de Apoio \u00e0 Dist\u00e2ncia&#8221; font_icon=&#8221;&#xe078;||divi||400&#8243; icon_font_size=&#8221;24px&#8221; tooltip_background_color=&#8221;#1E8DB9&#8243; _builder_version=&#8221;4.16&#8243; _module_preset=&#8221;default&#8221; global_colors_info=&#8221;{}&#8221;]<\/p>\n<p>j\u00e1 feito<\/p>\n<p>[\/dsm_icon_list_child][dsm_icon_list_child text=&#8221;Relat\u00f3rio anual&#8221; font_icon=&#8221;&#xf573;||fa||900&#8243; icon_font_size=&#8221;24px&#8221; tooltip_background_color=&#8221;#F2C500&#8243; _builder_version=&#8221;4.16&#8243; _module_preset=&#8221;default&#8221; tooltip_text_color=&#8221;#223D56&#8243; global_colors_info=&#8221;{}&#8221;]<\/p>\n<p>a completar<\/p>\n<p>[\/dsm_icon_list_child][dsm_icon_list_child text=&#8221;Atualiza\u00e7\u00e3o sobre os projetos&#8221; font_icon=&#8221;&#xf0ae;||fa||900&#8243; icon_font_size=&#8221;24px&#8221; tooltip_background_color=&#8221;#F2C500&#8243; _builder_version=&#8221;4.16&#8243; _module_preset=&#8221;default&#8221; tooltip_text_color=&#8221;#223D56&#8243; global_colors_info=&#8221;{}&#8221;]<\/p>\n<p>a completar<\/p>\n<p>[\/dsm_icon_list_child][dsm_icon_list_child text=&#8221;Certid\u00e3o fiscal <em>(a pedido)<\/em>&#8221; font_icon=&#8221;&#xe078;||divi||400&#8243; icon_font_size=&#8221;24px&#8221; tooltip_background_color=&#8221;#F2C500&#8243; _builder_version=&#8221;4.16&#8243; _module_preset=&#8221;default&#8221; tooltip_text_color=&#8221;#223D56&#8243; global_colors_info=&#8221;{}&#8221;]<\/p>\n<p>a completar<\/p>\n<p>[\/dsm_icon_list_child][\/dsm_icon_list][\/et_pb_column][et_pb_column type=&#8221;1_4&#8243; _builder_version=&#8221;4.16&#8243; _module_preset=&#8221;default&#8221; global_colors_info=&#8221;{}&#8221;][et_pb_blurb title=&#8221;Escola em tempo integral&#8221; _builder_version=&#8221;4.16&#8243; _module_preset=&#8221;_initial&#8221; background_color=&#8221;#FFFFFF&#8221; text_orientation=&#8221;center&#8221; custom_padding=&#8221;20px|10px|20px|10px|true|true&#8221; border_radii=&#8221;on|8px|8px|8px|8px&#8221; box_shadow_style=&#8221;preset3&#8243; global_colors_info=&#8221;{}&#8221;]<\/p>\n<p class=\"p1\">In\u00edcio das atividades \u00e0s 7h30 at\u00e9 \u00e0s 16h30<\/p>\n<p>[\/et_pb_blurb][et_pb_blurb title=&#8221;Atividades ordin\u00e1rias&#8221; _builder_version=&#8221;4.16&#8243; _module_preset=&#8221;default&#8221; background_color=&#8221;#FFFFFF&#8221; text_orientation=&#8221;center&#8221; custom_padding=&#8221;20px|10px|20px|10px|true|true&#8221; border_radii=&#8221;on|8px|8px|8px|8px&#8221; box_shadow_style=&#8221;preset3&#8243; global_colors_info=&#8221;{}&#8221;]<\/p>\n<p>Atividades educativas destinadas ao desenvolvimento da pessoa (socialidade, educa\u00e7\u00e3o para os valores humanos e crist\u00e3os, desenvolvimento de habilidades espec\u00edficas, autoconhecimento, desenvolvimento motor, etc.)<\/p>\n<p>[\/et_pb_blurb][\/et_pb_column][et_pb_column type=&#8221;1_4&#8243; _builder_version=&#8221;4.16&#8243; _module_preset=&#8221;default&#8221; global_colors_info=&#8221;{}&#8221;][et_pb_blurb title=&#8221;Cinco refei\u00e7\u00f5es por dia&#8221; _builder_version=&#8221;4.16&#8243; _module_preset=&#8221;default&#8221; background_color=&#8221;#FFFFFF&#8221; text_orientation=&#8221;center&#8221; custom_padding=&#8221;20px|10px|20px|10px|true|true&#8221; border_radii=&#8221;on|8px|8px|8px|8px&#8221; box_shadow_style=&#8221;preset3&#8243; global_colors_info=&#8221;{}&#8221;]<\/p>\n<p>Caf\u00e9 da manh\u00e3, lanche, almo\u00e7o, lanche da tarde e jantar<\/p>\n<p>[\/et_pb_blurb][et_pb_blurb title=&#8221; Atividades especiais&#8221; _builder_version=&#8221;4.16&#8243; _module_preset=&#8221;_initial&#8221; background_color=&#8221;#FFFFFF&#8221; text_orientation=&#8221;center&#8221; custom_padding=&#8221;20px|10px|20px|10px|true|true&#8221; border_radii=&#8221;on|8px|8px|8px|8px&#8221; box_shadow_style=&#8221;preset3&#8243; global_colors_info=&#8221;{}&#8221;]<\/p>\n<p class=\"p1\">Viagens escolares, treinamento especial (higiene, culin\u00e1ria, m\u00fasica, etc), apoio psicol\u00f3gico, treinamento de professores, custos para o uniforme das crian\u00e7as.<\/p>\n<p>[\/et_pb_blurb][\/et_pb_column][\/et_pb_row][et_pb_row column_structure=&#8221;1_3,1_3,1_3&#8243; disabled_on=&#8221;on|on|on&#8221; _builder_version=&#8221;4.16&#8243; _module_preset=&#8221;default&#8221; disabled=&#8221;on&#8221; global_colors_info=&#8221;{}&#8221;][et_pb_column type=&#8221;1_3&#8243; _builder_version=&#8221;4.16&#8243; _module_preset=&#8221;default&#8221; global_colors_info=&#8221;{}&#8221;][et_pb_blurb _builder_version=&#8221;4.16&#8243; _module_preset=&#8221;default&#8221; background_color=&#8221;#FFFFFF&#8221; text_orientation=&#8221;center&#8221; custom_padding=&#8221;20px|10px|20px|10px|true|true&#8221; border_radii=&#8221;on|8px|8px|8px|8px&#8221; box_shadow_style=&#8221;preset3&#8243; global_colors_info=&#8221;{}&#8221;]<\/p>\n<p>Com <strong>40 euros<\/strong> voc\u00ea vai apoiar 1\/3 dos custos reais para um m\u00eas de escola de uma crian\u00e7a<\/p>\n<p>[\/et_pb_blurb][\/et_pb_column][et_pb_column type=&#8221;1_3&#8243; _builder_version=&#8221;4.16&#8243; _module_preset=&#8221;default&#8221; global_colors_info=&#8221;{}&#8221;][et_pb_blurb _builder_version=&#8221;4.16&#8243; _module_preset=&#8221;default&#8221; background_color=&#8221;#FFFFFF&#8221; text_orientation=&#8221;center&#8221; custom_padding=&#8221;20px|10px|20px|10px|true|true&#8221; border_radii=&#8221;on|8px|8px|8px|8px&#8221; box_shadow_style=&#8221;preset3&#8243; global_colors_info=&#8221;{}&#8221;]<\/p>\n<p>Com <strong>80 euros<\/strong> voc\u00ea vai suportar 2\/3 dos custos reais para um m\u00eas de escola de uma crian\u00e7a<\/p>\n<p>[\/et_pb_blurb][\/et_pb_column][et_pb_column type=&#8221;1_3&#8243; _builder_version=&#8221;4.16&#8243; _module_preset=&#8221;default&#8221; global_colors_info=&#8221;{}&#8221;][et_pb_blurb _builder_version=&#8221;4.16&#8243; _module_preset=&#8221;default&#8221; background_color=&#8221;#FFFFFF&#8221; text_orientation=&#8221;center&#8221; custom_padding=&#8221;20px|10px|20px|10px|true|true&#8221; border_radii=&#8221;on|8px|8px|8px|8px&#8221; box_shadow_style=&#8221;preset3&#8243; global_colors_info=&#8221;{}&#8221;]<\/p>\n<p>Com <strong>120 euros<\/strong> voc\u00ea vai suportar todo o custo para um m\u00eas de escola de uma crian\u00e7a<\/p>\n<p>[\/et_pb_blurb][\/et_pb_column][\/et_pb_row][\/et_pb_section][et_pb_section fb_built=&#8221;1&#8243; admin_label=&#8221;Form&#8221; _builder_version=&#8221;4.16&#8243; _module_preset=&#8221;default&#8221; global_colors_info=&#8221;{}&#8221;][et_pb_row _builder_version=&#8221;4.16&#8243; _module_preset=&#8221;default&#8221; global_colors_info=&#8221;{}&#8221;][et_pb_column type=&#8221;4_4&#8243; _builder_version=&#8221;4.16&#8243; _module_preset=&#8221;default&#8221; global_colors_info=&#8221;{}&#8221;][et_pb_tabs _builder_version=&#8221;4.16&#8243; _module_preset=&#8221;default&#8221; global_colors_info=&#8221;{}&#8221;][et_pb_tab title=&#8221;Sustentar uma crian\u00e7a&#8221; _builder_version=&#8221;4.16&#8243; _module_preset=&#8221;default&#8221; global_colors_info=&#8221;{}&#8221;]Escolher o apoio \u00e0 dist\u00e2ncia \u00e9 um pequeno gesto que d\u00e1 esperan\u00e7a de um futuro melhor n\u00e3o s\u00f3 para a crian\u00e7a, mas para toda a comunidade.<\/p>\n<p>[\/et_pb_tab][et_pb_tab title=&#8221;Solicitar informa\u00e7\u00f5es&#8221; _builder_version=&#8221;4.16&#8243; _module_preset=&#8221;default&#8221; global_colors_info=&#8221;{}&#8221;]<noscript class=\"ninja-forms-noscript-message\">\n\tAviso: O JavaScript \u00e9 necess\u00e1rio para esse conte\u00fado.<\/noscript>\n<div id=\"nf-form-8-cont\" class=\"nf-form-cont\" aria-live=\"polite\" aria-labelledby=\"nf-form-title-8\" aria-describedby=\"nf-form-errors-8\" role=\"form\">\n\n    <div class=\"nf-loading-spinner\"><\/div>\n\n<\/div>\n        <!-- That data is being printed as a workaround to page builders reordering the order of the scripts loaded-->\n        <script>var formDisplay=1;var nfForms=nfForms||[];var form=[];form.id='8';form.settings={\"objectType\":\"Form Setting\",\"editActive\":true,\"title\":\"Sostegno a distanza - richiesta informazioni\",\"show_title\":0,\"allow_public_link\":0,\"embed_form\":\"\",\"clear_complete\":1,\"hide_complete\":1,\"default_label_pos\":\"above\",\"wrapper_class\":\"\",\"element_class\":\"\",\"key\":\"\",\"add_submit\":0,\"changeEmailErrorMsg\":\"Digite um endere\\u00e7o de e-mail v\\u00e1lido!\",\"changeDateErrorMsg\":\"Digite uma data v\\u00e1lida!\",\"confirmFieldErrorMsg\":\"Estes campos devem corresponder!\",\"fieldNumberNumMinError\":\"Erro no n\\u00famero m\\u00ednimo\",\"fieldNumberNumMaxError\":\"Erro no n\\u00famero m\\u00e1ximo\",\"fieldNumberIncrementBy\":\"Incremente por \",\"formErrorsCorrectErrors\":\"Corrija os erros antes de enviar este formul\\u00e1rio.\",\"validateRequiredField\":\"Este campo \\u00e9 obrigat\\u00f3rio.\",\"honeypotHoneypotError\":\"Erro do Honeypot\",\"fieldsMarkedRequired\":\"Campos marcados com <span class=\\\"ninja-forms-req-symbol\\\">*<\\\/span> s\\u00e3o requeridos\",\"currency\":\"\",\"repeatable_fieldsets\":\"\",\"unique_field_error\":\"A form with this value has already been submitted.\",\"logged_in\":false,\"not_logged_in_msg\":\"\",\"sub_limit_msg\":\"The form has reached its submission limit.\",\"calculations\":[],\"formContentData\":[\"nome-richiesta-informazioni\",\"cognome-richiesta-informazioni\",\"email-richiesta-informazioni\",\"telefono-richiesta-informazioni\",\"testo-richiesta-informazioni\",\"acconsento_al_trattamento_dei_miei_dati_come_descritto_nelle_less_than_a_href_https_ffbetania_kudusrl_it_privacy-policy_target_blank_greater_than_policy_della_privacy_less_than_a_greater_than_1647447475326\",\"html_1656343135738\",\"richiedi_informazioni_1641810296967\"],\"drawerDisabled\":false,\"form_title_heading_level\":\"3\",\"ninjaForms\":\"Ninja Forms\",\"fieldTextareaRTEInsertLink\":\"Insira o Link\",\"fieldTextareaRTEInsertMedia\":\"Inserir m\\u00eddia\",\"fieldTextareaRTESelectAFile\":\"Selecionar Arquivo\",\"formHoneypot\":\"Se voc\\u00ea for um humano, deixe este campo em branco.\",\"fileUploadOldCodeFileUploadInProgress\":\"Upload de arquivo em andamento.\",\"fileUploadOldCodeFileUpload\":\"UPLOAD DE ARQUIVO\",\"currencySymbol\":\"&euro;\",\"thousands_sep\":\".\",\"decimal_point\":\",\",\"siteLocale\":\"pt_BR\",\"dateFormat\":\"d\\\/m\\\/Y\",\"startOfWeek\":\"1\",\"of\":\"de\",\"previousMonth\":\"M\\u00eas anterior\",\"nextMonth\":\"Pr\\u00f3ximo m\\u00eas\",\"months\":[\"Janeiro\",\"Fevereiro\",\"Mar\\u00e7o\",\"Abril\",\"Maio\",\"Junho\",\"Julho\",\"Agosto\",\"Setembro\",\"Outubro\",\"Novembro\",\"Dezembro\"],\"monthsShort\":[\"Jan\",\"Fev\",\"Mar\",\"Abr\",\"Maio\",\"Jun\",\"Jul\",\"Ago\",\"Set\",\"Out\",\"Nov\",\"Dez\"],\"weekdays\":[\"Domingo\",\"Segunda-feira\",\"Ter\\u00e7a-feira\",\"Quarta-feira\",\"Quinta-feira\",\"Sexta-feira\",\"S\\u00e1bado\"],\"weekdaysShort\":[\"Dom\",\"Seg\",\"Ter\",\"Qua\",\"Qui\",\"Sex\",\"Sat\"],\"weekdaysMin\":[\"Su\",\"Mo\",\"Tu\",\"We\",\"Th\",\"Fr\",\"Sa\"],\"recaptchaConsentMissing\":\"reCaptcha validation couldn&#039;t load.\",\"recaptchaMissingCookie\":\"reCaptcha v3 validation couldn&#039;t load the cookie needed to submit the form.\",\"recaptchaConsentEvent\":\"Accept reCaptcha cookies before sending the form.\",\"currency_symbol\":\"\",\"beforeForm\":\"\",\"beforeFields\":\"\",\"afterFields\":\"\",\"afterForm\":\"\"};form.fields=[{\"objectType\":\"Field\",\"objectDomain\":\"fields\",\"editActive\":false,\"order\":1,\"idAttribute\":\"id\",\"type\":\"firstname\",\"label\":\"Nome\",\"key\":\"nome-richiesta-informazioni\",\"label_pos\":\"above\",\"required\":1,\"default\":\"\",\"placeholder\":\"\",\"container_class\":\"one-half first\",\"element_class\":\"\",\"admin_label\":\"\",\"help_text\":\"\",\"custom_name_attribute\":\"fname\",\"personally_identifiable\":1,\"value\":\"\",\"manual_key\":true,\"drawerDisabled\":false,\"id\":37,\"beforeField\":\"\",\"afterField\":\"\",\"parentType\":\"firstname\",\"element_templates\":[\"firstname\",\"input\"],\"old_classname\":\"\",\"wrap_template\":\"wrap\"},{\"objectType\":\"Field\",\"objectDomain\":\"fields\",\"editActive\":false,\"order\":2,\"idAttribute\":\"id\",\"type\":\"lastname\",\"label\":\"Sobrenome\",\"key\":\"cognome-richiesta-informazioni\",\"label_pos\":\"above\",\"required\":1,\"default\":\"\",\"placeholder\":\"\",\"container_class\":\"one-half\",\"element_class\":\"\",\"admin_label\":\"\",\"help_text\":\"\",\"custom_name_attribute\":\"lname\",\"personally_identifiable\":1,\"value\":\"\",\"manual_key\":true,\"drawerDisabled\":false,\"id\":38,\"beforeField\":\"\",\"afterField\":\"\",\"parentType\":\"lastname\",\"element_templates\":[\"lastname\",\"input\"],\"old_classname\":\"\",\"wrap_template\":\"wrap\"},{\"objectType\":\"Field\",\"objectDomain\":\"fields\",\"editActive\":false,\"order\":3,\"idAttribute\":\"id\",\"type\":\"email\",\"label\":\"Email\",\"key\":\"email-richiesta-informazioni\",\"label_pos\":\"above\",\"required\":1,\"default\":\"\",\"placeholder\":\"\",\"container_class\":\"one-half first\",\"element_class\":\"\",\"admin_label\":\"\",\"help_text\":\"\",\"custom_name_attribute\":\"email\",\"personally_identifiable\":1,\"value\":\"\",\"manual_key\":true,\"drawerDisabled\":false,\"id\":39,\"beforeField\":\"\",\"afterField\":\"\",\"parentType\":\"email\",\"element_templates\":[\"email\",\"input\"],\"old_classname\":\"\",\"wrap_template\":\"wrap\"},{\"objectType\":\"Field\",\"objectDomain\":\"fields\",\"editActive\":false,\"order\":4,\"idAttribute\":\"id\",\"type\":\"phone\",\"label\":\"Telefone\",\"key\":\"telefono-richiesta-informazioni\",\"label_pos\":\"above\",\"required\":false,\"default\":\"\",\"placeholder\":\"\",\"container_class\":\"one-half\",\"element_class\":\"\",\"input_limit\":\"\",\"input_limit_type\":\"characters\",\"input_limit_msg\":\"Caratteri rimasti\",\"manual_key\":true,\"admin_label\":\"\",\"help_text\":\"\",\"mask\":\"\",\"custom_mask\":\"\",\"custom_name_attribute\":\"phone\",\"personally_identifiable\":1,\"value\":\"\",\"drawerDisabled\":false,\"id\":40,\"beforeField\":\"\",\"afterField\":\"\",\"parentType\":\"textbox\",\"element_templates\":[\"tel\",\"textbox\",\"input\"],\"old_classname\":\"\",\"wrap_template\":\"wrap\"},{\"objectType\":\"Field\",\"objectDomain\":\"fields\",\"editActive\":false,\"order\":5,\"idAttribute\":\"id\",\"type\":\"textarea\",\"label\":\"Testo del paragrafo\",\"key\":\"testo-richiesta-informazioni\",\"label_pos\":\"hidden\",\"required\":false,\"default\":\"\",\"placeholder\":\"Scrivi qui le tue domande...\",\"container_class\":\"\",\"element_class\":\"\",\"input_limit\":\"\",\"input_limit_type\":\"characters\",\"input_limit_msg\":\"Caratteri rimasti\",\"manual_key\":true,\"admin_label\":\"\",\"help_text\":\"\",\"textarea_rte\":\"\",\"disable_rte_mobile\":\"\",\"textarea_media\":\"\",\"value\":\"\",\"drawerDisabled\":false,\"id\":41,\"beforeField\":\"\",\"afterField\":\"\",\"parentType\":\"textarea\",\"element_templates\":[\"textarea\",\"input\"],\"old_classname\":\"\",\"wrap_template\":\"wrap\"},{\"objectType\":\"Field\",\"objectDomain\":\"fields\",\"editActive\":false,\"order\":6,\"idAttribute\":\"id\",\"label\":\"Concordo com o tratamento dos meus dados conforme descrito nas pol\\u00edticas de privacidade\",\"type\":\"checkbox\",\"key\":\"acconsento_al_trattamento_dei_miei_dati_come_descritto_nelle_less_than_a_href_https_ffbetania_kudusrl_it_privacy-policy_target_blank_greater_than_policy_della_privacy_less_than_a_greater_than_1647447475326\",\"label_pos\":\"right\",\"required\":1,\"container_class\":\"\",\"element_class\":\"\",\"manual_key\":false,\"admin_label\":\"\",\"help_text\":\"\",\"default_value\":\"unchecked\",\"checked_value\":\"Selezionato\",\"unchecked_value\":\"Deselezionato\",\"checked_calc_value\":\"\",\"unchecked_calc_value\":\"\",\"drawerDisabled\":false,\"id\":42,\"beforeField\":\"\",\"afterField\":\"\",\"value\":\"\",\"parentType\":\"checkbox\",\"element_templates\":[\"checkbox\",\"input\"],\"old_classname\":\"\",\"wrap_template\":\"wrap\"},{\"objectType\":\"Field\",\"objectDomain\":\"fields\",\"editActive\":false,\"order\":7,\"idAttribute\":\"id\",\"label\":\"HTML\",\"type\":\"html\",\"default\":\"<p>Leia o <a href=\\\"https:\\\/\\\/www.ffbetania.net\\\/pt-br\\\/?page_id=252278\\\">aviso informativo<\\\/a> e a <a href=\\\"https:\\\/\\\/www.ffbetania.net\\\/pt-br\\\/?page_id=252278\\\">pol\\u00edtica de privacidade<\\\/a><br><\\\/p>\",\"container_class\":\"\",\"element_class\":\"\",\"key\":\"html_1656343135738\",\"drawerDisabled\":false,\"id\":104,\"beforeField\":\"\",\"afterField\":\"\",\"value\":\"<p>Leia o <a href=\\\"https:\\\/\\\/www.ffbetania.net\\\/pt-br\\\/?page_id=252278\\\">aviso informativo<\\\/a> e a <a href=\\\"https:\\\/\\\/www.ffbetania.net\\\/pt-br\\\/?page_id=252278\\\">pol\\u00edtica de privacidade<\\\/a><br><\\\/p>\",\"label_pos\":\"above\",\"parentType\":\"html\",\"element_templates\":[\"html\",\"input\"],\"old_classname\":\"\",\"wrap_template\":\"wrap\"},{\"objectType\":\"Field\",\"objectDomain\":\"fields\",\"editActive\":false,\"order\":8,\"idAttribute\":\"id\",\"type\":\"submit\",\"label\":\"Solicitar informa\\u00e7\\u00f5es\",\"processing_label\":\"...\",\"container_class\":\"\",\"element_class\":\"\",\"key\":\"richiedi_informazioni_1641810296967\",\"drawerDisabled\":false,\"id\":43,\"beforeField\":\"\",\"afterField\":\"\",\"value\":\"\",\"label_pos\":\"above\",\"parentType\":\"textbox\",\"element_templates\":[\"submit\",\"button\",\"input\"],\"old_classname\":\"\",\"wrap_template\":\"wrap-no-label\"}];nfForms.push(form);<\/script>\n        [\/et_pb_tab][\/et_pb_tabs][\/et_pb_column][\/et_pb_row][\/et_pb_section]<\/p>\n","protected":false},"excerpt":{"rendered":"<p>O Projeto Brasil nasce do desejo do nosso fundador, Padre Pancrazio, de criar um centro de acolhimento e hospitalidade para os jovens que vivem em favelas situa\u00e7\u00f5es graves de dificuldades, oferecendo-lhes uma forma\u00e7\u00e3o, \u00e0 luz do Evangelho e no esp\u00edrito do FFB, que garante o seu desenvolvimento integral.<div class=\"et_pb_module dsm_text_notation dsm_text_notation_0  et_pb_text_align_left et_pb_bg_layout_light\">\n\t\t\t\t\n\t\t\t\t\n\t\t\t\t\n\t\t\t\t\n\t\t\t\t\n\t\t\t\t\n\t\t\t\t<div class=\"et_pb_module_inner\">\n\t\t\t\t\t<h2 class=\"dsm-text-notation-main et_pb_module_header\"><span data-notation=\"[{&quot;type&quot;:&quot;underline&quot;,&quot;color&quot;:&quot;#F2C500&quot;,&quot;stroke-width&quot;:&quot;8&quot;,&quot;iterations&quot;:&quot;2&quot;,&quot;brackets&quot;:&quot;left|right&quot;,&quot;viewport&quot;:&quot;80%&quot;,&quot;delay&quot;:&quot;0ms&quot;,&quot;divi-animate&quot;:&quot;none&quot;,&quot;divi-animate-duration&quot;:&quot;1000ms&quot;,&quot;divi-animate-delay&quot;:&quot;0ms&quot;}]\" class=\"dsm-text-notation-middle\">Onde estamos<\/span><\/h2>\n\t\t\t\t<\/div>\n\t\t\t<\/div> Estamos [&hellip;]<\/p>\n","protected":false},"author":4,"featured_media":260127,"parent":0,"menu_order":0,"comment_status":"closed","ping_status":"closed","template":"","meta":{"_et_pb_use_builder":"on","_et_pb_old_content":"","_et_gb_content_width":"","footnotes":""},"class_list":["post-247403","page","type-page","status-publish","has-post-thumbnail","hentry"],"yoast_head":"<!-- This site is optimized with the Yoast SEO plugin v27.5 - https:\/\/yoast.com\/product\/yoast-seo-wordpress\/ -->\n<title>Projeto Brasil - Fraternit\u00e0 Francescana di Betania<\/title>\n<meta name=\"robots\" content=\"index, follow, max-snippet:-1, max-image-preview:large, max-video-preview:-1\" \/>\n<link rel=\"canonical\" href=\"https:\/\/www.ffbetania.net\/pt-br\/projeto-brasil\/\" \/>\n<meta property=\"og:locale\" content=\"pt_BR\" \/>\n<meta property=\"og:type\" content=\"article\" \/>\n<meta property=\"og:title\" content=\"Projeto Brasil - Fraternit\u00e0 Francescana di Betania\" \/>\n<meta property=\"og:description\" content=\"O Projeto Brasil nasce do desejo do nosso fundador, Padre Pancrazio, de criar um centro de acolhimento e hospitalidade para os jovens que vivem em favelas situa\u00e7\u00f5es graves de dificuldades, oferecendo-lhes uma forma\u00e7\u00e3o, \u00e0 luz do Evangelho e no esp\u00edrito do FFB, que garante o seu desenvolvimento integral. Estamos [&hellip;]\" \/>\n<meta property=\"og:url\" content=\"https:\/\/www.ffbetania.net\/pt-br\/projeto-brasil\/\" \/>\n<meta property=\"og:site_name\" content=\"Fraternit\u00e0 Francescana di Betania\" \/>\n<meta property=\"article:modified_time\" content=\"2025-11-24T15:58:17+00:00\" \/>\n<meta property=\"og:image\" content=\"https:\/\/www.ffbetania.net\/wp-content\/uploads\/2025\/03\/visita-pres.Mattarella-FFB-Salvador_FFB2024-16-1024x726.png\" \/>\n\t<meta property=\"og:image:width\" content=\"1024\" \/>\n\t<meta property=\"og:image:height\" content=\"726\" \/>\n\t<meta property=\"og:image:type\" content=\"image\/png\" \/>\n<meta name=\"twitter:card\" content=\"summary_large_image\" \/>\n<meta name=\"twitter:label1\" content=\"Est. tempo de leitura\" \/>\n\t<meta name=\"twitter:data1\" content=\"5 minutos\" \/>\n<script type=\"application\/ld+json\" class=\"yoast-schema-graph\">{\"@context\":\"https:\\\/\\\/schema.org\",\"@graph\":[{\"@type\":\"WebPage\",\"@id\":\"https:\\\/\\\/www.ffbetania.net\\\/pt-br\\\/projeto-brasil\\\/\",\"url\":\"https:\\\/\\\/www.ffbetania.net\\\/pt-br\\\/projeto-brasil\\\/\",\"name\":\"Projeto Brasil - Fraternit\u00e0 Francescana di Betania\",\"isPartOf\":{\"@id\":\"https:\\\/\\\/www.ffbetania.net\\\/pt-br\\\/#website\"},\"primaryImageOfPage\":{\"@id\":\"https:\\\/\\\/www.ffbetania.net\\\/pt-br\\\/projeto-brasil\\\/#primaryimage\"},\"image\":{\"@id\":\"https:\\\/\\\/www.ffbetania.net\\\/pt-br\\\/projeto-brasil\\\/#primaryimage\"},\"thumbnailUrl\":\"https:\\\/\\\/www.ffbetania.net\\\/wp-content\\\/uploads\\\/2025\\\/03\\\/visita-pres.Mattarella-FFB-Salvador_FFB2024-16.png\",\"datePublished\":\"2021-12-14T09:13:25+00:00\",\"dateModified\":\"2025-11-24T15:58:17+00:00\",\"breadcrumb\":{\"@id\":\"https:\\\/\\\/www.ffbetania.net\\\/pt-br\\\/projeto-brasil\\\/#breadcrumb\"},\"inLanguage\":\"pt-BR\",\"potentialAction\":[{\"@type\":\"ReadAction\",\"target\":[\"https:\\\/\\\/www.ffbetania.net\\\/pt-br\\\/projeto-brasil\\\/\"]}]},{\"@type\":\"ImageObject\",\"inLanguage\":\"pt-BR\",\"@id\":\"https:\\\/\\\/www.ffbetania.net\\\/pt-br\\\/projeto-brasil\\\/#primaryimage\",\"url\":\"https:\\\/\\\/www.ffbetania.net\\\/wp-content\\\/uploads\\\/2025\\\/03\\\/visita-pres.Mattarella-FFB-Salvador_FFB2024-16.png\",\"contentUrl\":\"https:\\\/\\\/www.ffbetania.net\\\/wp-content\\\/uploads\\\/2025\\\/03\\\/visita-pres.Mattarella-FFB-Salvador_FFB2024-16.png\",\"width\":1748,\"height\":1240},{\"@type\":\"BreadcrumbList\",\"@id\":\"https:\\\/\\\/www.ffbetania.net\\\/pt-br\\\/projeto-brasil\\\/#breadcrumb\",\"itemListElement\":[{\"@type\":\"ListItem\",\"position\":1,\"name\":\"Home\",\"item\":\"https:\\\/\\\/www.ffbetania.net\\\/pt-br\\\/\"},{\"@type\":\"ListItem\",\"position\":2,\"name\":\"Projeto Brasil\"}]},{\"@type\":\"WebSite\",\"@id\":\"https:\\\/\\\/www.ffbetania.net\\\/pt-br\\\/#website\",\"url\":\"https:\\\/\\\/www.ffbetania.net\\\/pt-br\\\/\",\"name\":\"Fraternit\u00e0 Francescana di Betania\",\"description\":\"La Fraternit\u00e0 Francescana di Betania \u00e8 lieta di rendervi partecipi di questa gioia\",\"potentialAction\":[{\"@type\":\"SearchAction\",\"target\":{\"@type\":\"EntryPoint\",\"urlTemplate\":\"https:\\\/\\\/www.ffbetania.net\\\/pt-br\\\/?s={search_term_string}\"},\"query-input\":{\"@type\":\"PropertyValueSpecification\",\"valueRequired\":true,\"valueName\":\"search_term_string\"}}],\"inLanguage\":\"pt-BR\"}]}<\/script>\n<!-- \/ Yoast SEO plugin. -->","yoast_head_json":{"title":"Projeto Brasil - Fraternit\u00e0 Francescana di Betania","robots":{"index":"index","follow":"follow","max-snippet":"max-snippet:-1","max-image-preview":"max-image-preview:large","max-video-preview":"max-video-preview:-1"},"canonical":"https:\/\/www.ffbetania.net\/pt-br\/projeto-brasil\/","og_locale":"pt_BR","og_type":"article","og_title":"Projeto Brasil - Fraternit\u00e0 Francescana di Betania","og_description":"O Projeto Brasil nasce do desejo do nosso fundador, Padre Pancrazio, de criar um centro de acolhimento e hospitalidade para os jovens que vivem em favelas situa\u00e7\u00f5es graves de dificuldades, oferecendo-lhes uma forma\u00e7\u00e3o, \u00e0 luz do Evangelho e no esp\u00edrito do FFB, que garante o seu desenvolvimento integral. Estamos [&hellip;]","og_url":"https:\/\/www.ffbetania.net\/pt-br\/projeto-brasil\/","og_site_name":"Fraternit\u00e0 Francescana di Betania","article_modified_time":"2025-11-24T15:58:17+00:00","og_image":[{"width":1024,"height":726,"url":"https:\/\/www.ffbetania.net\/wp-content\/uploads\/2025\/03\/visita-pres.Mattarella-FFB-Salvador_FFB2024-16-1024x726.png","type":"image\/png"}],"twitter_card":"summary_large_image","twitter_misc":{"Est. tempo de leitura":"5 minutos"},"schema":{"@context":"https:\/\/schema.org","@graph":[{"@type":"WebPage","@id":"https:\/\/www.ffbetania.net\/pt-br\/projeto-brasil\/","url":"https:\/\/www.ffbetania.net\/pt-br\/projeto-brasil\/","name":"Projeto Brasil - Fraternit\u00e0 Francescana di Betania","isPartOf":{"@id":"https:\/\/www.ffbetania.net\/pt-br\/#website"},"primaryImageOfPage":{"@id":"https:\/\/www.ffbetania.net\/pt-br\/projeto-brasil\/#primaryimage"},"image":{"@id":"https:\/\/www.ffbetania.net\/pt-br\/projeto-brasil\/#primaryimage"},"thumbnailUrl":"https:\/\/www.ffbetania.net\/wp-content\/uploads\/2025\/03\/visita-pres.Mattarella-FFB-Salvador_FFB2024-16.png","datePublished":"2021-12-14T09:13:25+00:00","dateModified":"2025-11-24T15:58:17+00:00","breadcrumb":{"@id":"https:\/\/www.ffbetania.net\/pt-br\/projeto-brasil\/#breadcrumb"},"inLanguage":"pt-BR","potentialAction":[{"@type":"ReadAction","target":["https:\/\/www.ffbetania.net\/pt-br\/projeto-brasil\/"]}]},{"@type":"ImageObject","inLanguage":"pt-BR","@id":"https:\/\/www.ffbetania.net\/pt-br\/projeto-brasil\/#primaryimage","url":"https:\/\/www.ffbetania.net\/wp-content\/uploads\/2025\/03\/visita-pres.Mattarella-FFB-Salvador_FFB2024-16.png","contentUrl":"https:\/\/www.ffbetania.net\/wp-content\/uploads\/2025\/03\/visita-pres.Mattarella-FFB-Salvador_FFB2024-16.png","width":1748,"height":1240},{"@type":"BreadcrumbList","@id":"https:\/\/www.ffbetania.net\/pt-br\/projeto-brasil\/#breadcrumb","itemListElement":[{"@type":"ListItem","position":1,"name":"Home","item":"https:\/\/www.ffbetania.net\/pt-br\/"},{"@type":"ListItem","position":2,"name":"Projeto Brasil"}]},{"@type":"WebSite","@id":"https:\/\/www.ffbetania.net\/pt-br\/#website","url":"https:\/\/www.ffbetania.net\/pt-br\/","name":"Fraternit\u00e0 Francescana di Betania","description":"La Fraternit\u00e0 Francescana di Betania \u00e8 lieta di rendervi partecipi di questa gioia","potentialAction":[{"@type":"SearchAction","target":{"@type":"EntryPoint","urlTemplate":"https:\/\/www.ffbetania.net\/pt-br\/?s={search_term_string}"},"query-input":{"@type":"PropertyValueSpecification","valueRequired":true,"valueName":"search_term_string"}}],"inLanguage":"pt-BR"}]}},"_links":{"self":[{"href":"https:\/\/www.ffbetania.net\/pt-br\/wp-json\/wp\/v2\/pages\/247403","targetHints":{"allow":["GET"]}}],"collection":[{"href":"https:\/\/www.ffbetania.net\/pt-br\/wp-json\/wp\/v2\/pages"}],"about":[{"href":"https:\/\/www.ffbetania.net\/pt-br\/wp-json\/wp\/v2\/types\/page"}],"author":[{"embeddable":true,"href":"https:\/\/www.ffbetania.net\/pt-br\/wp-json\/wp\/v2\/users\/4"}],"replies":[{"embeddable":true,"href":"https:\/\/www.ffbetania.net\/pt-br\/wp-json\/wp\/v2\/comments?post=247403"}],"version-history":[{"count":8,"href":"https:\/\/www.ffbetania.net\/pt-br\/wp-json\/wp\/v2\/pages\/247403\/revisions"}],"predecessor-version":[{"id":266323,"href":"https:\/\/www.ffbetania.net\/pt-br\/wp-json\/wp\/v2\/pages\/247403\/revisions\/266323"}],"wp:featuredmedia":[{"embeddable":true,"href":"https:\/\/www.ffbetania.net\/pt-br\/wp-json\/wp\/v2\/media\/260127"}],"wp:attachment":[{"href":"https:\/\/www.ffbetania.net\/pt-br\/wp-json\/wp\/v2\/media?parent=247403"}],"curies":[{"name":"wp","href":"https:\/\/api.w.org\/{rel}","templated":true}]}}