{"id":248171,"date":"2022-03-10T15:39:56","date_gmt":"2022-03-10T14:39:56","guid":{"rendered":"https:\/\/www.ffbetania.net\/fraternity-houses\/ffb-verona-italy\/"},"modified":"2023-03-31T12:43:58","modified_gmt":"2023-03-31T10:43:58","slug":"ffb-verona-italy","status":"publish","type":"page","link":"https:\/\/www.ffbetania.net\/en\/fraternity-houses\/ffb-verona-italy\/","title":{"rendered":"FFB Verona (Italy)"},"content":{"rendered":"<p>[et_pb_section fb_built=&#8221;1&#8243; disabled_on=&#8221;on|on|on&#8221; admin_label=&#8221;Intro&#8221; _builder_version=&#8221;4.16&#8243; disabled=&#8221;on&#8221; global_colors_info=&#8221;{}&#8221;][et_pb_row _builder_version=&#8221;4.16&#8243; _module_preset=&#8221;default&#8221; global_colors_info=&#8221;{}&#8221;][et_pb_column type=&#8221;4_4&#8243; _builder_version=&#8221;4.16&#8243; _module_preset=&#8221;default&#8221; global_colors_info=&#8221;{}&#8221;][et_pb_text _builder_version=&#8221;4.16&#8243; _module_preset=&#8221;default&#8221; text_orientation=&#8221;center&#8221; global_colors_info=&#8221;{}&#8221;]<\/p>\n<h2>Vestibulum ante ipsum primis<\/h2>\n<p>[\/et_pb_text][\/et_pb_column][\/et_pb_row][et_pb_row column_structure=&#8221;1_3,1_3,1_3&#8243; _builder_version=&#8221;4.16&#8243; _module_preset=&#8221;default&#8221; global_colors_info=&#8221;{}&#8221;][et_pb_column type=&#8221;1_3&#8243; _builder_version=&#8221;4.16&#8243; _module_preset=&#8221;default&#8221; global_colors_info=&#8221;{}&#8221;][et_pb_cta title=&#8221;Il tuo titolo va qui&#8221; button_text=&#8221;Click&#8221; _builder_version=&#8221;4.16&#8243; _module_preset=&#8221;9b784642-1e10-4282-9648-40feb51bdb70&#8243; global_colors_info=&#8221;{}&#8221;]<\/p>\n<p>Your content goes here. Edit or remove this text inline or in the module Content settings. <\/p>\n<p>[\/et_pb_cta][\/et_pb_column][et_pb_column type=&#8221;1_3&#8243; _builder_version=&#8221;4.16&#8243; _module_preset=&#8221;default&#8221; global_colors_info=&#8221;{}&#8221;][et_pb_cta title=&#8221;Il tuo titolo va qui&#8221; button_text=&#8221;Click&#8221; _builder_version=&#8221;4.16&#8243; _module_preset=&#8221;9b784642-1e10-4282-9648-40feb51bdb70&#8243; global_colors_info=&#8221;{}&#8221;]<\/p>\n<p>Your content goes here. Edit or remove this text inline or in the module Content settings. <\/p>\n<p>[\/et_pb_cta][\/et_pb_column][et_pb_column type=&#8221;1_3&#8243; _builder_version=&#8221;4.16&#8243; _module_preset=&#8221;default&#8221; global_colors_info=&#8221;{}&#8221;][et_pb_cta title=&#8221;Il tuo titolo va qui&#8221; button_text=&#8221;Click&#8221; _builder_version=&#8221;4.16&#8243; _module_preset=&#8221;9b784642-1e10-4282-9648-40feb51bdb70&#8243; global_colors_info=&#8221;{}&#8221;]<\/p>\n<p>Your content goes here. Edit or remove this text inline or in the module Content settings. <\/p>\n<p>[\/et_pb_cta][\/et_pb_column][\/et_pb_row][\/et_pb_section][et_pb_section fb_built=&#8221;1&#8243; admin_label=&#8221;La Fraternit\u00e0&#8221; _builder_version=&#8221;4.16&#8243; _module_preset=&#8221;default&#8221; global_colors_info=&#8221;{}&#8221;][et_pb_row column_structure=&#8221;1_3,1_3,1_3&#8243; make_equal=&#8221;on&#8221; _builder_version=&#8221;4.16&#8243; background_size=&#8221;initial&#8221; background_position=&#8221;top_left&#8221; background_repeat=&#8221;repeat&#8221; global_colors_info=&#8221;{}&#8221;][et_pb_column type=&#8221;1_3&#8243; _builder_version=&#8221;4.16&#8243; custom_padding=&#8221;|||&#8221; global_colors_info=&#8221;{}&#8221; custom_padding__hover=&#8221;|||&#8221;][et_pb_text _builder_version=&#8221;4.16&#8243; background_size=&#8221;initial&#8221; background_position=&#8221;top_left&#8221; background_repeat=&#8221;repeat&#8221; global_colors_info=&#8221;{}&#8221;]<\/p>\n<h3>The Fraternity<\/h3>\n<p>The Franciscan Fraternity of Bethany settled in Verona in September 2013, and our convent is also known in the city as the &#8216;Barana Convent&#8217;. Before our arrival for more than a century the custodians of the convent were the Capuchin Friars.<\/p>\n<p>The community is located in a strategic area of the city of Verona, a few kilometers from the historic center and close to the beautiful Valpantena.<\/p>\n<p>[\/et_pb_text][\/et_pb_column][et_pb_column type=&#8221;1_3&#8243; _builder_version=&#8221;4.16&#8243; custom_padding=&#8221;|||&#8221; global_colors_info=&#8221;{}&#8221; custom_padding__hover=&#8221;|||&#8221;][et_pb_image src=&#8221;https:\/\/www.ffbetania.net\/wp-content\/uploads\/2022\/03\/IMG-20220309-WA0020.jpg&#8221; title_text=&#8221;FFB Verona&#8221; _builder_version=&#8221;4.16&#8243; _module_preset=&#8221;0f34e574-d593-4c4a-848f-76eddc3d883a&#8221; global_colors_info=&#8221;{}&#8221;][\/et_pb_image][\/et_pb_column][et_pb_column type=&#8221;1_3&#8243; _builder_version=&#8221;4.16&#8243; custom_padding=&#8221;|||&#8221; global_colors_info=&#8221;{}&#8221; custom_padding__hover=&#8221;|||&#8221;][et_pb_text _builder_version=&#8221;4.16&#8243; _module_preset=&#8221;default&#8221; global_colors_info=&#8221;{}&#8221;]<\/p>\n<p>One of the special characteristics of the Fraternity of Verona is its important contribution to the needy. In fact, we have the joy of serving and running the most important Table of the Poor in the city, which is open every day of the year, with all the services attached to it (shower service, clothing distribution, distribution of parcels for poor families, second-hand market, etc).<br \/>All this thanks to the presence of the Franciscan Bethany Association, whose hundreds of volunteers give of their time 365 days a year for the love of God and neighbor.<\/p>\n<p>[\/et_pb_text][\/et_pb_column][\/et_pb_row][et_pb_row column_structure=&#8221;1_3,1_3,1_3&#8243; make_equal=&#8221;on&#8221; _builder_version=&#8221;4.16&#8243; _module_preset=&#8221;default&#8221; global_colors_info=&#8221;{}&#8221;][et_pb_column type=&#8221;1_3&#8243; _builder_version=&#8221;4.16&#8243; _module_preset=&#8221;default&#8221; global_colors_info=&#8221;{}&#8221;][et_pb_image src=&#8221;https:\/\/www.ffbetania.net\/wp-content\/uploads\/2022\/03\/Componenti-FFB-Verona-2.jpg&#8221; title_text=&#8221;Componenti FFB Verona&#8221; _builder_version=&#8221;4.16&#8243; _module_preset=&#8221;0f34e574-d593-4c4a-848f-76eddc3d883a&#8221; global_colors_info=&#8221;{}&#8221;][\/et_pb_image][\/et_pb_column][et_pb_column type=&#8221;1_3&#8243; _builder_version=&#8221;4.16&#8243; _module_preset=&#8221;default&#8221; global_colors_info=&#8221;{}&#8221;][et_pb_text _builder_version=&#8221;4.16&#8243; background_size=&#8221;initial&#8221; background_position=&#8221;top_left&#8221; background_repeat=&#8221;repeat&#8221; global_colors_info=&#8221;{}&#8221;]<\/p>\n<p>Another important contribution is the Sacrament of Reconciliation. Our Convent has always been called &#8216;the confessional of Verona&#8217;, and every day we have the joy of dispensing God&#8217;s Mercy to the many people who frequent us.<\/p>\n<p>The Fraternity offers the possibility of a spiritual journey with the presence of the Ancilla Domini Groups, the Oblates, the Youth of Bethany and the Nazareth Group.<\/p>\n<p>[\/et_pb_text][\/et_pb_column][et_pb_column type=&#8221;1_3&#8243; _builder_version=&#8221;4.16&#8243; _module_preset=&#8221;default&#8221; global_colors_info=&#8221;{}&#8221;][et_pb_image src=&#8221;https:\/\/www.ffbetania.net\/wp-content\/uploads\/2022\/03\/IMG-20220309-WA0001.jpg&#8221; title_text=&#8221;FFB Verona&#8221; _builder_version=&#8221;4.16&#8243; _module_preset=&#8221;0f34e574-d593-4c4a-848f-76eddc3d883a&#8221; global_colors_info=&#8221;{}&#8221;][\/et_pb_image][\/et_pb_column][\/et_pb_row][et_pb_row admin_label=&#8221;Hours of prayer and Holy Masses&#8221; _builder_version=&#8221;4.16&#8243; _module_preset=&#8221;default&#8221; global_colors_info=&#8221;{}&#8221;][et_pb_column type=&#8221;4_4&#8243; _builder_version=&#8221;4.16&#8243; _module_preset=&#8221;default&#8221; global_colors_info=&#8221;{}&#8221;][et_pb_text _builder_version=&#8221;4.17.4&#8243; _module_preset=&#8221;default&#8221; text_orientation=&#8221;center&#8221; global_colors_info=&#8221;{}&#8221;]<\/p>\n<h3>Hours of prayer and Holy Masses<\/h3>\n<p>[\/et_pb_text][dsm_card_carousel slider_effect=&#8221;coverflow&#8221; speed=&#8221;2000&#8243; autoplay_speed=&#8221;1500&#8243; space_between=&#8221;20&#8243; equal_height=&#8221;on&#8221; use_arrow_custom_position=&#8221;on&#8221; arrow_custom_position=&#8221;-50px&#8221; arrow_color=&#8221;#414A56&#8243; dots_active_color=&#8221;#223D56&#8243; dots_inactive_color=&#8221;#93B6D4&#8243; grab=&#8221;off&#8221; arrows_tablet=&#8221;&#8221; arrows_phone=&#8221;off&#8221; arrows_last_edited=&#8221;on|phone&#8221; arrow_custom_position_tablet=&#8221;&#8221; arrow_custom_position_phone=&#8221;15px&#8221; arrow_custom_position_last_edited=&#8221;on|phone&#8221; _builder_version=&#8221;4.17.4&#8243; header_font=&#8221;Montserrat|800|||||||&#8221; body_font=&#8221;Lato||||||||&#8221; text_orientation=&#8221;center&#8221; background_layout=&#8221;dark&#8221; custom_padding=&#8221;30px||30px||true|false&#8221; border_radii_card=&#8221;on|6px|6px|6px|6px&#8221; box_shadow_style_card=&#8221;preset2&#8243; locked=&#8221;off&#8221; global_colors_info=&#8221;{}&#8221;][dsm_card_carousel_child title=&#8221;Monday&#8221; image_as_background=&#8221;off&#8221; content_padding=&#8221;50px|40px|50px|40px|true|true&#8221; button_url_new_window=&#8221;1&#8243; _builder_version=&#8221;4.17.4&#8243; header_level=&#8221;h3&#8243; background_color=&#8221;#223D56&#8243; background_enable_color=&#8221;on&#8221; background_enable_image=&#8221;off&#8221; custom_button=&#8221;on&#8221; button_text_size=&#8221;14px&#8221; button_text_color=&#8221;#ffffff&#8221; button_bg_color=&#8221;#009eed&#8221; button_border_color=&#8221;#009eed&#8221; button_border_radius=&#8221;50px&#8221; button_font=&#8221;Montserrat|700|||||||&#8221; button_alignment=&#8221;center&#8221; button_custom_padding=&#8221;10px|30px|10px|30px|true|true&#8221; box_shadow_style_button=&#8221;preset2&#8243; box_shadow_spread_button=&#8221;-7px&#8221; box_shadow_color_button=&#8221;rgba(131,0,233,0.18)&#8221; global_colors_info=&#8221;{}&#8221; button_bg_color__hover_enabled=&#8221;off|hover&#8221; button_bg_color__hover=&#8221;#00ede1&#8243; button_bg_enable_color__hover=&#8221;on&#8221; button_border_color__hover_enabled=&#8221;off|hover&#8221; button_border_color__hover=&#8221;#00ede1&#8243;]<\/p>\n<p><span class=\"fontstyle0\"><strong>7.30 am<\/strong> morning praise<br \/><strong>8.00 am<\/strong> Holy Mass<br \/><strong>8.35 am<\/strong> Holy Rosary<br \/><strong>6.20 pm<\/strong> Vespers<br \/><strong>6.45<\/strong> pm Holy Mass<\/span><\/p>\n<p>[\/dsm_card_carousel_child][dsm_card_carousel_child title=&#8221;Tuesday&#8221; image_as_background=&#8221;off&#8221; content_padding=&#8221;50px|40px|50px|40px|true|true&#8221; button_url_new_window=&#8221;1&#8243; _builder_version=&#8221;4.17.4&#8243; header_level=&#8221;h3&#8243; background_color=&#8221;#223D56&#8243; background_enable_color=&#8221;on&#8221; background_enable_image=&#8221;off&#8221; custom_button=&#8221;on&#8221; button_text_size=&#8221;14px&#8221; button_text_color=&#8221;#ffffff&#8221; button_bg_color=&#8221;#009eed&#8221; button_border_color=&#8221;#009eed&#8221; button_border_radius=&#8221;50px&#8221; button_font=&#8221;Montserrat|700|||||||&#8221; button_alignment=&#8221;center&#8221; button_custom_padding=&#8221;10px|30px|10px|30px|true|true&#8221; box_shadow_style_button=&#8221;preset2&#8243; box_shadow_spread_button=&#8221;-7px&#8221; box_shadow_color_button=&#8221;rgba(131,0,233,0.18)&#8221; global_colors_info=&#8221;{}&#8221; button_bg_color__hover_enabled=&#8221;off|hover&#8221; button_bg_color__hover=&#8221;#00ede1&#8243; button_bg_enable_color__hover=&#8221;on&#8221; button_border_color__hover_enabled=&#8221;off|hover&#8221; button_border_color__hover=&#8221;#00ede1&#8243;]<\/p>\n<p><span class=\"fontstyle0\"><strong>7.30 am<\/strong> morning praise<br \/><strong>8.00 am<\/strong> Holy Mass<br \/><strong>8.35 am<\/strong> Holy Rosary<br \/><strong>6.20 pm<\/strong> Vespers<br \/><strong>6.45<\/strong> pm Holy Mass<\/span> <\/p>\n<p>[\/dsm_card_carousel_child][dsm_card_carousel_child title=&#8221;Wednesday&#8221; image_as_background=&#8221;off&#8221; content_padding=&#8221;50px|40px|50px|40px|true|true&#8221; button_url_new_window=&#8221;1&#8243; _builder_version=&#8221;4.17.4&#8243; header_level=&#8221;h3&#8243; background_color=&#8221;#223D56&#8243; background_enable_color=&#8221;on&#8221; background_enable_image=&#8221;off&#8221; custom_button=&#8221;on&#8221; button_text_size=&#8221;14px&#8221; button_text_color=&#8221;#ffffff&#8221; button_bg_color=&#8221;#009eed&#8221; button_border_color=&#8221;#009eed&#8221; button_border_radius=&#8221;50px&#8221; button_font=&#8221;Montserrat|700|||||||&#8221; button_alignment=&#8221;center&#8221; button_custom_padding=&#8221;10px|30px|10px|30px|true|true&#8221; box_shadow_style_button=&#8221;preset2&#8243; box_shadow_spread_button=&#8221;-7px&#8221; box_shadow_color_button=&#8221;rgba(131,0,233,0.18)&#8221; global_colors_info=&#8221;{}&#8221; button_bg_color__hover_enabled=&#8221;off|hover&#8221; button_bg_color__hover=&#8221;#00ede1&#8243; button_bg_enable_color__hover=&#8221;on&#8221; button_border_color__hover_enabled=&#8221;off|hover&#8221; button_border_color__hover=&#8221;#00ede1&#8243;]<\/p>\n<p><span class=\"fontstyle0\"><strong>7.30 am<\/strong> morning praise<br \/><strong>8.00 am<\/strong> Holy Mass<br \/><strong>8.35 am<\/strong> Holy Rosary<br \/><strong>6.20 pm<\/strong> Vespers<br \/><strong>6.45<\/strong> pm Holy Mass<\/span> <\/p>\n<p>[\/dsm_card_carousel_child][dsm_card_carousel_child title=&#8221;Thursday&#8221; image_as_background=&#8221;off&#8221; content_padding=&#8221;50px|40px|50px|40px|true|true&#8221; button_url_new_window=&#8221;1&#8243; _builder_version=&#8221;4.17.4&#8243; header_level=&#8221;h3&#8243; background_color=&#8221;#223D56&#8243; background_enable_color=&#8221;on&#8221; background_enable_image=&#8221;off&#8221; custom_button=&#8221;on&#8221; button_text_size=&#8221;14px&#8221; button_text_color=&#8221;#ffffff&#8221; button_bg_color=&#8221;#009eed&#8221; button_border_color=&#8221;#009eed&#8221; button_border_radius=&#8221;50px&#8221; button_font=&#8221;Montserrat|700|||||||&#8221; button_alignment=&#8221;center&#8221; button_custom_padding=&#8221;10px|30px|10px|30px|true|true&#8221; box_shadow_style_button=&#8221;preset2&#8243; box_shadow_spread_button=&#8221;-7px&#8221; box_shadow_color_button=&#8221;rgba(131,0,233,0.18)&#8221; global_colors_info=&#8221;{}&#8221; button_bg_color__hover_enabled=&#8221;off|hover&#8221; button_bg_color__hover=&#8221;#00ede1&#8243; button_bg_enable_color__hover=&#8221;on&#8221; button_border_color__hover_enabled=&#8221;off|hover&#8221; button_border_color__hover=&#8221;#00ede1&#8243;]<\/p>\n<p><span class=\"fontstyle0\"><strong>7.30 am<\/strong> morning praise<br \/><strong>8.00 am<\/strong> Holy Mass<br \/><strong>8.35 am<\/strong> Holy Rosary<br \/><strong>5.30 pm<\/strong> Eucharistic Adoration and Vespers<br \/><strong>6.45<\/strong> pm Holy Mass<\/span> <\/p>\n<p>[\/dsm_card_carousel_child][dsm_card_carousel_child title=&#8221;Friday&#8221; image_as_background=&#8221;off&#8221; content_padding=&#8221;50px|40px|50px|40px|true|true&#8221; button_url_new_window=&#8221;1&#8243; _builder_version=&#8221;4.17.4&#8243; header_level=&#8221;h3&#8243; background_color=&#8221;#223D56&#8243; background_enable_color=&#8221;on&#8221; background_enable_image=&#8221;off&#8221; custom_button=&#8221;on&#8221; button_text_size=&#8221;14px&#8221; button_text_color=&#8221;#ffffff&#8221; button_bg_color=&#8221;#009eed&#8221; button_border_color=&#8221;#009eed&#8221; button_border_radius=&#8221;50px&#8221; button_font=&#8221;Montserrat|700|||||||&#8221; button_alignment=&#8221;center&#8221; button_custom_padding=&#8221;10px|30px|10px|30px|true|true&#8221; box_shadow_style_button=&#8221;preset2&#8243; box_shadow_spread_button=&#8221;-7px&#8221; box_shadow_color_button=&#8221;rgba(131,0,233,0.18)&#8221; global_colors_info=&#8221;{}&#8221; button_bg_color__hover_enabled=&#8221;off|hover&#8221; button_bg_color__hover=&#8221;#00ede1&#8243; button_bg_enable_color__hover=&#8221;on&#8221; button_border_color__hover_enabled=&#8221;off|hover&#8221; button_border_color__hover=&#8221;#00ede1&#8243;]<\/p>\n<p><span class=\"fontstyle0\"><strong>7.30 am<\/strong> morning praise<br \/><strong>8.00 am<\/strong> Holy Mass<br \/><strong>8.35 am<\/strong> Holy Rosary<br \/><strong>6.20 pm<\/strong> Vespers<br \/><strong>6.45<\/strong> pm Holy Mass<\/span> <\/p>\n<p>[\/dsm_card_carousel_child][dsm_card_carousel_child title=&#8221;Saturday&#8221; image_as_background=&#8221;off&#8221; content_padding=&#8221;50px|40px|50px|40px|true|true&#8221; button_url_new_window=&#8221;1&#8243; _builder_version=&#8221;4.17.4&#8243; header_level=&#8221;h3&#8243; background_color=&#8221;#223D56&#8243; background_enable_color=&#8221;on&#8221; background_enable_image=&#8221;off&#8221; custom_button=&#8221;on&#8221; button_text_size=&#8221;14px&#8221; button_text_color=&#8221;#ffffff&#8221; button_bg_color=&#8221;#009eed&#8221; button_border_color=&#8221;#009eed&#8221; button_border_radius=&#8221;50px&#8221; button_font=&#8221;Montserrat|700|||||||&#8221; button_alignment=&#8221;center&#8221; button_custom_padding=&#8221;10px|30px|10px|30px|true|true&#8221; box_shadow_style_button=&#8221;preset2&#8243; box_shadow_spread_button=&#8221;-7px&#8221; box_shadow_color_button=&#8221;rgba(131,0,233,0.18)&#8221; global_colors_info=&#8221;{}&#8221; button_bg_color__hover_enabled=&#8221;off|hover&#8221; button_bg_color__hover=&#8221;#00ede1&#8243; button_bg_enable_color__hover=&#8221;on&#8221; button_border_color__hover_enabled=&#8221;off|hover&#8221; button_border_color__hover=&#8221;#00ede1&#8243;]<\/p>\n<p><span class=\"fontstyle0\"><strong>7.30 am<\/strong> morning praise<br \/><strong>8.00 am<\/strong> Holy Mass<br \/><strong>8.35 am<\/strong> Holy Rosary<br \/><strong>6.10 pm<\/strong> Vespers<br \/><strong>6.30 pm<\/strong> Pre-festive Holy Mass<\/span> <\/p>\n<p>[\/dsm_card_carousel_child][dsm_card_carousel_child title=&#8221;Sunday&#8221; image_as_background=&#8221;off&#8221; content_padding=&#8221;50px|40px|50px|40px|true|true&#8221; button_url_new_window=&#8221;1&#8243; _builder_version=&#8221;4.17.4&#8243; header_level=&#8221;h3&#8243; background_color=&#8221;#223D56&#8243; background_enable_color=&#8221;on&#8221; background_enable_image=&#8221;off&#8221; custom_button=&#8221;on&#8221; button_text_size=&#8221;14px&#8221; button_text_color=&#8221;#ffffff&#8221; button_bg_color=&#8221;#009eed&#8221; button_border_color=&#8221;#009eed&#8221; button_border_radius=&#8221;50px&#8221; button_font=&#8221;Montserrat|700|||||||&#8221; button_alignment=&#8221;center&#8221; button_custom_padding=&#8221;10px|30px|10px|30px|true|true&#8221; box_shadow_style_button=&#8221;preset2&#8243; box_shadow_spread_button=&#8221;-7px&#8221; box_shadow_color_button=&#8221;rgba(131,0,233,0.18)&#8221; global_colors_info=&#8221;{}&#8221; button_bg_color__hover_enabled=&#8221;off|hover&#8221; button_bg_color__hover=&#8221;#00ede1&#8243; button_bg_enable_color__hover=&#8221;on&#8221; button_border_color__hover_enabled=&#8221;off|hover&#8221; button_border_color__hover=&#8221;#00ede1&#8243;]<\/p>\n<p> <span class=\"fontstyle0\"><strong>9.00 am<\/strong> Holy Mass<br \/><strong>11.00 am<\/strong> Holy Mass<br \/><strong>6.00 pm<\/strong> Holy Rosary, Vespers and Deepening<\/span> <\/p>\n<p>&nbsp;<\/p>\n<p>[\/dsm_card_carousel_child][\/dsm_card_carousel][et_pb_text _builder_version=&#8221;4.17.4&#8243; _module_preset=&#8221;default&#8221; global_colors_info=&#8221;{}&#8221;]<\/p>\n<p style=\"text-align: center;\"><strong><span class=\"fontstyle0\">P.S.: <em> From 18 July to 4 September the 8 am Mass is discontinued<\/em><\/span><\/strong><\/p>\n<p>[\/et_pb_text][\/et_pb_column][\/et_pb_row][et_pb_row admin_label=&#8221;Confessions&#8221; _builder_version=&#8221;4.16&#8243; _module_preset=&#8221;default&#8221; global_colors_info=&#8221;{}&#8221;][et_pb_column type=&#8221;4_4&#8243; _builder_version=&#8221;4.16&#8243; _module_preset=&#8221;default&#8221; global_colors_info=&#8221;{}&#8221;][et_pb_cta title=&#8221;Confessions&#8221; _builder_version=&#8221;4.17.4&#8243; _module_preset=&#8221;default&#8221; global_colors_info=&#8221;{}&#8221;]<\/p>\n<p><span class=\"fontstyle0\">\u2022 <\/span><span class=\"fontstyle2\"><strong> From Tuesday to Saturday:<\/strong> <br \/><\/span><span class=\"fontstyle3\">Morning 9.30 am &#8211; 11.30 am<br \/>Afternoons 4.00 pm &#8211; 6.00 pm <br \/><\/span><span class=\"fontstyle0\">\u2022 <\/span><strong><span class=\"fontstyle2\">Sunday 10.15 am &#8211; 11.30 am<\/span><\/strong><\/p>\n<p><em>IMPORTANT: <span class=\"fontstyle0\">From 18 July to 4 September only confession on Tuesdays, Thursdays and Saturdays (mornings 9.30 am &#8211; 11.30 am andspan,<br \/>afternoons 4.00 pm &#8211; 6.00 pm); Sunday from 10.15 to 11.30<\/span> <br \/><\/em><\/p>\n<p>[\/et_pb_cta][\/et_pb_column][\/et_pb_row][\/et_pb_section][et_pb_section fb_built=&#8221;1&#8243; admin_label=&#8221;Vangelo del giorno in pillole&#8221; _builder_version=&#8221;4.16&#8243; _module_preset=&#8221;default&#8221; global_colors_info=&#8221;{}&#8221;][et_pb_row column_structure=&#8221;1_3,1_3,1_3&#8243; _builder_version=&#8221;4.16&#8243; _module_preset=&#8221;default&#8221; global_colors_info=&#8221;{}&#8221;][et_pb_column type=&#8221;1_3&#8243; _builder_version=&#8221;4.16&#8243; _module_preset=&#8221;default&#8221; global_colors_info=&#8221;{}&#8221;][\/et_pb_column][et_pb_column type=&#8221;1_3&#8243; _builder_version=&#8221;4.16&#8243; _module_preset=&#8221;default&#8221; global_colors_info=&#8221;{}&#8221;][et_pb_image src=&#8221;https:\/\/www.ffbetania.net\/wp-content\/uploads\/2023\/02\/cover-articolo-sito-2023.png&#8221; title_text=&#8221;_cover articolo sito 2023&#8243; _builder_version=&#8221;4.19.5&#8243; _module_preset=&#8221;default&#8221; global_colors_info=&#8221;{}&#8221;][\/et_pb_image][et_pb_cta title=&#8221;Gospel of the day&#8221; button_url=&#8221;https:\/\/www.youtube.com\/@FFBVERONA\/videos?view=0&amp;sort=dd&amp;shelf_id=0&#8243; button_text=&#8221;Pray with us&#8221; _builder_version=&#8221;4.19.5&#8243; _module_preset=&#8221;default&#8221; global_colors_info=&#8221;{}&#8221;]<\/p>\n<p>listening in Bethany (in Italian)<\/p>\n<p>[\/et_pb_cta][\/et_pb_column][et_pb_column type=&#8221;1_3&#8243; _builder_version=&#8221;4.16&#8243; _module_preset=&#8221;default&#8221; global_colors_info=&#8221;{}&#8221;][\/et_pb_column][\/et_pb_row][\/et_pb_section][et_pb_section fb_built=&#8221;1&#8243; admin_label=&#8221;Articoli&#8221; _builder_version=&#8221;4.16&#8243; _module_preset=&#8221;default&#8221; custom_padding=&#8221;28px|||||&#8221; global_colors_info=&#8221;{}&#8221;][et_pb_row _builder_version=&#8221;4.16&#8243; _module_preset=&#8221;default&#8221; custom_padding=&#8221;|3%||3%|false|true&#8221; global_colors_info=&#8221;{}&#8221;][et_pb_column type=&#8221;4_4&#8243; _builder_version=&#8221;4.16&#8243; _module_preset=&#8221;default&#8221; global_colors_info=&#8221;{}&#8221;][et_pb_text admin_label=&#8221;Testo&#8221; _builder_version=&#8221;4.16&#8243; _module_preset=&#8221;default&#8221; text_orientation=&#8221;center&#8221; global_colors_info=&#8221;{}&#8221;]<\/p>\n<h3>Tales from home<\/h3>\n<p>[\/et_pb_text][dsm_blog_carousel include_categories=&#8221;33&#8243; columns=&#8221;4&#8243; loop=&#8221;off&#8221; navi_size=&#8221;40&#8243; columns_tablet=&#8221;2&#8243; columns_phone=&#8221;1&#8243; columns_last_edited=&#8221;on|tablet&#8221; _builder_version=&#8221;4.16&#8243; _module_preset=&#8221;ea2db9a1-9adb-4505-81f7-2012fb93f0f9&#8243; global_colors_info=&#8221;{}&#8221;][\/dsm_blog_carousel][\/et_pb_column][\/et_pb_row][\/et_pb_section][et_pb_section fb_built=&#8221;1&#8243; admin_label=&#8221;mappa&#8221; _builder_version=&#8221;4.16&#8243; _module_preset=&#8221;default&#8221; global_colors_info=&#8221;{}&#8221;][et_pb_row column_structure=&#8221;1_3,1_3,1_3&#8243; _builder_version=&#8221;4.16&#8243; _module_preset=&#8221;default&#8221; global_colors_info=&#8221;{}&#8221;][et_pb_column type=&#8221;1_3&#8243; _builder_version=&#8221;4.16&#8243; _module_preset=&#8221;default&#8221; global_colors_info=&#8221;{}&#8221;][et_pb_cta title=&#8221;Follow our YouTube channel&#8221; button_url=&#8221;https:\/\/www.youtube.com\/channel\/UCk0xObXIQ8N25xRov7qLCDw\/featured&#8221; url_new_window=&#8221;on&#8221; button_text=&#8221;Discover immediately!&#8221; _builder_version=&#8221;4.16&#8243; _module_preset=&#8221;default&#8221; header_level=&#8221;h4&#8243; global_colors_info=&#8221;{}&#8221;][\/et_pb_cta][\/et_pb_column][et_pb_column type=&#8221;1_3&#8243; _builder_version=&#8221;4.16&#8243; _module_preset=&#8221;default&#8221; global_colors_info=&#8221;{}&#8221;][et_pb_text admin_label=&#8221;Testo&#8221; _builder_version=&#8221;4.19.5&#8243; _module_preset=&#8221;default&#8221; custom_margin=&#8221;||||false|false&#8221; hover_enabled=&#8221;0&#8243; global_colors_info=&#8221;{}&#8221; sticky_enabled=&#8221;0&#8243;]<\/p>\n<h3>Where we are:<\/h3>\n<p>Via Col. Giovanni Fincato, 35\/B<br \/>37131 Verona &#8211; Italy<br \/>Tel. 045 52 53 74<br \/>e-mail: <a href=\"mailto:verona@ffbetania.net\">verona@ffbetania.net<\/a><\/p>\n<p>[\/et_pb_text][\/et_pb_column][et_pb_column type=&#8221;1_3&#8243; _builder_version=&#8221;4.16&#8243; _module_preset=&#8221;default&#8221; global_colors_info=&#8221;{}&#8221;][et_pb_text admin_label=&#8221;mappa&#8221; _builder_version=&#8221;4.16&#8243; _module_preset=&#8221;default&#8221; height=&#8221;200px&#8221; custom_margin=&#8221;||-9px|||&#8221; global_colors_info=&#8221;{}&#8221;]<\/p>\n\t\t<div id=\"maps-marker-pro-9668fb89\" class=\"maps-marker-pro\" style=\"width: 100%;\">\r\n\t\t\t<div id=\"mmp-map-wrap-9668fb89\" class=\"mmp-map-wrap\">\r\n\t\t\t\t\t\t\t\t<div id=\"mmp-map-9668fb89\" class=\"mmp-map\" style=\"height: 600px;\"><\/div>\r\n\t\t\t\t\t\t\t<\/div>\r\n\t\t\t\t\t<\/div>\r\n\t\t\n<p>[\/et_pb_text][\/et_pb_column][\/et_pb_row][\/et_pb_section][et_pb_section fb_built=&#8221;1&#8243; admin_label=&#8221;Condividi con i tuoi cari&#8221; _builder_version=&#8221;4.16&#8243; _module_preset=&#8221;default&#8221; custom_padding=&#8221;10px||10px||true|false&#8221; global_colors_info=&#8221;{}&#8221;][et_pb_row _builder_version=&#8221;4.16&#8243; _module_preset=&#8221;default&#8221; global_colors_info=&#8221;{}&#8221;][et_pb_column type=&#8221;4_4&#8243; _builder_version=&#8221;4.16&#8243; _module_preset=&#8221;default&#8221; global_colors_info=&#8221;{}&#8221;][et_pb_text _builder_version=&#8221;4.16&#8243; _module_preset=&#8221;default&#8221; text_orientation=&#8221;center&#8221; custom_margin=&#8221;||17px|||&#8221; global_colors_info=&#8221;{}&#8221;]<\/p>\n<h3>Share with your loved ones<\/h3>\n<p>[\/et_pb_text][et_pb_sidebar area=&#8221;et_pb_widget_area_1&#8243; _builder_version=&#8221;4.16&#8243; _module_preset=&#8221;default&#8221; text_orientation=&#8221;center&#8221; global_colors_info=&#8221;{}&#8221;][\/et_pb_sidebar][\/et_pb_column][\/et_pb_row][\/et_pb_section]<\/p>\n","protected":false},"excerpt":{"rendered":"<p>Vestibulum ante ipsum primisYour content goes here. Edit or remove this text inline or in the module Content settings. Your content goes here. Edit or remove this text inline or in the module Content settings. Your content goes here. Edit or remove this text inline or in the module Content settings. The Fraternity The Franciscan [&hellip;]<\/p>\n","protected":false},"author":1,"featured_media":244304,"parent":247321,"menu_order":0,"comment_status":"closed","ping_status":"closed","template":"","meta":{"_et_pb_use_builder":"on","_et_pb_old_content":"","_et_gb_content_width":"","footnotes":""},"class_list":["post-248171","page","type-page","status-publish","has-post-thumbnail","hentry"],"yoast_head":"<!-- This site is optimized with the Yoast SEO plugin v27.5 - https:\/\/yoast.com\/product\/yoast-seo-wordpress\/ -->\n<title>FFB Verona (Italy) - Fraternit\u00e0 Francescana di Betania<\/title>\n<meta name=\"robots\" content=\"index, follow, max-snippet:-1, max-image-preview:large, max-video-preview:-1\" \/>\n<link rel=\"canonical\" href=\"https:\/\/www.ffbetania.net\/en\/fraternity-houses\/ffb-verona-italy\/\" \/>\n<meta property=\"og:locale\" content=\"en_US\" \/>\n<meta property=\"og:type\" content=\"article\" \/>\n<meta property=\"og:title\" content=\"FFB Verona (Italy) - Fraternit\u00e0 Francescana di Betania\" \/>\n<meta property=\"og:description\" content=\"Vestibulum ante ipsum primisYour content goes here. Edit or remove this text inline or in the module Content settings. Your content goes here. Edit or remove this text inline or in the module Content settings. Your content goes here. Edit or remove this text inline or in the module Content settings. The Fraternity The Franciscan [&hellip;]\" \/>\n<meta property=\"og:url\" content=\"https:\/\/www.ffbetania.net\/en\/fraternity-houses\/ffb-verona-italy\/\" \/>\n<meta property=\"og:site_name\" content=\"Fraternit\u00e0 Francescana di Betania\" \/>\n<meta property=\"article:modified_time\" content=\"2023-03-31T10:43:58+00:00\" \/>\n<meta property=\"og:image\" content=\"https:\/\/www.ffbetania.net\/wp-content\/uploads\/2022\/03\/IMG-20220309-WA0015.jpg\" \/>\n\t<meta property=\"og:image:width\" content=\"2000\" \/>\n\t<meta property=\"og:image:height\" content=\"1500\" \/>\n\t<meta property=\"og:image:type\" content=\"image\/jpeg\" \/>\n<meta name=\"twitter:card\" content=\"summary_large_image\" \/>\n<meta name=\"twitter:label1\" content=\"Est. reading time\" \/>\n\t<meta name=\"twitter:data1\" content=\"13 minutes\" \/>\n<script type=\"application\/ld+json\" class=\"yoast-schema-graph\">{\"@context\":\"https:\\\/\\\/schema.org\",\"@graph\":[{\"@type\":\"WebPage\",\"@id\":\"https:\\\/\\\/www.ffbetania.net\\\/en\\\/fraternity-houses\\\/ffb-verona-italy\\\/\",\"url\":\"https:\\\/\\\/www.ffbetania.net\\\/en\\\/fraternity-houses\\\/ffb-verona-italy\\\/\",\"name\":\"FFB Verona (Italy) - Fraternit\u00e0 Francescana di Betania\",\"isPartOf\":{\"@id\":\"https:\\\/\\\/www.ffbetania.net\\\/en\\\/#website\"},\"primaryImageOfPage\":{\"@id\":\"https:\\\/\\\/www.ffbetania.net\\\/en\\\/fraternity-houses\\\/ffb-verona-italy\\\/#primaryimage\"},\"image\":{\"@id\":\"https:\\\/\\\/www.ffbetania.net\\\/en\\\/fraternity-houses\\\/ffb-verona-italy\\\/#primaryimage\"},\"thumbnailUrl\":\"https:\\\/\\\/www.ffbetania.net\\\/wp-content\\\/uploads\\\/2022\\\/03\\\/IMG-20220309-WA0015.jpg\",\"datePublished\":\"2022-03-10T14:39:56+00:00\",\"dateModified\":\"2023-03-31T10:43:58+00:00\",\"breadcrumb\":{\"@id\":\"https:\\\/\\\/www.ffbetania.net\\\/en\\\/fraternity-houses\\\/ffb-verona-italy\\\/#breadcrumb\"},\"inLanguage\":\"en-US\",\"potentialAction\":[{\"@type\":\"ReadAction\",\"target\":[\"https:\\\/\\\/www.ffbetania.net\\\/en\\\/fraternity-houses\\\/ffb-verona-italy\\\/\"]}]},{\"@type\":\"ImageObject\",\"inLanguage\":\"en-US\",\"@id\":\"https:\\\/\\\/www.ffbetania.net\\\/en\\\/fraternity-houses\\\/ffb-verona-italy\\\/#primaryimage\",\"url\":\"https:\\\/\\\/www.ffbetania.net\\\/wp-content\\\/uploads\\\/2022\\\/03\\\/IMG-20220309-WA0015.jpg\",\"contentUrl\":\"https:\\\/\\\/www.ffbetania.net\\\/wp-content\\\/uploads\\\/2022\\\/03\\\/IMG-20220309-WA0015.jpg\",\"width\":2000,\"height\":1500},{\"@type\":\"BreadcrumbList\",\"@id\":\"https:\\\/\\\/www.ffbetania.net\\\/en\\\/fraternity-houses\\\/ffb-verona-italy\\\/#breadcrumb\",\"itemListElement\":[{\"@type\":\"ListItem\",\"position\":1,\"name\":\"Home\",\"item\":\"https:\\\/\\\/www.ffbetania.net\\\/en\\\/\"},{\"@type\":\"ListItem\",\"position\":2,\"name\":\"Fraternity houses\",\"item\":\"https:\\\/\\\/www.ffbetania.net\\\/en\\\/fraternity-houses\\\/\"},{\"@type\":\"ListItem\",\"position\":3,\"name\":\"FFB Verona (Italy)\"}]},{\"@type\":\"WebSite\",\"@id\":\"https:\\\/\\\/www.ffbetania.net\\\/en\\\/#website\",\"url\":\"https:\\\/\\\/www.ffbetania.net\\\/en\\\/\",\"name\":\"Fraternit\u00e0 Francescana di Betania\",\"description\":\"La Fraternit\u00e0 Francescana di Betania \u00e8 lieta di rendervi partecipi di questa gioia\",\"potentialAction\":[{\"@type\":\"SearchAction\",\"target\":{\"@type\":\"EntryPoint\",\"urlTemplate\":\"https:\\\/\\\/www.ffbetania.net\\\/en\\\/?s={search_term_string}\"},\"query-input\":{\"@type\":\"PropertyValueSpecification\",\"valueRequired\":true,\"valueName\":\"search_term_string\"}}],\"inLanguage\":\"en-US\"}]}<\/script>\n<!-- \/ Yoast SEO plugin. -->","yoast_head_json":{"title":"FFB Verona (Italy) - Fraternit\u00e0 Francescana di Betania","robots":{"index":"index","follow":"follow","max-snippet":"max-snippet:-1","max-image-preview":"max-image-preview:large","max-video-preview":"max-video-preview:-1"},"canonical":"https:\/\/www.ffbetania.net\/en\/fraternity-houses\/ffb-verona-italy\/","og_locale":"en_US","og_type":"article","og_title":"FFB Verona (Italy) - Fraternit\u00e0 Francescana di Betania","og_description":"Vestibulum ante ipsum primisYour content goes here. Edit or remove this text inline or in the module Content settings. Your content goes here. Edit or remove this text inline or in the module Content settings. Your content goes here. Edit or remove this text inline or in the module Content settings. The Fraternity The Franciscan [&hellip;]","og_url":"https:\/\/www.ffbetania.net\/en\/fraternity-houses\/ffb-verona-italy\/","og_site_name":"Fraternit\u00e0 Francescana di Betania","article_modified_time":"2023-03-31T10:43:58+00:00","og_image":[{"width":2000,"height":1500,"url":"https:\/\/www.ffbetania.net\/wp-content\/uploads\/2022\/03\/IMG-20220309-WA0015.jpg","type":"image\/jpeg"}],"twitter_card":"summary_large_image","twitter_misc":{"Est. reading time":"13 minutes"},"schema":{"@context":"https:\/\/schema.org","@graph":[{"@type":"WebPage","@id":"https:\/\/www.ffbetania.net\/en\/fraternity-houses\/ffb-verona-italy\/","url":"https:\/\/www.ffbetania.net\/en\/fraternity-houses\/ffb-verona-italy\/","name":"FFB Verona (Italy) - Fraternit\u00e0 Francescana di Betania","isPartOf":{"@id":"https:\/\/www.ffbetania.net\/en\/#website"},"primaryImageOfPage":{"@id":"https:\/\/www.ffbetania.net\/en\/fraternity-houses\/ffb-verona-italy\/#primaryimage"},"image":{"@id":"https:\/\/www.ffbetania.net\/en\/fraternity-houses\/ffb-verona-italy\/#primaryimage"},"thumbnailUrl":"https:\/\/www.ffbetania.net\/wp-content\/uploads\/2022\/03\/IMG-20220309-WA0015.jpg","datePublished":"2022-03-10T14:39:56+00:00","dateModified":"2023-03-31T10:43:58+00:00","breadcrumb":{"@id":"https:\/\/www.ffbetania.net\/en\/fraternity-houses\/ffb-verona-italy\/#breadcrumb"},"inLanguage":"en-US","potentialAction":[{"@type":"ReadAction","target":["https:\/\/www.ffbetania.net\/en\/fraternity-houses\/ffb-verona-italy\/"]}]},{"@type":"ImageObject","inLanguage":"en-US","@id":"https:\/\/www.ffbetania.net\/en\/fraternity-houses\/ffb-verona-italy\/#primaryimage","url":"https:\/\/www.ffbetania.net\/wp-content\/uploads\/2022\/03\/IMG-20220309-WA0015.jpg","contentUrl":"https:\/\/www.ffbetania.net\/wp-content\/uploads\/2022\/03\/IMG-20220309-WA0015.jpg","width":2000,"height":1500},{"@type":"BreadcrumbList","@id":"https:\/\/www.ffbetania.net\/en\/fraternity-houses\/ffb-verona-italy\/#breadcrumb","itemListElement":[{"@type":"ListItem","position":1,"name":"Home","item":"https:\/\/www.ffbetania.net\/en\/"},{"@type":"ListItem","position":2,"name":"Fraternity houses","item":"https:\/\/www.ffbetania.net\/en\/fraternity-houses\/"},{"@type":"ListItem","position":3,"name":"FFB Verona (Italy)"}]},{"@type":"WebSite","@id":"https:\/\/www.ffbetania.net\/en\/#website","url":"https:\/\/www.ffbetania.net\/en\/","name":"Fraternit\u00e0 Francescana di Betania","description":"La Fraternit\u00e0 Francescana di Betania \u00e8 lieta di rendervi partecipi di questa gioia","potentialAction":[{"@type":"SearchAction","target":{"@type":"EntryPoint","urlTemplate":"https:\/\/www.ffbetania.net\/en\/?s={search_term_string}"},"query-input":{"@type":"PropertyValueSpecification","valueRequired":true,"valueName":"search_term_string"}}],"inLanguage":"en-US"}]}},"_links":{"self":[{"href":"https:\/\/www.ffbetania.net\/en\/wp-json\/wp\/v2\/pages\/248171","targetHints":{"allow":["GET"]}}],"collection":[{"href":"https:\/\/www.ffbetania.net\/en\/wp-json\/wp\/v2\/pages"}],"about":[{"href":"https:\/\/www.ffbetania.net\/en\/wp-json\/wp\/v2\/types\/page"}],"author":[{"embeddable":true,"href":"https:\/\/www.ffbetania.net\/en\/wp-json\/wp\/v2\/users\/1"}],"replies":[{"embeddable":true,"href":"https:\/\/www.ffbetania.net\/en\/wp-json\/wp\/v2\/comments?post=248171"}],"version-history":[{"count":2,"href":"https:\/\/www.ffbetania.net\/en\/wp-json\/wp\/v2\/pages\/248171\/revisions"}],"predecessor-version":[{"id":248173,"href":"https:\/\/www.ffbetania.net\/en\/wp-json\/wp\/v2\/pages\/248171\/revisions\/248173"}],"up":[{"embeddable":true,"href":"https:\/\/www.ffbetania.net\/en\/wp-json\/wp\/v2\/pages\/247321"}],"wp:featuredmedia":[{"embeddable":true,"href":"https:\/\/www.ffbetania.net\/en\/wp-json\/wp\/v2\/media\/244304"}],"wp:attachment":[{"href":"https:\/\/www.ffbetania.net\/en\/wp-json\/wp\/v2\/media?parent=248171"}],"curies":[{"name":"wp","href":"https:\/\/api.w.org\/{rel}","templated":true}]}}