{"id":248174,"date":"2022-03-10T15:39:56","date_gmt":"2022-03-10T14:39:56","guid":{"rendered":"https:\/\/www.ffbetania.net\/unsere-gemeinschaft-weltweit\/fgb-verona-italien\/"},"modified":"2023-03-31T13:06:50","modified_gmt":"2023-03-31T11:06:50","slug":"fgb-verona-italien","status":"publish","type":"page","link":"https:\/\/www.ffbetania.net\/de\/unsere-gemeinschaft-weltweit\/fgb-verona-italien\/","title":{"rendered":"FGB Verona (Italien)"},"content":{"rendered":"<p>[et_pb_section fb_built=&#8220;1&#8243; disabled_on=&#8220;on|on|on&#8220; admin_label=&#8220;Intro&#8220; _builder_version=&#8220;4.16&#8243; disabled=&#8220;on&#8220; global_colors_info=&#8220;{}&#8220;][et_pb_row _builder_version=&#8220;4.16&#8243; _module_preset=&#8220;default&#8220; global_colors_info=&#8220;{}&#8220;][et_pb_column type=&#8220;4_4&#8243; _builder_version=&#8220;4.16&#8243; _module_preset=&#8220;default&#8220; global_colors_info=&#8220;{}&#8220;][et_pb_text _builder_version=&#8220;4.16&#8243; _module_preset=&#8220;default&#8220; text_orientation=&#8220;center&#8220; global_colors_info=&#8220;{}&#8220;]<\/p>\n<h2>Vestibulum ante ipsum primis<\/h2>\n<p>[\/et_pb_text][\/et_pb_column][\/et_pb_row][et_pb_row column_structure=&#8220;1_3,1_3,1_3&#8243; _builder_version=&#8220;4.16&#8243; _module_preset=&#8220;default&#8220; global_colors_info=&#8220;{}&#8220;][et_pb_column type=&#8220;1_3&#8243; _builder_version=&#8220;4.16&#8243; _module_preset=&#8220;default&#8220; global_colors_info=&#8220;{}&#8220;][et_pb_cta title=&#8220;Il tuo titolo va qui&#8220; button_text=&#8220;Click&#8220; _builder_version=&#8220;4.16&#8243; _module_preset=&#8220;9b784642-1e10-4282-9648-40feb51bdb70&#8243; global_colors_info=&#8220;{}&#8220;]<\/p>\n<p>Your content goes here. Edit or remove this text inline or in the module Content settings. <\/p>\n<p>[\/et_pb_cta][\/et_pb_column][et_pb_column type=&#8220;1_3&#8243; _builder_version=&#8220;4.16&#8243; _module_preset=&#8220;default&#8220; global_colors_info=&#8220;{}&#8220;][et_pb_cta title=&#8220;Il tuo titolo va qui&#8220; button_text=&#8220;Click&#8220; _builder_version=&#8220;4.16&#8243; _module_preset=&#8220;9b784642-1e10-4282-9648-40feb51bdb70&#8243; global_colors_info=&#8220;{}&#8220;]<\/p>\n<p>Your content goes here. Edit or remove this text inline or in the module Content settings. <\/p>\n<p>[\/et_pb_cta][\/et_pb_column][et_pb_column type=&#8220;1_3&#8243; _builder_version=&#8220;4.16&#8243; _module_preset=&#8220;default&#8220; global_colors_info=&#8220;{}&#8220;][et_pb_cta title=&#8220;Il tuo titolo va qui&#8220; button_text=&#8220;Click&#8220; _builder_version=&#8220;4.16&#8243; _module_preset=&#8220;9b784642-1e10-4282-9648-40feb51bdb70&#8243; global_colors_info=&#8220;{}&#8220;]<\/p>\n<p>Your content goes here. Edit or remove this text inline or in the module Content settings. <\/p>\n<p>[\/et_pb_cta][\/et_pb_column][\/et_pb_row][\/et_pb_section][et_pb_section fb_built=&#8220;1&#8243; admin_label=&#8220;La Fraternit\u00e0&#8220; _builder_version=&#8220;4.16&#8243; _module_preset=&#8220;default&#8220; global_colors_info=&#8220;{}&#8220;][et_pb_row column_structure=&#8220;1_3,1_3,1_3&#8243; make_equal=&#8220;on&#8220; _builder_version=&#8220;4.16&#8243; background_size=&#8220;initial&#8220; background_position=&#8220;top_left&#8220; background_repeat=&#8220;repeat&#8220; global_colors_info=&#8220;{}&#8220;][et_pb_column type=&#8220;1_3&#8243; _builder_version=&#8220;4.16&#8243; custom_padding=&#8220;|||&#8220; global_colors_info=&#8220;{}&#8220; custom_padding__hover=&#8220;|||&#8220;][et_pb_text _builder_version=&#8220;4.16&#8243; background_size=&#8220;initial&#8220; background_position=&#8220;top_left&#8220; background_repeat=&#8220;repeat&#8220; global_colors_info=&#8220;{}&#8220;]<\/p>\n<h3>Die Gemeinschaft<\/h3>\n<p>Die FGB hat sich im September 2013 in Verona angesiedelt und unser Kloster ist in der Stadt auch als &#8222;Barana Convent&#8220; bekannt. Vor unserer Ankunft gab es hier mehr als ein Jahrhundert lang Kapuziner.<\/p>\n<p>Die Gemeinschaft befindet sich in einem strategischen Bereich der Stadt Verona, nur wenige Kilometer vom historischen Zentrum entfernt und in der N\u00e4he des sch\u00f6nen Valpantena.<\/p>\n<p>[\/et_pb_text][\/et_pb_column][et_pb_column type=&#8220;1_3&#8243; _builder_version=&#8220;4.16&#8243; custom_padding=&#8220;|||&#8220; global_colors_info=&#8220;{}&#8220; custom_padding__hover=&#8220;|||&#8220;][et_pb_image src=&#8220;https:\/\/www.ffbetania.net\/wp-content\/uploads\/2022\/03\/IMG-20220309-WA0020.jpg&#8220; title_text=&#8220;FGB VERONA&#8220; _builder_version=&#8220;4.16&#8243; _module_preset=&#8220;0f34e574-d593-4c4a-848f-76eddc3d883a&#8220; global_colors_info=&#8220;{}&#8220;][\/et_pb_image][\/et_pb_column][et_pb_column type=&#8220;1_3&#8243; _builder_version=&#8220;4.16&#8243; custom_padding=&#8220;|||&#8220; global_colors_info=&#8220;{}&#8220; custom_padding__hover=&#8220;|||&#8220;][et_pb_text _builder_version=&#8220;4.16&#8243; _module_preset=&#8220;default&#8220; global_colors_info=&#8220;{}&#8220;]<\/p>\n<p>Eines der besonderen Merkmale der Fraternit\u00e4t von Verona ist der Dienst an den Bed\u00fcrftigen; wir haben n\u00e4mlich die Freude, die wichtigste Speisekammer der Stadt zu betreuen, die an jedem Tag des Jahres ge\u00f6ffnet ist, mit allen damit verbundenen Dienstleistungen (Duschdienst, Kleiderausgabe, Verteilung von Paketen f\u00fcr arme Familien, Flohmarkt, usw.).<br \/>All dies ist der Pr\u00e4senz der Vereinigung \u201eBetania Francescana\u201c zu verdanken, deren Hunderte von Freiwilligen 365 Tage im Jahr ihre Zeit f\u00fcr die Liebe zu Gott und zum N\u00e4chsten opfern.<\/p>\n<p>[\/et_pb_text][\/et_pb_column][\/et_pb_row][et_pb_row column_structure=&#8220;1_3,1_3,1_3&#8243; make_equal=&#8220;on&#8220; _builder_version=&#8220;4.16&#8243; _module_preset=&#8220;default&#8220; global_colors_info=&#8220;{}&#8220;][et_pb_column type=&#8220;1_3&#8243; _builder_version=&#8220;4.16&#8243; _module_preset=&#8220;default&#8220; global_colors_info=&#8220;{}&#8220;][et_pb_image src=&#8220;https:\/\/www.ffbetania.net\/wp-content\/uploads\/2022\/03\/Componenti-FFB-Verona-2.jpg&#8220; title_text=&#8220;FGB VERONA&#8220; _builder_version=&#8220;4.16&#8243; _module_preset=&#8220;0f34e574-d593-4c4a-848f-76eddc3d883a&#8220; global_colors_info=&#8220;{}&#8220;][\/et_pb_image][\/et_pb_column][et_pb_column type=&#8220;1_3&#8243; _builder_version=&#8220;4.16&#8243; _module_preset=&#8220;default&#8220; global_colors_info=&#8220;{}&#8220;][et_pb_text _builder_version=&#8220;4.16&#8243; background_size=&#8220;initial&#8220; background_position=&#8220;top_left&#8220; background_repeat=&#8220;repeat&#8220; global_colors_info=&#8220;{}&#8220;]<\/p>\n<p>Ein weiterer wichtiger Beitrag ist das Sakrament der Vers\u00f6hnung. Unser Kloster ist seit jeher als &#8222;Beichtstuhl von Verona&#8220; bekannt, und jeden Tag haben wir die Freude, die Barmherzigkeit Gottes an die vielen Menschen weiterzugeben, die uns besuchen.<\/p>\n<p>Die Gemeinschaft bietet die M\u00f6glichkeit einer geistlichen Begleitung durch die Anwesenheit der Gebetsgruppen Ancilla Domini, Oblaten, der Jugend von Betanien (JvB) und der Gruppe Nazareth.<\/p>\n<p>[\/et_pb_text][\/et_pb_column][et_pb_column type=&#8220;1_3&#8243; _builder_version=&#8220;4.16&#8243; _module_preset=&#8220;default&#8220; global_colors_info=&#8220;{}&#8220;][et_pb_image src=&#8220;https:\/\/www.ffbetania.net\/wp-content\/uploads\/2022\/03\/IMG-20220309-WA0001.jpg&#8220; title_text=&#8220;FGB VERONA&#8220; _builder_version=&#8220;4.16&#8243; _module_preset=&#8220;0f34e574-d593-4c4a-848f-76eddc3d883a&#8220; global_colors_info=&#8220;{}&#8220;][\/et_pb_image][\/et_pb_column][\/et_pb_row][et_pb_row admin_label=&#8220;Gebetszeiten und Gottesdienste&#8220; _builder_version=&#8220;4.16&#8243; _module_preset=&#8220;default&#8220; global_colors_info=&#8220;{}&#8220;][et_pb_column type=&#8220;4_4&#8243; _builder_version=&#8220;4.16&#8243; _module_preset=&#8220;default&#8220; global_colors_info=&#8220;{}&#8220;][et_pb_text _builder_version=&#8220;4.17.4&#8243; _module_preset=&#8220;default&#8220; text_orientation=&#8220;center&#8220; global_colors_info=&#8220;{}&#8220;]<\/p>\n<h3>Gebetszeiten und Gottesdienste<\/h3>\n<p>[\/et_pb_text][dsm_card_carousel slider_effect=&#8220;coverflow&#8220; speed=&#8220;2000&#8243; autoplay_speed=&#8220;1500&#8243; space_between=&#8220;20&#8243; equal_height=&#8220;on&#8220; use_arrow_custom_position=&#8220;on&#8220; arrow_custom_position=&#8220;-50px&#8220; arrow_color=&#8220;#414A56&#8243; dots_active_color=&#8220;#223D56&#8243; dots_inactive_color=&#8220;#93B6D4&#8243; grab=&#8220;off&#8220; arrows_tablet=&#8220;&#8220; arrows_phone=&#8220;off&#8220; arrows_last_edited=&#8220;on|phone&#8220; arrow_custom_position_tablet=&#8220;&#8220; arrow_custom_position_phone=&#8220;15px&#8220; arrow_custom_position_last_edited=&#8220;on|phone&#8220; _builder_version=&#8220;4.17.4&#8243; header_font=&#8220;Montserrat|800|||||||&#8220; body_font=&#8220;Lato||||||||&#8220; text_orientation=&#8220;center&#8220; background_layout=&#8220;dark&#8220; custom_padding=&#8220;30px||30px||true|false&#8220; border_radii_card=&#8220;on|6px|6px|6px|6px&#8220; box_shadow_style_card=&#8220;preset2&#8243; locked=&#8220;off&#8220; global_colors_info=&#8220;{}&#8220;][dsm_card_carousel_child title=&#8220;Montag&#8220; image_as_background=&#8220;off&#8220; content_padding=&#8220;50px|40px|50px|40px|true|true&#8220; button_url_new_window=&#8220;1&#8243; _builder_version=&#8220;4.17.4&#8243; header_level=&#8220;h3&#8243; background_color=&#8220;#223D56&#8243; background_enable_color=&#8220;on&#8220; background_enable_image=&#8220;off&#8220; custom_button=&#8220;on&#8220; button_text_size=&#8220;14px&#8220; button_text_color=&#8220;#ffffff&#8220; button_bg_color=&#8220;#009eed&#8220; button_border_color=&#8220;#009eed&#8220; button_border_radius=&#8220;50px&#8220; button_font=&#8220;Montserrat|700|||||||&#8220; button_alignment=&#8220;center&#8220; button_custom_padding=&#8220;10px|30px|10px|30px|true|true&#8220; box_shadow_style_button=&#8220;preset2&#8243; box_shadow_spread_button=&#8220;-7px&#8220; box_shadow_color_button=&#8220;rgba(131,0,233,0.18)&#8220; global_colors_info=&#8220;{}&#8220; button_bg_color__hover_enabled=&#8220;off|hover&#8220; button_bg_color__hover=&#8220;#00ede1&#8243; button_bg_enable_color__hover=&#8220;on&#8220; button_border_color__hover_enabled=&#8220;off|hover&#8220; button_border_color__hover=&#8220;#00ede1&#8243;]<\/p>\n<p><span class=\"fontstyle0\"><strong>Um 07:30 Uhr:<\/strong> Laudes<br \/><strong>Um 08:00 Uhr:<\/strong> Heilige Messe<br \/><strong>Um 08:35 Uhr:<\/strong> Rosenkranzgebet<br \/><strong>Um 18:20 Uhr:<\/strong> Vesper<br \/><strong>Um 18:45 Uhr:<\/strong> Heilige Messe<\/span><\/p>\n<p>[\/dsm_card_carousel_child][dsm_card_carousel_child title=&#8220;Dienstag&#8220; image_as_background=&#8220;off&#8220; content_padding=&#8220;50px|40px|50px|40px|true|true&#8220; button_url_new_window=&#8220;1&#8243; _builder_version=&#8220;4.17.4&#8243; header_level=&#8220;h3&#8243; background_color=&#8220;#223D56&#8243; background_enable_color=&#8220;on&#8220; background_enable_image=&#8220;off&#8220; custom_button=&#8220;on&#8220; button_text_size=&#8220;14px&#8220; button_text_color=&#8220;#ffffff&#8220; button_bg_color=&#8220;#009eed&#8220; button_border_color=&#8220;#009eed&#8220; button_border_radius=&#8220;50px&#8220; button_font=&#8220;Montserrat|700|||||||&#8220; button_alignment=&#8220;center&#8220; button_custom_padding=&#8220;10px|30px|10px|30px|true|true&#8220; box_shadow_style_button=&#8220;preset2&#8243; box_shadow_spread_button=&#8220;-7px&#8220; box_shadow_color_button=&#8220;rgba(131,0,233,0.18)&#8220; global_colors_info=&#8220;{}&#8220; button_bg_color__hover_enabled=&#8220;off|hover&#8220; button_bg_color__hover=&#8220;#00ede1&#8243; button_bg_enable_color__hover=&#8220;on&#8220; button_border_color__hover_enabled=&#8220;off|hover&#8220; button_border_color__hover=&#8220;#00ede1&#8243;]<\/p>\n<p><span class=\"fontstyle0\"><strong>Um 07:30 Uhr:<\/strong> Laudes<br \/><strong>Um 08:00 Uhr:<\/strong> Heilige Messe<br \/><strong>Um 08:35 Uhr:<\/strong> Rosenkranzgebet<br \/><strong>Um 18:20 Uhr:<\/strong> Vesper<br \/><strong>Um 18:45 Uhr:<\/strong> Heilige Messe<\/span> <\/p>\n<p>[\/dsm_card_carousel_child][dsm_card_carousel_child title=&#8220;Mittwoch&#8220; image_as_background=&#8220;off&#8220; content_padding=&#8220;50px|40px|50px|40px|true|true&#8220; button_url_new_window=&#8220;1&#8243; _builder_version=&#8220;4.17.4&#8243; header_level=&#8220;h3&#8243; background_color=&#8220;#223D56&#8243; background_enable_color=&#8220;on&#8220; background_enable_image=&#8220;off&#8220; custom_button=&#8220;on&#8220; button_text_size=&#8220;14px&#8220; button_text_color=&#8220;#ffffff&#8220; button_bg_color=&#8220;#009eed&#8220; button_border_color=&#8220;#009eed&#8220; button_border_radius=&#8220;50px&#8220; button_font=&#8220;Montserrat|700|||||||&#8220; button_alignment=&#8220;center&#8220; button_custom_padding=&#8220;10px|30px|10px|30px|true|true&#8220; box_shadow_style_button=&#8220;preset2&#8243; box_shadow_spread_button=&#8220;-7px&#8220; box_shadow_color_button=&#8220;rgba(131,0,233,0.18)&#8220; global_colors_info=&#8220;{}&#8220; button_bg_color__hover_enabled=&#8220;off|hover&#8220; button_bg_color__hover=&#8220;#00ede1&#8243; button_bg_enable_color__hover=&#8220;on&#8220; button_border_color__hover_enabled=&#8220;off|hover&#8220; button_border_color__hover=&#8220;#00ede1&#8243;]<\/p>\n<p><span class=\"fontstyle0\"><strong>Um 07:30 Uhr:<\/strong> Laudes<br \/><strong>Um 08:00 Uhr:<\/strong> Heilige Messe<br \/><strong>Um 08:35 Uhr:<\/strong> Rosenkranzgebet<br \/><strong>Um 18:20 Uhr:<\/strong> Vesper<br \/><strong>Um 18:45 Uhr:<\/strong> Heilige Messe<\/span> <\/p>\n<p>[\/dsm_card_carousel_child][dsm_card_carousel_child title=&#8220;Donnerstag&#8220; image_as_background=&#8220;off&#8220; content_padding=&#8220;50px|40px|50px|40px|true|true&#8220; button_url_new_window=&#8220;1&#8243; _builder_version=&#8220;4.17.4&#8243; header_level=&#8220;h3&#8243; background_color=&#8220;#223D56&#8243; background_enable_color=&#8220;on&#8220; background_enable_image=&#8220;off&#8220; custom_button=&#8220;on&#8220; button_text_size=&#8220;14px&#8220; button_text_color=&#8220;#ffffff&#8220; button_bg_color=&#8220;#009eed&#8220; button_border_color=&#8220;#009eed&#8220; button_border_radius=&#8220;50px&#8220; button_font=&#8220;Montserrat|700|||||||&#8220; button_alignment=&#8220;center&#8220; button_custom_padding=&#8220;10px|30px|10px|30px|true|true&#8220; box_shadow_style_button=&#8220;preset2&#8243; box_shadow_spread_button=&#8220;-7px&#8220; box_shadow_color_button=&#8220;rgba(131,0,233,0.18)&#8220; global_colors_info=&#8220;{}&#8220; button_bg_color__hover_enabled=&#8220;off|hover&#8220; button_bg_color__hover=&#8220;#00ede1&#8243; button_bg_enable_color__hover=&#8220;on&#8220; button_border_color__hover_enabled=&#8220;off|hover&#8220; button_border_color__hover=&#8220;#00ede1&#8243;]<\/p>\n<p><span class=\"fontstyle0\"><strong>Um 07:30 Uhr:<\/strong> Laudes<br \/><strong>Um 08:00 Uhr:<\/strong> Heilige Messe<br \/><strong>Um 08:35 Uhr:<\/strong> Rosenkranzgebet<br \/><strong>Um 17:30 Uhr:<\/strong> Eucharistische Anbetung + Vesper<br \/><strong>Um 18:45 Uhr:<\/strong> Heilige Messe<\/span> <\/p>\n<p>[\/dsm_card_carousel_child][dsm_card_carousel_child title=&#8220;Freitag&#8220; image_as_background=&#8220;off&#8220; content_padding=&#8220;50px|40px|50px|40px|true|true&#8220; button_url_new_window=&#8220;1&#8243; _builder_version=&#8220;4.17.4&#8243; header_level=&#8220;h3&#8243; background_color=&#8220;#223D56&#8243; background_enable_color=&#8220;on&#8220; background_enable_image=&#8220;off&#8220; custom_button=&#8220;on&#8220; button_text_size=&#8220;14px&#8220; button_text_color=&#8220;#ffffff&#8220; button_bg_color=&#8220;#009eed&#8220; button_border_color=&#8220;#009eed&#8220; button_border_radius=&#8220;50px&#8220; button_font=&#8220;Montserrat|700|||||||&#8220; button_alignment=&#8220;center&#8220; button_custom_padding=&#8220;10px|30px|10px|30px|true|true&#8220; box_shadow_style_button=&#8220;preset2&#8243; box_shadow_spread_button=&#8220;-7px&#8220; box_shadow_color_button=&#8220;rgba(131,0,233,0.18)&#8220; global_colors_info=&#8220;{}&#8220; button_bg_color__hover_enabled=&#8220;off|hover&#8220; button_bg_color__hover=&#8220;#00ede1&#8243; button_bg_enable_color__hover=&#8220;on&#8220; button_border_color__hover_enabled=&#8220;off|hover&#8220; button_border_color__hover=&#8220;#00ede1&#8243;]<\/p>\n<p><span class=\"fontstyle0\"><strong>Um 07:30 Uhr:<\/strong> Laudes<br \/><strong>Um 08:00 Uhr:<\/strong> Heilige Messe<br \/><strong>Um 08:35 Uhr:<\/strong> Rosenkranzgebet<br \/><strong>Um 18:20 Uhr:<\/strong> Vesper<br \/><strong>Um 18:45 Uhr:<\/strong> Heilige Messe<\/span> <\/p>\n<p>[\/dsm_card_carousel_child][dsm_card_carousel_child title=&#8220;Samstag&#8220; image_as_background=&#8220;off&#8220; content_padding=&#8220;50px|40px|50px|40px|true|true&#8220; button_url_new_window=&#8220;1&#8243; _builder_version=&#8220;4.17.4&#8243; header_level=&#8220;h3&#8243; background_color=&#8220;#223D56&#8243; background_enable_color=&#8220;on&#8220; background_enable_image=&#8220;off&#8220; custom_button=&#8220;on&#8220; button_text_size=&#8220;14px&#8220; button_text_color=&#8220;#ffffff&#8220; button_bg_color=&#8220;#009eed&#8220; button_border_color=&#8220;#009eed&#8220; button_border_radius=&#8220;50px&#8220; button_font=&#8220;Montserrat|700|||||||&#8220; button_alignment=&#8220;center&#8220; button_custom_padding=&#8220;10px|30px|10px|30px|true|true&#8220; box_shadow_style_button=&#8220;preset2&#8243; box_shadow_spread_button=&#8220;-7px&#8220; box_shadow_color_button=&#8220;rgba(131,0,233,0.18)&#8220; global_colors_info=&#8220;{}&#8220; button_bg_color__hover_enabled=&#8220;off|hover&#8220; button_bg_color__hover=&#8220;#00ede1&#8243; button_bg_enable_color__hover=&#8220;on&#8220; button_border_color__hover_enabled=&#8220;off|hover&#8220; button_border_color__hover=&#8220;#00ede1&#8243;]<\/p>\n<p><span class=\"fontstyle0\"><strong>Um 07:30 Uhr:<\/strong> Laudes<br \/><strong>Um 08:00 Uhr:<\/strong> Heilige Messe<br \/><strong>Um 08:35 Uhr:<\/strong> Rosenkranzgebet und Lesehore<br \/><strong>Um 18:10 Uhr:<\/strong> Vesper<br \/><strong>Um 18:30 Uhr:<\/strong> Vorabendmesse am Sonntag<\/span> <\/p>\n<p>[\/dsm_card_carousel_child][dsm_card_carousel_child title=&#8220;Sonntag&#8220; image_as_background=&#8220;off&#8220; content_padding=&#8220;50px|40px|50px|40px|true|true&#8220; button_url_new_window=&#8220;1&#8243; _builder_version=&#8220;4.17.4&#8243; header_level=&#8220;h3&#8243; background_color=&#8220;#223D56&#8243; background_enable_color=&#8220;on&#8220; background_enable_image=&#8220;off&#8220; custom_button=&#8220;on&#8220; button_text_size=&#8220;14px&#8220; button_text_color=&#8220;#ffffff&#8220; button_bg_color=&#8220;#009eed&#8220; button_border_color=&#8220;#009eed&#8220; button_border_radius=&#8220;50px&#8220; button_font=&#8220;Montserrat|700|||||||&#8220; button_alignment=&#8220;center&#8220; button_custom_padding=&#8220;10px|30px|10px|30px|true|true&#8220; box_shadow_style_button=&#8220;preset2&#8243; box_shadow_spread_button=&#8220;-7px&#8220; box_shadow_color_button=&#8220;rgba(131,0,233,0.18)&#8220; global_colors_info=&#8220;{}&#8220; button_bg_color__hover_enabled=&#8220;off|hover&#8220; button_bg_color__hover=&#8220;#00ede1&#8243; button_bg_enable_color__hover=&#8220;on&#8220; button_border_color__hover_enabled=&#8220;off|hover&#8220; button_border_color__hover=&#8220;#00ede1&#8243;]<\/p>\n<p> <span class=\"fontstyle0\"><strong>Um 09:00 Uhr:<\/strong> Heilige Messe<br \/><strong>Um 11:00 Uhr:<\/strong> Heilige Messe<br \/><strong>Um 18:00 Uhr:<\/strong> Rosenkranzgebet, gesungene Vesper und Vertiefung des Wortes Gottes<\/span> <\/p>\n<p>&nbsp;<\/p>\n<p>[\/dsm_card_carousel_child][\/dsm_card_carousel][et_pb_text _builder_version=&#8220;4.17.4&#8243; _module_preset=&#8220;default&#8220; global_colors_info=&#8220;{}&#8220;]<\/p>\n<p style=\"text-align: center;\"><strong><span class=\"fontstyle0\">WICHTIG: <em>Vom 18. Juli bis 4. September f\u00e4llt die 8.00-Uhr-Hl. Messe aus.<\/em><\/span><\/strong><\/p>\n<p>[\/et_pb_text][\/et_pb_column][\/et_pb_row][et_pb_row admin_label=&#8220;Beichtgelegenheit&#8220; _builder_version=&#8220;4.16&#8243; _module_preset=&#8220;default&#8220; global_colors_info=&#8220;{}&#8220;][et_pb_column type=&#8220;4_4&#8243; _builder_version=&#8220;4.16&#8243; _module_preset=&#8220;default&#8220; global_colors_info=&#8220;{}&#8220;][et_pb_cta title=&#8220;Beichtgelegenheit&#8220; _builder_version=&#8220;4.17.4&#8243; _module_preset=&#8220;default&#8220; global_colors_info=&#8220;{}&#8220;]<\/p>\n<p><span class=\"fontstyle0\">\u2022<\/span><span class=\"fontstyle2\"><strong>Von Dienstag bis Samstag:<\/strong><br \/><\/span>, <span class=\"fontstyle3\">vormittags von 9:30 bis 11:30 Uhrs<br \/> nachmittags von 16:00 bis 18:00 Uhr <br \/><\/span><span class=\"fontstyle0\">\u2022<\/span><strong><span class=\"fontstyle2\">Sonntag von 10.15 Uhr bis 11.30 Uhr.<\/span><\/strong><\/p>\n<p><em>WICHTIG: <span class=\"fontstyle0\">Vom 18. Juli bis zum 4. September findet die Beichte nur dienstags, donnerstags und samstags statt (vormittags von 9.30 bis 11.30 Uhr undspan,<br \/>nachmittags von 16.00 bis 18.00 Uhr); Sonntag von 10.15 bis 11.30 Uhr<\/span> <br \/><\/em><\/p>\n<p>[\/et_pb_cta][\/et_pb_column][\/et_pb_row][\/et_pb_section][et_pb_section fb_built=&#8220;1&#8243; admin_label=&#8220;Vangelo del giorno in pillole&#8220; _builder_version=&#8220;4.16&#8243; _module_preset=&#8220;default&#8220; global_colors_info=&#8220;{}&#8220;][et_pb_row column_structure=&#8220;1_3,1_3,1_3&#8243; _builder_version=&#8220;4.16&#8243; _module_preset=&#8220;default&#8220; global_colors_info=&#8220;{}&#8220;][et_pb_column type=&#8220;1_3&#8243; _builder_version=&#8220;4.16&#8243; _module_preset=&#8220;default&#8220; global_colors_info=&#8220;{}&#8220;][\/et_pb_column][et_pb_column type=&#8220;1_3&#8243; _builder_version=&#8220;4.16&#8243; _module_preset=&#8220;default&#8220; global_colors_info=&#8220;{}&#8220;][et_pb_image src=&#8220;https:\/\/www.ffbetania.net\/wp-content\/uploads\/2023\/02\/cover-articolo-sito-2023.png&#8220; title_text=&#8220;_cover articolo sito 2023&#8243; _builder_version=&#8220;4.19.5&#8243; _module_preset=&#8220;default&#8220; global_colors_info=&#8220;{}&#8220;][\/et_pb_image][et_pb_cta title=&#8220;Evangelium des Tages&#8220; button_url=&#8220;https:\/\/www.youtube.com\/@FFBVERONA\/videos?view=0&amp;sort=dd&amp;shelf_id=0&#8243; button_text=&#8220;Beten mit uns&#8220; _builder_version=&#8220;4.19.5&#8243; _module_preset=&#8220;default&#8220; global_colors_info=&#8220;{}&#8220;]<\/p>\n<p>Bethanien h\u00f6ren (auf Italienisch)<\/p>\n<p>[\/et_pb_cta][\/et_pb_column][et_pb_column type=&#8220;1_3&#8243; _builder_version=&#8220;4.16&#8243; _module_preset=&#8220;default&#8220; global_colors_info=&#8220;{}&#8220;][\/et_pb_column][\/et_pb_row][\/et_pb_section][et_pb_section fb_built=&#8220;1&#8243; admin_label=&#8220;Articoli&#8220; _builder_version=&#8220;4.16&#8243; _module_preset=&#8220;default&#8220; custom_padding=&#8220;28px|||||&#8220; global_colors_info=&#8220;{}&#8220;][et_pb_row _builder_version=&#8220;4.16&#8243; _module_preset=&#8220;default&#8220; custom_padding=&#8220;|3%||3%|false|true&#8220; global_colors_info=&#8220;{}&#8220;][et_pb_column type=&#8220;4_4&#8243; _builder_version=&#8220;4.16&#8243; _module_preset=&#8220;default&#8220; global_colors_info=&#8220;{}&#8220;][et_pb_text admin_label=&#8220;Testo&#8220; _builder_version=&#8220;4.16&#8243; _module_preset=&#8220;default&#8220; text_orientation=&#8220;center&#8220; global_colors_info=&#8220;{}&#8220;]<\/p>\n<h3>Geschichten aus dem Haus<\/h3>\n<p>[\/et_pb_text][dsm_blog_carousel include_categories=&#8220;33&#8243; columns=&#8220;4&#8243; loop=&#8220;off&#8220; navi_size=&#8220;40&#8243; columns_tablet=&#8220;2&#8243; columns_phone=&#8220;1&#8243; columns_last_edited=&#8220;on|tablet&#8220; _builder_version=&#8220;4.16&#8243; _module_preset=&#8220;ea2db9a1-9adb-4505-81f7-2012fb93f0f9&#8243; global_colors_info=&#8220;{}&#8220;][\/dsm_blog_carousel][\/et_pb_column][\/et_pb_row][\/et_pb_section][et_pb_section fb_built=&#8220;1&#8243; admin_label=&#8220;mappa&#8220; _builder_version=&#8220;4.16&#8243; _module_preset=&#8220;default&#8220; global_colors_info=&#8220;{}&#8220;][et_pb_row column_structure=&#8220;1_3,1_3,1_3&#8243; _builder_version=&#8220;4.16&#8243; _module_preset=&#8220;default&#8220; global_colors_info=&#8220;{}&#8220;][et_pb_column type=&#8220;1_3&#8243; _builder_version=&#8220;4.16&#8243; _module_preset=&#8220;default&#8220; global_colors_info=&#8220;{}&#8220;][et_pb_cta title=&#8220;Folgen Sie unserem YouTube-Kanal&#8220; button_url=&#8220;https:\/\/www.youtube.com\/channel\/UCk0xObXIQ8N25xRov7qLCDw\/featured&#8220; url_new_window=&#8220;on&#8220; button_text=&#8220;Entdecken Sie jetzt!&#8220; _builder_version=&#8220;4.16&#8243; _module_preset=&#8220;default&#8220; header_level=&#8220;h4&#8243; global_colors_info=&#8220;{}&#8220;][\/et_pb_cta][\/et_pb_column][et_pb_column type=&#8220;1_3&#8243; _builder_version=&#8220;4.16&#8243; _module_preset=&#8220;default&#8220; global_colors_info=&#8220;{}&#8220;][et_pb_text admin_label=&#8220;Testo&#8220; _builder_version=&#8220;4.19.5&#8243; _module_preset=&#8220;default&#8220; custom_margin=&#8220;||||false|false&#8220; hover_enabled=&#8220;0&#8243; global_colors_info=&#8220;{}&#8220; sticky_enabled=&#8220;0&#8243;]<\/p>\n<h3>Wo wir sind<\/h3>\n<p>Via Col. Giovanni Fincato, 35\/B<br \/>37131 Verona (Italien)<br \/>Tel. 045 52 53 74<br \/>e-mail: <a href=\"mailto:verona@ffbetania.net\">verona@ffbetania.net<\/a><\/p>\n<p>[\/et_pb_text][\/et_pb_column][et_pb_column type=&#8220;1_3&#8243; _builder_version=&#8220;4.16&#8243; _module_preset=&#8220;default&#8220; global_colors_info=&#8220;{}&#8220;][et_pb_text admin_label=&#8220;mappa&#8220; _builder_version=&#8220;4.16&#8243; _module_preset=&#8220;default&#8220; height=&#8220;200px&#8220; custom_margin=&#8220;||-9px|||&#8220; global_colors_info=&#8220;{}&#8220;]<\/p>\n\t\t<div id=\"maps-marker-pro-be70d369\" class=\"maps-marker-pro\" style=\"width: 100%;\">\r\n\t\t\t<div id=\"mmp-map-wrap-be70d369\" class=\"mmp-map-wrap\">\r\n\t\t\t\t\t\t\t\t<div id=\"mmp-map-be70d369\" class=\"mmp-map\" style=\"height: 600px;\"><\/div>\r\n\t\t\t\t\t\t\t<\/div>\r\n\t\t\t\t\t<\/div>\r\n\t\t\n<p>[\/et_pb_text][\/et_pb_column][\/et_pb_row][\/et_pb_section][et_pb_section fb_built=&#8220;1&#8243; admin_label=&#8220;Condividi con i tuoi cari&#8220; _builder_version=&#8220;4.16&#8243; _module_preset=&#8220;default&#8220; custom_padding=&#8220;10px||10px||true|false&#8220; global_colors_info=&#8220;{}&#8220;][et_pb_row _builder_version=&#8220;4.16&#8243; _module_preset=&#8220;default&#8220; global_colors_info=&#8220;{}&#8220;][et_pb_column type=&#8220;4_4&#8243; _builder_version=&#8220;4.16&#8243; _module_preset=&#8220;default&#8220; global_colors_info=&#8220;{}&#8220;][et_pb_text _builder_version=&#8220;4.16&#8243; _module_preset=&#8220;default&#8220; text_orientation=&#8220;center&#8220; custom_margin=&#8220;||17px|||&#8220; global_colors_info=&#8220;{}&#8220;]<\/p>\n<h3>Teilt mit euren Liebsten<\/h3>\n<p>[\/et_pb_text][et_pb_sidebar area=&#8220;et_pb_widget_area_1&#8243; _builder_version=&#8220;4.16&#8243; _module_preset=&#8220;default&#8220; text_orientation=&#8220;center&#8220; global_colors_info=&#8220;{}&#8220;][\/et_pb_sidebar][\/et_pb_column][\/et_pb_row][\/et_pb_section]<\/p>\n","protected":false},"excerpt":{"rendered":"<p>Vestibulum ante ipsum primisYour content goes here. Edit or remove this text inline or in the module Content settings. Your content goes here. Edit or remove this text inline or in the module Content settings. Your content goes here. Edit or remove this text inline or in the module Content settings. Die Gemeinschaft Die FGB [&hellip;]<\/p>\n","protected":false},"author":1,"featured_media":244305,"parent":247325,"menu_order":0,"comment_status":"closed","ping_status":"closed","template":"","meta":{"_et_pb_use_builder":"on","_et_pb_old_content":"","_et_gb_content_width":"","footnotes":""},"class_list":["post-248174","page","type-page","status-publish","has-post-thumbnail","hentry"],"yoast_head":"<!-- This site is optimized with the Yoast SEO plugin v27.5 - https:\/\/yoast.com\/product\/yoast-seo-wordpress\/ -->\n<title>FGB Verona (Italien) - Fraternit\u00e0 Francescana di Betania<\/title>\n<meta name=\"robots\" content=\"index, follow, max-snippet:-1, max-image-preview:large, max-video-preview:-1\" \/>\n<link rel=\"canonical\" href=\"https:\/\/www.ffbetania.net\/de\/unsere-gemeinschaft-weltweit\/fgb-verona-italien\/\" \/>\n<meta property=\"og:locale\" content=\"de_DE\" \/>\n<meta property=\"og:type\" content=\"article\" \/>\n<meta property=\"og:title\" content=\"FGB Verona (Italien) - Fraternit\u00e0 Francescana di Betania\" \/>\n<meta property=\"og:description\" content=\"Vestibulum ante ipsum primisYour content goes here. Edit or remove this text inline or in the module Content settings. Your content goes here. Edit or remove this text inline or in the module Content settings. Your content goes here. Edit or remove this text inline or in the module Content settings. Die Gemeinschaft Die FGB [&hellip;]\" \/>\n<meta property=\"og:url\" content=\"https:\/\/www.ffbetania.net\/de\/unsere-gemeinschaft-weltweit\/fgb-verona-italien\/\" \/>\n<meta property=\"og:site_name\" content=\"Fraternit\u00e0 Francescana di Betania\" \/>\n<meta property=\"article:modified_time\" content=\"2023-03-31T11:06:50+00:00\" \/>\n<meta property=\"og:image\" content=\"https:\/\/www.ffbetania.net\/wp-content\/uploads\/2022\/03\/IMG-20220309-WA0015.jpg\" \/>\n\t<meta property=\"og:image:width\" content=\"2000\" \/>\n\t<meta property=\"og:image:height\" content=\"1500\" \/>\n\t<meta property=\"og:image:type\" content=\"image\/jpeg\" \/>\n<meta name=\"twitter:card\" content=\"summary_large_image\" \/>\n<meta name=\"twitter:label1\" content=\"Gesch\u00e4tzte Lesezeit\" \/>\n\t<meta name=\"twitter:data1\" content=\"13\u00a0Minuten\" \/>\n<script type=\"application\/ld+json\" class=\"yoast-schema-graph\">{\"@context\":\"https:\\\/\\\/schema.org\",\"@graph\":[{\"@type\":\"WebPage\",\"@id\":\"https:\\\/\\\/www.ffbetania.net\\\/de\\\/unsere-gemeinschaft-weltweit\\\/fgb-verona-italien\\\/\",\"url\":\"https:\\\/\\\/www.ffbetania.net\\\/de\\\/unsere-gemeinschaft-weltweit\\\/fgb-verona-italien\\\/\",\"name\":\"FGB Verona (Italien) - Fraternit\u00e0 Francescana di Betania\",\"isPartOf\":{\"@id\":\"https:\\\/\\\/www.ffbetania.net\\\/de\\\/#website\"},\"primaryImageOfPage\":{\"@id\":\"https:\\\/\\\/www.ffbetania.net\\\/de\\\/unsere-gemeinschaft-weltweit\\\/fgb-verona-italien\\\/#primaryimage\"},\"image\":{\"@id\":\"https:\\\/\\\/www.ffbetania.net\\\/de\\\/unsere-gemeinschaft-weltweit\\\/fgb-verona-italien\\\/#primaryimage\"},\"thumbnailUrl\":\"https:\\\/\\\/www.ffbetania.net\\\/wp-content\\\/uploads\\\/2022\\\/03\\\/IMG-20220309-WA0015.jpg\",\"datePublished\":\"2022-03-10T14:39:56+00:00\",\"dateModified\":\"2023-03-31T11:06:50+00:00\",\"breadcrumb\":{\"@id\":\"https:\\\/\\\/www.ffbetania.net\\\/de\\\/unsere-gemeinschaft-weltweit\\\/fgb-verona-italien\\\/#breadcrumb\"},\"inLanguage\":\"de\",\"potentialAction\":[{\"@type\":\"ReadAction\",\"target\":[\"https:\\\/\\\/www.ffbetania.net\\\/de\\\/unsere-gemeinschaft-weltweit\\\/fgb-verona-italien\\\/\"]}]},{\"@type\":\"ImageObject\",\"inLanguage\":\"de\",\"@id\":\"https:\\\/\\\/www.ffbetania.net\\\/de\\\/unsere-gemeinschaft-weltweit\\\/fgb-verona-italien\\\/#primaryimage\",\"url\":\"https:\\\/\\\/www.ffbetania.net\\\/wp-content\\\/uploads\\\/2022\\\/03\\\/IMG-20220309-WA0015.jpg\",\"contentUrl\":\"https:\\\/\\\/www.ffbetania.net\\\/wp-content\\\/uploads\\\/2022\\\/03\\\/IMG-20220309-WA0015.jpg\",\"width\":2000,\"height\":1500},{\"@type\":\"BreadcrumbList\",\"@id\":\"https:\\\/\\\/www.ffbetania.net\\\/de\\\/unsere-gemeinschaft-weltweit\\\/fgb-verona-italien\\\/#breadcrumb\",\"itemListElement\":[{\"@type\":\"ListItem\",\"position\":1,\"name\":\"Home\",\"item\":\"https:\\\/\\\/www.ffbetania.net\\\/de\\\/\"},{\"@type\":\"ListItem\",\"position\":2,\"name\":\"Unsere Gemeinschaft Weltweit\",\"item\":\"https:\\\/\\\/www.ffbetania.net\\\/de\\\/unsere-gemeinschaft-weltweit\\\/\"},{\"@type\":\"ListItem\",\"position\":3,\"name\":\"FGB Verona (Italien)\"}]},{\"@type\":\"WebSite\",\"@id\":\"https:\\\/\\\/www.ffbetania.net\\\/de\\\/#website\",\"url\":\"https:\\\/\\\/www.ffbetania.net\\\/de\\\/\",\"name\":\"Fraternit\u00e0 Francescana di Betania\",\"description\":\"La Fraternit\u00e0 Francescana di Betania \u00e8 lieta di rendervi partecipi di questa gioia\",\"potentialAction\":[{\"@type\":\"SearchAction\",\"target\":{\"@type\":\"EntryPoint\",\"urlTemplate\":\"https:\\\/\\\/www.ffbetania.net\\\/de\\\/?s={search_term_string}\"},\"query-input\":{\"@type\":\"PropertyValueSpecification\",\"valueRequired\":true,\"valueName\":\"search_term_string\"}}],\"inLanguage\":\"de\"}]}<\/script>\n<!-- \/ Yoast SEO plugin. -->","yoast_head_json":{"title":"FGB Verona (Italien) - Fraternit\u00e0 Francescana di Betania","robots":{"index":"index","follow":"follow","max-snippet":"max-snippet:-1","max-image-preview":"max-image-preview:large","max-video-preview":"max-video-preview:-1"},"canonical":"https:\/\/www.ffbetania.net\/de\/unsere-gemeinschaft-weltweit\/fgb-verona-italien\/","og_locale":"de_DE","og_type":"article","og_title":"FGB Verona (Italien) - Fraternit\u00e0 Francescana di Betania","og_description":"Vestibulum ante ipsum primisYour content goes here. Edit or remove this text inline or in the module Content settings. Your content goes here. Edit or remove this text inline or in the module Content settings. Your content goes here. Edit or remove this text inline or in the module Content settings. Die Gemeinschaft Die FGB [&hellip;]","og_url":"https:\/\/www.ffbetania.net\/de\/unsere-gemeinschaft-weltweit\/fgb-verona-italien\/","og_site_name":"Fraternit\u00e0 Francescana di Betania","article_modified_time":"2023-03-31T11:06:50+00:00","og_image":[{"width":2000,"height":1500,"url":"https:\/\/www.ffbetania.net\/wp-content\/uploads\/2022\/03\/IMG-20220309-WA0015.jpg","type":"image\/jpeg"}],"twitter_card":"summary_large_image","twitter_misc":{"Gesch\u00e4tzte Lesezeit":"13\u00a0Minuten"},"schema":{"@context":"https:\/\/schema.org","@graph":[{"@type":"WebPage","@id":"https:\/\/www.ffbetania.net\/de\/unsere-gemeinschaft-weltweit\/fgb-verona-italien\/","url":"https:\/\/www.ffbetania.net\/de\/unsere-gemeinschaft-weltweit\/fgb-verona-italien\/","name":"FGB Verona (Italien) - Fraternit\u00e0 Francescana di Betania","isPartOf":{"@id":"https:\/\/www.ffbetania.net\/de\/#website"},"primaryImageOfPage":{"@id":"https:\/\/www.ffbetania.net\/de\/unsere-gemeinschaft-weltweit\/fgb-verona-italien\/#primaryimage"},"image":{"@id":"https:\/\/www.ffbetania.net\/de\/unsere-gemeinschaft-weltweit\/fgb-verona-italien\/#primaryimage"},"thumbnailUrl":"https:\/\/www.ffbetania.net\/wp-content\/uploads\/2022\/03\/IMG-20220309-WA0015.jpg","datePublished":"2022-03-10T14:39:56+00:00","dateModified":"2023-03-31T11:06:50+00:00","breadcrumb":{"@id":"https:\/\/www.ffbetania.net\/de\/unsere-gemeinschaft-weltweit\/fgb-verona-italien\/#breadcrumb"},"inLanguage":"de","potentialAction":[{"@type":"ReadAction","target":["https:\/\/www.ffbetania.net\/de\/unsere-gemeinschaft-weltweit\/fgb-verona-italien\/"]}]},{"@type":"ImageObject","inLanguage":"de","@id":"https:\/\/www.ffbetania.net\/de\/unsere-gemeinschaft-weltweit\/fgb-verona-italien\/#primaryimage","url":"https:\/\/www.ffbetania.net\/wp-content\/uploads\/2022\/03\/IMG-20220309-WA0015.jpg","contentUrl":"https:\/\/www.ffbetania.net\/wp-content\/uploads\/2022\/03\/IMG-20220309-WA0015.jpg","width":2000,"height":1500},{"@type":"BreadcrumbList","@id":"https:\/\/www.ffbetania.net\/de\/unsere-gemeinschaft-weltweit\/fgb-verona-italien\/#breadcrumb","itemListElement":[{"@type":"ListItem","position":1,"name":"Home","item":"https:\/\/www.ffbetania.net\/de\/"},{"@type":"ListItem","position":2,"name":"Unsere Gemeinschaft Weltweit","item":"https:\/\/www.ffbetania.net\/de\/unsere-gemeinschaft-weltweit\/"},{"@type":"ListItem","position":3,"name":"FGB Verona (Italien)"}]},{"@type":"WebSite","@id":"https:\/\/www.ffbetania.net\/de\/#website","url":"https:\/\/www.ffbetania.net\/de\/","name":"Fraternit\u00e0 Francescana di Betania","description":"La Fraternit\u00e0 Francescana di Betania \u00e8 lieta di rendervi partecipi di questa gioia","potentialAction":[{"@type":"SearchAction","target":{"@type":"EntryPoint","urlTemplate":"https:\/\/www.ffbetania.net\/de\/?s={search_term_string}"},"query-input":{"@type":"PropertyValueSpecification","valueRequired":true,"valueName":"search_term_string"}}],"inLanguage":"de"}]}},"_links":{"self":[{"href":"https:\/\/www.ffbetania.net\/de\/wp-json\/wp\/v2\/pages\/248174","targetHints":{"allow":["GET"]}}],"collection":[{"href":"https:\/\/www.ffbetania.net\/de\/wp-json\/wp\/v2\/pages"}],"about":[{"href":"https:\/\/www.ffbetania.net\/de\/wp-json\/wp\/v2\/types\/page"}],"author":[{"embeddable":true,"href":"https:\/\/www.ffbetania.net\/de\/wp-json\/wp\/v2\/users\/1"}],"replies":[{"embeddable":true,"href":"https:\/\/www.ffbetania.net\/de\/wp-json\/wp\/v2\/comments?post=248174"}],"version-history":[{"count":2,"href":"https:\/\/www.ffbetania.net\/de\/wp-json\/wp\/v2\/pages\/248174\/revisions"}],"predecessor-version":[{"id":248176,"href":"https:\/\/www.ffbetania.net\/de\/wp-json\/wp\/v2\/pages\/248174\/revisions\/248176"}],"up":[{"embeddable":true,"href":"https:\/\/www.ffbetania.net\/de\/wp-json\/wp\/v2\/pages\/247325"}],"wp:featuredmedia":[{"embeddable":true,"href":"https:\/\/www.ffbetania.net\/de\/wp-json\/wp\/v2\/media\/244305"}],"wp:attachment":[{"href":"https:\/\/www.ffbetania.net\/de\/wp-json\/wp\/v2\/media?parent=248174"}],"curies":[{"name":"wp","href":"https:\/\/api.w.org\/{rel}","templated":true}]}}