{"id":247548,"date":"2021-09-01T12:02:33","date_gmt":"2021-09-01T10:02:33","guid":{"rendered":"https:\/\/www.ffbetania.net\/media\/"},"modified":"2026-02-24T11:29:39","modified_gmt":"2026-02-24T10:29:39","slug":"media","status":"publish","type":"page","link":"https:\/\/www.ffbetania.net\/de\/media\/","title":{"rendered":"Media"},"content":{"rendered":"<p>[et_pb_section fb_built=&#8220;1&#8243; disabled_on=&#8220;off|off|off&#8220; admin_label=&#8220;Sezione&#8220; _builder_version=&#8220;4.16&#8243; _module_preset=&#8220;default&#8220; global_colors_info=&#8220;{}&#8220;][et_pb_row admin_label=&#8220;Gallery&#8220; _builder_version=&#8220;4.16&#8243; _module_preset=&#8220;default&#8220; global_colors_info=&#8220;{}&#8220;][et_pb_column type=&#8220;4_4&#8243; _builder_version=&#8220;4.16&#8243; _module_preset=&#8220;default&#8220; global_colors_info=&#8220;{}&#8220;][et_pb_text admin_label=&#8220;Testo&#8220; _builder_version=&#8220;4.16&#8243; _module_preset=&#8220;default&#8220; text_orientation=&#8220;center&#8220; global_colors_info=&#8220;{}&#8220;]<\/p>\n<h2>Fotos der Gemeinschaft<\/h2>\n<p>[\/et_pb_text][et_pb_portfolio posts_number=&#8220;4&#8243; include_categories=&#8220;42&#8243; admin_label=&#8220;Portfolio&#8220; _builder_version=&#8220;4.16&#8243; _module_preset=&#8220;default&#8220; global_colors_info=&#8220;{}&#8220;][\/et_pb_portfolio][\/et_pb_column][\/et_pb_row][et_pb_row disabled_on=&#8220;on|on|on&#8220; admin_label=&#8220;Audio&#8220; _builder_version=&#8220;4.16&#8243; _module_preset=&#8220;default&#8220; disabled=&#8220;on&#8220; global_colors_info=&#8220;{}&#8220;][et_pb_column type=&#8220;4_4&#8243; _builder_version=&#8220;4.16&#8243; _module_preset=&#8220;default&#8220; global_colors_info=&#8220;{}&#8220;][et_pb_text _builder_version=&#8220;4.16&#8243; _module_preset=&#8220;default&#8220; text_orientation=&#8220;center&#8220; global_colors_info=&#8220;{}&#8220;]<\/p>\n<h2>Ascolta il messaggio<\/h2>\n<p>[\/et_pb_text][et_pb_portfolio posts_number=&#8220;4&#8243; include_categories=&#8220;41&#8243; _builder_version=&#8220;4.16&#8243; _module_preset=&#8220;default&#8220; pagination_font=&#8220;|700|||||||&#8220; global_colors_info=&#8220;{}&#8220;][\/et_pb_portfolio][\/et_pb_column][\/et_pb_row][et_pb_row disabled_on=&#8220;on|on|on&#8220; admin_label=&#8220;Video&#8220; _builder_version=&#8220;4.16&#8243; _module_preset=&#8220;default&#8220; disabled=&#8220;on&#8220; global_colors_info=&#8220;{}&#8220;][et_pb_column type=&#8220;4_4&#8243; _builder_version=&#8220;4.16&#8243; _module_preset=&#8220;default&#8220; global_colors_info=&#8220;{}&#8220;][et_pb_text _builder_version=&#8220;4.16&#8243; _module_preset=&#8220;default&#8220; text_orientation=&#8220;center&#8220; global_colors_info=&#8220;{}&#8220;]<\/p>\n<h2>Guarda i video<\/h2>\n<p>[\/et_pb_text][et_pb_portfolio posts_number=&#8220;4&#8243; include_categories=&#8220;43&#8243; _builder_version=&#8220;4.16&#8243; _module_preset=&#8220;default&#8220; pagination_font=&#8220;|700|||||||&#8220; global_colors_info=&#8220;{}&#8220;][\/et_pb_portfolio][\/et_pb_column][\/et_pb_row][\/et_pb_section][et_pb_section fb_built=&#8220;1&#8243; admin_label=&#8220;Sezione Ancilla Domini&#8220; _builder_version=&#8220;4.16&#8243; _module_preset=&#8220;default&#8220; custom_margin=&#8220;||||false|false&#8220; global_colors_info=&#8220;{}&#8220;][et_pb_row admin_label=&#8220;Ancilla-Zeitung&#8220; _builder_version=&#8220;4.16&#8243; _module_preset=&#8220;default&#8220; global_colors_info=&#8220;{}&#8220;][et_pb_column type=&#8220;4_4&#8243; _builder_version=&#8220;4.16&#8243; _module_preset=&#8220;default&#8220; global_colors_info=&#8220;{}&#8220;][et_pb_text _builder_version=&#8220;4.16&#8243; _module_preset=&#8220;default&#8220; text_orientation=&#8220;center&#8220; global_colors_info=&#8220;{}&#8220;]<\/p>\n<h2>Ancilla Domini<\/h2>\n<h4>Zeitschrift der Franziskanischen Gemeinschaft von Betanien (Nur in italienischer Sprache)<\/h4>\n<p>[\/et_pb_text][dsm_card_carousel slide_to_show=&#8220;4&#8243; autoplay=&#8220;off&#8220; infinite=&#8220;off&#8220; equal_height=&#8220;on&#8220; button_vertical_alignment_on_off=&#8220;on&#8220; button_vertical_alignment=&#8220;bottom&#8220; arrow_color=&#8220;#223D56&#8243; dots_active_color=&#8220;#223D56&#8243; dots_inactive_color=&#8220;rgba(147,182,212,0.2)&#8220; slide_to_show_tablet=&#8220;2&#8243; slide_to_show_phone=&#8220;1&#8243; slide_to_show_last_edited=&#8220;on|phone&#8220; _builder_version=&#8220;4.19.5&#8243; _module_preset=&#8220;default&#8220; background_enable_color=&#8220;off&#8220; max_width=&#8220;97%&#8220; module_alignment=&#8220;center&#8220; global_colors_info=&#8220;{}&#8220;][dsm_card_carousel_child title=&#8220;Sguardi che raccontano&#8220; subtitle=&#8220;Testimonianze Case di Missione &#8211; Sacerdoti &#8211; AIDI &#8211; Capitolo Generale&#8220; image=&#8220;https:\/\/www.ffbetania.net\/wp-content\/uploads\/2023\/08\/Ancilla-FFB-maggio-2023.png&#8220; button_text=&#8220;Mehr erfahren&#8220; button_url=&#8220;https:\/\/www.ffbetania.net\/wp-content\/uploads\/2023\/08\/Ancilla-Domini-FFB-maggio-2023inserto-Capitolo-Generale.pdf&#8220; button_url_new_window=&#8220;on&#8220; _builder_version=&#8220;4.19.5&#8243; _module_preset=&#8220;default&#8220; header_text_align=&#8220;center&#8220; body_text_align=&#8220;center&#8220; subhead_text_align=&#8220;center&#8220; background_color=&#8220;#FFFFFF&#8220; background_enable_color=&#8220;on&#8220; button_alignment=&#8220;center&#8220; border_radii=&#8220;on|8px|8px|8px|8px&#8220; box_shadow_style=&#8220;preset3&#8243; box_shadow_vertical=&#8220;8px&#8220; box_shadow_blur=&#8220;24px&#8220; global_colors_info=&#8220;{}&#8220;]Anno XXIV n.1 \u2022 Maggio 2023<br \/>\n[\/dsm_card_carousel_child][dsm_card_carousel_child title=&#8220;Padre Pancrazio Maria 1973 &#8211; 1982 La nascita dei gruppi GAD&#8220; subtitle=&#8220;SPECIALE&#8220; image=&#8220;https:\/\/www.ffbetania.net\/wp-content\/uploads\/2023\/08\/PadrePancrazio-gruppi-gad-FFB.png&#8220; button_text=&#8220;Mehr erfahren&#8220; button_url=&#8220;https:\/\/www.ffbetania.net\/wp-content\/uploads\/2023\/08\/5.-Speciale-Ancilla-Domini-FFB-novembre-2022.pdf&#8220; button_url_new_window=&#8220;on&#8220; _builder_version=&#8220;4.19.5&#8243; _module_preset=&#8220;default&#8220; header_text_align=&#8220;center&#8220; body_text_align=&#8220;center&#8220; subhead_text_align=&#8220;center&#8220; background_color=&#8220;#FFFFFF&#8220; background_enable_color=&#8220;on&#8220; button_alignment=&#8220;center&#8220; border_radii=&#8220;on|8px|8px|8px|8px&#8220; box_shadow_style=&#8220;preset3&#8243; box_shadow_vertical=&#8220;8px&#8220; box_shadow_blur=&#8220;24px&#8220; global_colors_info=&#8220;{}&#8220;]Anno XXIII n.2 \u2022 Novembre 2022<br \/>\n[\/dsm_card_carousel_child][dsm_card_carousel_child title=&#8220;Fra Pancrazio Maria 1967 &#8211; 1973 sacerdote&#8220; subtitle=&#8220;SPECIALE&#8220; image=&#8220;https:\/\/www.ffbetania.net\/wp-content\/uploads\/2023\/08\/Ancilla-Domini-4ed.speciale.png&#8220; button_text=&#8220;Mehr erfahren&#8220; button_url=&#8220;https:\/\/www.ffbetania.net\/wp-content\/uploads\/2023\/08\/4.-Speciale-Ancilla-Domini-FFB-febbraio-2022.pdf&#8220; button_url_new_window=&#8220;on&#8220; _builder_version=&#8220;4.19.5&#8243; _module_preset=&#8220;default&#8220; header_text_align=&#8220;center&#8220; body_text_align=&#8220;center&#8220; subhead_text_align=&#8220;center&#8220; background_color=&#8220;#FFFFFF&#8220; background_enable_color=&#8220;on&#8220; button_alignment=&#8220;center&#8220; border_radii=&#8220;on|8px|8px|8px|8px&#8220; box_shadow_style=&#8220;preset3&#8243; box_shadow_vertical=&#8220;8px&#8220; box_shadow_blur=&#8220;24px&#8220; global_colors_info=&#8220;{}&#8220;]Anno XXIII n.1 \u2022 Febbraio 2022<br \/>\n[\/dsm_card_carousel_child][dsm_card_carousel_child title=&#8220;Fra Pancrazio Maria 1946 &#8211; 1967 Loreto&#8220; subtitle=&#8220;SPECIALE&#8220; image=&#8220;https:\/\/www.ffbetania.net\/wp-content\/uploads\/2023\/08\/Ancilla-Domini-3ed.speciale.png&#8220; button_text=&#8220;Mehr erfahren&#8220; button_url=&#8220;https:\/\/www.ffbetania.net\/wp-content\/uploads\/2023\/08\/3.-Speciale-Ancilla-Domini-FFB-giugno-2021.pdf&#8220; button_url_new_window=&#8220;on&#8220; _builder_version=&#8220;4.19.5&#8243; _module_preset=&#8220;default&#8220; header_text_align=&#8220;center&#8220; body_text_align=&#8220;center&#8220; subhead_text_align=&#8220;center&#8220; background_color=&#8220;#FFFFFF&#8220; background_enable_color=&#8220;on&#8220; button_alignment=&#8220;center&#8220; border_radii=&#8220;on|8px|8px|8px|8px&#8220; box_shadow_style=&#8220;preset3&#8243; box_shadow_vertical=&#8220;8px&#8220; box_shadow_blur=&#8220;24px&#8220; global_colors_info=&#8220;{}&#8220;]Anno XXII n.1 \u2022 Giugno 2021<br \/>\n[\/dsm_card_carousel_child][dsm_card_carousel_child title=&#8220;Fra Pancrazio Maria 1926 &#8211; 1943 infanzia e giovinezza&#8220; subtitle=&#8220;SPECIALE&#8220; image=&#8220;https:\/\/www.ffbetania.net\/wp-content\/uploads\/2023\/08\/Ancilla-Domini-2ed.speciale_.png&#8220; button_text=&#8220;Mehr erfahren&#8220; button_url=&#8220;https:\/\/www.ffbetania.net\/wp-content\/uploads\/2023\/08\/2.-Speciale-Ancilla-Domini-FFB-giugno-2020.pdf&#8220; button_url_new_window=&#8220;on&#8220; _builder_version=&#8220;4.19.5&#8243; _module_preset=&#8220;default&#8220; header_text_align=&#8220;center&#8220; body_text_align=&#8220;center&#8220; subhead_text_align=&#8220;center&#8220; background_color=&#8220;#FFFFFF&#8220; background_enable_color=&#8220;on&#8220; button_alignment=&#8220;center&#8220; border_radii=&#8220;on|8px|8px|8px|8px&#8220; box_shadow_style=&#8220;preset3&#8243; box_shadow_vertical=&#8220;8px&#8220; box_shadow_blur=&#8220;24px&#8220; global_colors_info=&#8220;{}&#8220;]Anno XXI n.1 \u2022 Giugno 2020<br \/>\n[\/dsm_card_carousel_child][dsm_card_carousel_child title=&#8220;Fra Pancrazio Maria OFMCap 15 novembre 1926 &#8211; 3 gennaio 2016&#8243; subtitle=&#8220;SPECIALE&#8220; image=&#8220;https:\/\/www.ffbetania.net\/wp-content\/uploads\/2022\/01\/Pancrazio-copertina_SMALL-1024&#215;682-1.jpg&#8220; button_text=&#8220;Mehr erfahren&#8220; button_url=&#8220;https:\/\/www.ffbetania.net\/wp-content\/uploads\/2023\/08\/1.-Speciale-Ancilla-Domini-FFB-aprile-giugno-2016.pdf&#8220; button_url_new_window=&#8220;on&#8220; _builder_version=&#8220;4.19.5&#8243; _module_preset=&#8220;default&#8220; header_text_align=&#8220;center&#8220; body_text_align=&#8220;center&#8220; subhead_text_align=&#8220;center&#8220; background_color=&#8220;#FFFFFF&#8220; background_enable_color=&#8220;on&#8220; button_alignment=&#8220;center&#8220; border_radii=&#8220;on|8px|8px|8px|8px&#8220; box_shadow_style=&#8220;preset3&#8243; box_shadow_vertical=&#8220;8px&#8220; box_shadow_blur=&#8220;24px&#8220; global_colors_info=&#8220;{}&#8220;]Anno XXVII n.2 \u2022 Aprile-Giugno 2016<br \/>\n[\/dsm_card_carousel_child][dsm_card_carousel_child title=&#8220;Le Nuove Forme di Vita Consacrata&#8220; subtitle=&#8220;una vocazione della Chiesa e nella Chiesa&#8220; image=&#8220;https:\/\/www.ffbetania.net\/wp-content\/uploads\/2022\/02\/AD1_2017.jpg&#8220; button_text=&#8220;Mehr erfahren&#8220; button_url=&#8220;\/wp-content\/uploads\/2022\/02\/AD1_2017.pdf&#8220; button_url_new_window=&#8220;on&#8220; _builder_version=&#8220;4.16&#8243; _module_preset=&#8220;default&#8220; header_text_align=&#8220;center&#8220; body_text_align=&#8220;center&#8220; subhead_text_align=&#8220;center&#8220; background_color=&#8220;#FFFFFF&#8220; background_enable_color=&#8220;on&#8220; button_alignment=&#8220;center&#8220; border_radii=&#8220;on|8px|8px|8px|8px&#8220; box_shadow_style=&#8220;preset3&#8243; box_shadow_vertical=&#8220;8px&#8220; box_shadow_blur=&#8220;24px&#8220; global_colors_info=&#8220;{}&#8220;]Anno XVIII n.1 \u2022 Gennaio-Marzo 2017[\/dsm_card_carousel_child][dsm_card_carousel_child title=&#8220;Un\u2019eredit\u00e0 da custodire con fedelt\u00e0 e responsabilit\u00e0&#8220; subtitle=&#8220;A un anno dalla tua salita al Cielo ci piace ricordarti cos\u00ec&#8220; image=&#8220;https:\/\/www.ffbetania.net\/wp-content\/uploads\/2022\/02\/AD2_2017.jpg&#8220; button_text=&#8220;Mehr erfahren&#8220; button_url=&#8220;\/wp-content\/uploads\/2022\/02\/AD2_2017.pdf&#8220; button_url_new_window=&#8220;on&#8220; _builder_version=&#8220;4.16&#8243; _module_preset=&#8220;default&#8220; header_text_align=&#8220;center&#8220; body_text_align=&#8220;center&#8220; subhead_text_align=&#8220;center&#8220; background_color=&#8220;#FFFFFF&#8220; background_enable_color=&#8220;on&#8220; button_alignment=&#8220;center&#8220; border_radii=&#8220;on|8px|8px|8px|8px&#8220; box_shadow_style=&#8220;preset3&#8243; box_shadow_vertical=&#8220;8px&#8220; box_shadow_blur=&#8220;24px&#8220; global_colors_info=&#8220;{}&#8220;]Anno XVIII n.2 \u2022 Aprile &#8211; Giugno 2017[\/dsm_card_carousel_child][dsm_card_carousel_child title=&#8220;La sfida della comunione&#8220; subtitle=&#8220;Dal 29 aprile al 1 maggio si e&#039; tenuto a Loreto l&#039;annuale Convegno dei Familiari della Fraternita&#039;&#8220; image=&#8220;https:\/\/www.ffbetania.net\/wp-content\/uploads\/2022\/02\/AD3_2017.jpg&#8220; button_text=&#8220;Mehr erfahren&#8220; button_url=&#8220;\/wp-content\/uploads\/2022\/02\/AD3_2017.pdf&#8220; button_url_new_window=&#8220;on&#8220; _builder_version=&#8220;4.16&#8243; _module_preset=&#8220;default&#8220; header_text_align=&#8220;center&#8220; body_text_align=&#8220;center&#8220; subhead_text_align=&#8220;center&#8220; background_color=&#8220;#FFFFFF&#8220; background_enable_color=&#8220;on&#8220; button_alignment=&#8220;center&#8220; border_radii=&#8220;on|8px|8px|8px|8px&#8220; box_shadow_style=&#8220;preset3&#8243; box_shadow_vertical=&#8220;8px&#8220; box_shadow_blur=&#8220;24px&#8220; global_colors_info=&#8220;{}&#8220;]Anno XVIII n. 3 \u2022 Luglio-Settembre 2017[\/dsm_card_carousel_child][dsm_card_carousel_child title=&#8220;IV Capitolo Generale 3-7 luglio 2017 Terlizzi&#8220; subtitle=&#8220;In Continuita&#039; &#8230; Perche&#039; tutti siano uno&#8220; image=&#8220;https:\/\/www.ffbetania.net\/wp-content\/uploads\/2022\/02\/AD4_2017.jpg&#8220; button_text=&#8220;Mehr erfahren&#8220; button_url=&#8220;\/wp-content\/uploads\/2022\/02\/AD4_2017.pdf&#8220; button_url_new_window=&#8220;on&#8220; _builder_version=&#8220;4.16&#8243; _module_preset=&#8220;default&#8220; header_text_align=&#8220;center&#8220; body_text_align=&#8220;center&#8220; subhead_text_align=&#8220;center&#8220; background_color=&#8220;#FFFFFF&#8220; background_enable_color=&#8220;on&#8220; button_alignment=&#8220;center&#8220; border_radii=&#8220;on|8px|8px|8px|8px&#8220; box_shadow_style=&#8220;preset3&#8243; box_shadow_vertical=&#8220;8px&#8220; box_shadow_blur=&#8220;24px&#8220; global_colors_info=&#8220;{}&#8220;]Anno XVIII n.4 \u2022 Ottobre-Dicembre 2017[\/dsm_card_carousel_child][dsm_card_carousel_child title=&#8220;Primo Sinodo Oblati: un traguardo da cui partire&#8220; image=&#8220;https:\/\/www.ffbetania.net\/wp-content\/uploads\/2022\/02\/AD1_2018.jpg&#8220; button_text=&#8220;Mehr erfahren&#8220; button_url=&#8220;\/wp-content\/uploads\/2022\/02\/AD1_2018.pdf&#8220; button_url_new_window=&#8220;on&#8220; _builder_version=&#8220;4.16&#8243; _module_preset=&#8220;default&#8220; header_text_align=&#8220;center&#8220; body_text_align=&#8220;center&#8220; subhead_text_align=&#8220;center&#8220; background_color=&#8220;#FFFFFF&#8220; background_enable_color=&#8220;on&#8220; button_alignment=&#8220;center&#8220; border_radii=&#8220;on|8px|8px|8px|8px&#8220; box_shadow_style=&#8220;preset3&#8243; box_shadow_vertical=&#8220;8px&#8220; box_shadow_blur=&#8220;24px&#8220; global_colors_info=&#8220;{}&#8220;]Anno XIX n.1 \u2022 Gennaio-Marzo 2018[\/dsm_card_carousel_child][dsm_card_carousel_child title=&#8220;Un cammino segnato da pietre miliari&#8220; image=&#8220;https:\/\/www.ffbetania.net\/wp-content\/uploads\/2022\/02\/AD2_2018.jpg&#8220; button_text=&#8220;Mehr erfahren&#8220; button_url=&#8220;\/wp-content\/uploads\/2022\/02\/AD2_2018.pdf&#8220; button_url_new_window=&#8220;on&#8220; _builder_version=&#8220;4.16&#8243; _module_preset=&#8220;default&#8220; header_text_align=&#8220;center&#8220; body_text_align=&#8220;center&#8220; subhead_text_align=&#8220;center&#8220; background_color=&#8220;#FFFFFF&#8220; background_enable_color=&#8220;on&#8220; button_alignment=&#8220;center&#8220; border_radii=&#8220;on|8px|8px|8px|8px&#8220; box_shadow_style=&#8220;preset3&#8243; box_shadow_vertical=&#8220;8px&#8220; box_shadow_blur=&#8220;24px&#8220; global_colors_info=&#8220;{}&#8220;]Anno XIX n.2 \u2022 Aprile-Giugno 2018[\/dsm_card_carousel_child][dsm_card_carousel_child title=&#8220;%22Un giorno Pietro verr\u00e0 a trovare te\u201d&#8220; image=&#8220;https:\/\/www.ffbetania.net\/wp-content\/uploads\/2022\/02\/AD3_2018.jpg&#8220; button_text=&#8220;Mehr erfahren&#8220; button_url=&#8220;\/wp-content\/uploads\/2022\/02\/AD3_2018.pdf&#8220; button_url_new_window=&#8220;on&#8220; _builder_version=&#8220;4.16&#8243; _module_preset=&#8220;default&#8220; header_text_align=&#8220;center&#8220; body_text_align=&#8220;center&#8220; subhead_text_align=&#8220;center&#8220; background_color=&#8220;#FFFFFF&#8220; background_enable_color=&#8220;on&#8220; button_alignment=&#8220;center&#8220; border_radii=&#8220;on|8px|8px|8px|8px&#8220; box_shadow_style=&#8220;preset3&#8243; box_shadow_vertical=&#8220;8px&#8220; box_shadow_blur=&#8220;24px&#8220; global_colors_info=&#8220;{}&#8220;]Anno XIX n.3 \u2022 Luglio-Settembre 2018[\/dsm_card_carousel_child][dsm_card_carousel_child title=&#8220;\u201cCantiere Brasile al lavoro!\u201d&#8220; image=&#8220;https:\/\/www.ffbetania.net\/wp-content\/uploads\/2022\/02\/AD4_2018.jpg&#8220; button_text=&#8220;Mehr erfahren&#8220; button_url=&#8220;\/wp-content\/uploads\/2022\/02\/AD4_2018.pdf&#8220; button_url_new_window=&#8220;on&#8220; _builder_version=&#8220;4.16&#8243; _module_preset=&#8220;default&#8220; header_text_align=&#8220;center&#8220; body_text_align=&#8220;center&#8220; subhead_text_align=&#8220;center&#8220; background_color=&#8220;#FFFFFF&#8220; background_enable_color=&#8220;on&#8220; button_alignment=&#8220;center&#8220; border_radii=&#8220;on|8px|8px|8px|8px&#8220; box_shadow_style=&#8220;preset3&#8243; box_shadow_vertical=&#8220;8px&#8220; box_shadow_blur=&#8220;24px&#8220; global_colors_info=&#8220;{}&#8220;]Anno XIX n.4 \u2022 Ottobre-Dicembre 2018[\/dsm_card_carousel_child][dsm_card_carousel_child title=&#8220;I laici di Betania: braccia aperte sul mondo&#8220; image=&#8220;https:\/\/www.ffbetania.net\/wp-content\/uploads\/2022\/02\/AD4_2018.jpg&#8220; button_text=&#8220;Mehr erfahren&#8220; button_url=&#8220;\/wp-content\/uploads\/2022\/02\/AD1_2019.pdf&#8220; button_url_new_window=&#8220;on&#8220; _builder_version=&#8220;4.16&#8243; _module_preset=&#8220;default&#8220; header_text_align=&#8220;center&#8220; body_text_align=&#8220;center&#8220; subhead_text_align=&#8220;center&#8220; background_color=&#8220;#FFFFFF&#8220; background_enable_color=&#8220;on&#8220; button_alignment=&#8220;center&#8220; border_radii=&#8220;on|8px|8px|8px|8px&#8220; box_shadow_style=&#8220;preset3&#8243; box_shadow_vertical=&#8220;8px&#8220; box_shadow_blur=&#8220;24px&#8220; global_colors_info=&#8220;{}&#8220;]Anno XX n.1 \u2022 Gennaio-Marzo 2019[\/dsm_card_carousel_child][dsm_card_carousel_child title=&#8220;La Vergine Maria nella vita di p. Pater Pancrazio&#8220; image=&#8220;https:\/\/www.ffbetania.net\/wp-content\/uploads\/2022\/02\/AD2_2019.jpg&#8220; button_text=&#8220;Mehr erfahren&#8220; button_url=&#8220;\/wp-content\/uploads\/2022\/02\/AD2_2019.pdf&#8220; button_url_new_window=&#8220;on&#8220; _builder_version=&#8220;4.16&#8243; _module_preset=&#8220;default&#8220; header_text_align=&#8220;center&#8220; body_text_align=&#8220;center&#8220; subhead_text_align=&#8220;center&#8220; background_color=&#8220;#FFFFFF&#8220; background_enable_color=&#8220;on&#8220; button_alignment=&#8220;center&#8220; border_radii=&#8220;on|8px|8px|8px|8px&#8220; box_shadow_style=&#8220;preset3&#8243; box_shadow_vertical=&#8220;8px&#8220; box_shadow_blur=&#8220;24px&#8220; global_colors_info=&#8220;{}&#8220;]Anno XX n. 2 \u2022 Aprile-Giugno 2019[\/dsm_card_carousel_child][dsm_card_carousel_child title=&#8220;UN EREMO per la fraternit\u00e0&#8220; image=&#8220;https:\/\/www.ffbetania.net\/wp-content\/uploads\/2022\/02\/AD3_2019.jpg&#8220; button_text=&#8220;Mehr erfahren&#8220; button_url=&#8220;\/wp-content\/uploads\/2022\/02\/AD3_2019.pdf&#8220; button_url_new_window=&#8220;on&#8220; _builder_version=&#8220;4.16&#8243; _module_preset=&#8220;default&#8220; header_text_align=&#8220;center&#8220; body_text_align=&#8220;center&#8220; subhead_text_align=&#8220;center&#8220; background_color=&#8220;#FFFFFF&#8220; background_enable_color=&#8220;on&#8220; button_alignment=&#8220;center&#8220; border_radii=&#8220;on|8px|8px|8px|8px&#8220; box_shadow_style=&#8220;preset3&#8243; box_shadow_vertical=&#8220;8px&#8220; box_shadow_blur=&#8220;24px&#8220; global_colors_info=&#8220;{}&#8220;]Anno XX n.3 \u2022 Luglio-Settembre 2019[\/dsm_card_carousel_child][dsm_card_carousel_child title=&#8220;Fraternit\u00e0 mista sui passi di Francesco&#8220; image=&#8220;https:\/\/www.ffbetania.net\/wp-content\/uploads\/2022\/02\/AD4_2019.jpg&#8220; button_text=&#8220;Mehr erfahren&#8220; button_url=&#8220;\/wp-content\/uploads\/2022\/02\/AD4_2019.pdf&#8220; button_url_new_window=&#8220;on&#8220; _builder_version=&#8220;4.16&#8243; _module_preset=&#8220;default&#8220; header_text_align=&#8220;center&#8220; body_text_align=&#8220;center&#8220; subhead_text_align=&#8220;center&#8220; background_color=&#8220;#FFFFFF&#8220; background_enable_color=&#8220;on&#8220; button_alignment=&#8220;center&#8220; border_radii=&#8220;on|8px|8px|8px|8px&#8220; box_shadow_style=&#8220;preset3&#8243; box_shadow_vertical=&#8220;8px&#8220; box_shadow_blur=&#8220;24px&#8220; global_colors_info=&#8220;{}&#8220;]Anno XX n.4 \u2022 Ottobre-Dicembre 2019[\/dsm_card_carousel_child][\/dsm_card_carousel][\/et_pb_column][\/et_pb_row][et_pb_row column_structure=&#8220;1_3,2_3&#8243; disabled_on=&#8220;off|off|off&#8220; admin_label=&#8220;Ancilla-Artikel&#8220; _builder_version=&#8220;4.19.5&#8243; _module_preset=&#8220;default&#8220; global_colors_info=&#8220;{}&#8220;][et_pb_column type=&#8220;1_3&#8243; _builder_version=&#8220;4.19.5&#8243; _module_preset=&#8220;default&#8220; global_colors_info=&#8220;{}&#8220;][dsm_text_notation before_text=&#8220;Andere Artikel&#8220; notation_text=&#8220;Ancilla Domini&#8220; notation_color=&#8220;#F2C500&#8243; notation_width=&#8220;8&#8243; disabled_on=&#8220;on|on|on&#8220; _builder_version=&#8220;4.19.5&#8243; _module_preset=&#8220;default&#8220; text_orientation=&#8220;left&#8220; disabled=&#8220;on&#8220; global_colors_info=&#8220;{}&#8220;][\/dsm_text_notation][et_pb_text _builder_version=&#8220;4.19.5&#8243; _module_preset=&#8220;default&#8220; text_font_size_tablet=&#8220;&#8220; text_font_size_phone=&#8220;16px&#8220; text_font_size_last_edited=&#8220;on|phone&#8220; header_text_color_tablet=&#8220;&#8220; header_text_color_phone=&#8220;&#8220; header_text_color_last_edited=&#8220;on|desktop&#8220; global_colors_info=&#8220;{}&#8220;]<\/p>\n<h4>Mehr von der Redaktion<\/h4>\n<p>[\/et_pb_text][et_pb_button button_url=&#8220;https:\/\/www.ffbetania.net\/de\/?page_id=250816&#8243; button_text=&#8220;Alle Nachrichten lesen&#8220; button_alignment=&#8220;left&#8220; _builder_version=&#8220;4.19.5&#8243; _module_preset=&#8220;default&#8220; custom_button=&#8220;on&#8220; button_use_icon=&#8220;off&#8220; custom_padding=&#8220;||||true|true&#8220; box_shadow_style=&#8220;none&#8220; global_colors_info=&#8220;{}&#8220;][\/et_pb_button][\/et_pb_column][et_pb_column type=&#8220;2_3&#8243; _builder_version=&#8220;4.19.5&#8243; _module_preset=&#8220;default&#8220; global_colors_info=&#8220;{}&#8220;][dsm_blog_carousel posts_number=&#8220;6&#8243; include_categories=&#8220;215&#8243; navi_size=&#8220;40&#8243; columns_tablet=&#8220;&#8220; columns_phone=&#8220;1&#8243; columns_last_edited=&#8220;on|desktop&#8220; _builder_version=&#8220;4.19.5&#8243; _module_preset=&#8220;default&#8220; global_colors_info=&#8220;{}&#8220;][\/dsm_blog_carousel][\/et_pb_column][\/et_pb_row][\/et_pb_section][et_pb_section fb_built=&#8220;1&#8243; admin_label=&#8220;dicono di noi&#8220; _builder_version=&#8220;4.16&#8243; _module_preset=&#8220;default&#8220; global_colors_info=&#8220;{}&#8220;][et_pb_row disabled_on=&#8220;off|off|off&#8220; _builder_version=&#8220;4.16&#8243; _module_preset=&#8220;default&#8220; global_colors_info=&#8220;{}&#8220;][et_pb_column type=&#8220;4_4&#8243; _builder_version=&#8220;4.16&#8243; _module_preset=&#8220;default&#8220; global_colors_info=&#8220;{}&#8220;][et_pb_text _builder_version=&#8220;4.16&#8243; _module_preset=&#8220;default&#8220; text_orientation=&#8220;center&#8220; global_colors_info=&#8220;{}&#8220;]<\/p>\n<h2>Man spricht von uns<\/h2>\n<p>[\/et_pb_text][\/et_pb_column][\/et_pb_row][et_pb_row column_structure=&#8220;1_3,1_3,1_3&#8243; disabled_on=&#8220;off|off|off&#8220; _builder_version=&#8220;4.16&#8243; _module_preset=&#8220;default&#8220; global_colors_info=&#8220;{}&#8220;][et_pb_column type=&#8220;1_3&#8243; _builder_version=&#8220;4.16&#8243; _module_preset=&#8220;default&#8220; global_colors_info=&#8220;{}&#8220;][et_pb_video src=&#8220;https:\/\/www.youtube.com\/watch?v=GXoMELIFeHk&#8220; image_src=&#8220;\/\/i.ytimg.com\/vi\/GXoMELIFeHk\/hqdefault.jpg&#8220; admin_label=&#8220;fra Stefano Giubileo &#8211; ottobre 25&#8243; _builder_version=&#8220;4.27.4&#8243; _module_preset=&#8220;default&#8220; hover_enabled=&#8220;0&#8243; db_limit_youtube_related_videos_to_same_channel=&#8220;on&#8220; global_colors_info=&#8220;{}&#8220; sticky_enabled=&#8220;0&#8243;][\/et_pb_video][et_pb_video src=&#8220;https:\/\/www.youtube.com\/watch?v=wwj4rkDfi6E&#038;t=4s&#8220; admin_label=&#8220;fra Stefano &#8211; nov 24&#8243; _builder_version=&#8220;4.19.5&#8243; _module_preset=&#8220;dc97fc8d-578b-484d-ad8e-6cc804f20887&#8243; db_limit_youtube_related_videos_to_same_channel=&#8220;on&#8220; global_colors_info=&#8220;{}&#8220;][\/et_pb_video][et_pb_video src=&#8220;https:\/\/www.youtube.com\/watch?v=JKRck3TiJNQ&#8220; admin_label=&#8220; FFB Monte San Savino lavori febb 23&#8243; _builder_version=&#8220;4.19.5&#8243; _module_preset=&#8220;default&#8220; db_limit_youtube_related_videos_to_same_channel=&#8220;on&#8220; global_colors_info=&#8220;{}&#8220;][\/et_pb_video][\/et_pb_column][et_pb_column type=&#8220;1_3&#8243; _builder_version=&#8220;4.16&#8243; _module_preset=&#8220;default&#8220; global_colors_info=&#8220;{}&#8220;][et_pb_video src=&#8220;https:\/\/www.youtube.com\/watch?v=KJimKDT2dk8&#8243; admin_label=&#8220;fra Stefano (l&#8217;interv) &#8211; Maggio 25&#8243; _builder_version=&#8220;4.27.4&#8243; _module_preset=&#8220;default&#8220; db_limit_youtube_related_videos_to_same_channel=&#8220;on&#8220; global_colors_info=&#8220;{}&#8220;][\/et_pb_video][et_pb_video src=&#8220;https:\/\/www.youtube.com\/watch?v=hMm-65C59X4&#8243; disabled_on=&#8220;off|off|off&#8220; admin_label=&#8220;fra Claudio C. &#8211; agosto 23&#8243; _builder_version=&#8220;4.19.5&#8243; _module_preset=&#8220;default&#8220; db_limit_youtube_related_videos_to_same_channel=&#8220;on&#8220; global_colors_info=&#8220;{}&#8220;][\/et_pb_video][et_pb_video src=&#8220;https:\/\/www.youtube.com\/watch?v=GV-O28mk_BA&#8220; admin_label=&#8220;fra Roberto &#8211; genn 23&#8243; _builder_version=&#8220;4.17.4&#8243; _module_preset=&#8220;default&#8220; db_limit_youtube_related_videos_to_same_channel=&#8220;on&#8220; global_colors_info=&#8220;{}&#8220;][\/et_pb_video][\/et_pb_column][et_pb_column type=&#8220;1_3&#8243; _builder_version=&#8220;4.16&#8243; _module_preset=&#8220;default&#8220; global_colors_info=&#8220;{}&#8220;][et_pb_video src=&#8220;https:\/\/www.youtube.com\/watch?v=_SvJE_oYZso&#8220; admin_label=&#8220;FFB Salvador febbr 25&#8243; _builder_version=&#8220;4.19.5&#8243; _module_preset=&#8220;dc97fc8d-578b-484d-ad8e-6cc804f20887&#8243; db_limit_youtube_related_videos_to_same_channel=&#8220;on&#8220; global_colors_info=&#8220;{}&#8220;][\/et_pb_video][et_pb_video src=&#8220;https:\/\/www.youtube.com\/watch?v=XQdM4gK-S6M&#8220; admin_label=&#8220;fra Stefano V. &#8211; apr 23&#8243; _builder_version=&#8220;4.19.5&#8243; _module_preset=&#8220;dc97fc8d-578b-484d-ad8e-6cc804f20887&#8243; db_limit_youtube_related_videos_to_same_channel=&#8220;on&#8220; global_colors_info=&#8220;{}&#8220;][\/et_pb_video][et_pb_video src=&#8220;https:\/\/www.youtube.com\/watch?v=UsDsFGB4WUI&#8220; admin_label=&#8220;Inaug. AIDI &#8211; febbr 23&#8243; _builder_version=&#8220;4.19.5&#8243; _module_preset=&#8220;default&#8220; db_limit_youtube_related_videos_to_same_channel=&#8220;on&#8220; global_colors_info=&#8220;{}&#8220;][\/et_pb_video][\/et_pb_column][\/et_pb_row][\/et_pb_section][et_pb_section fb_built=&#8220;1&#8243; admin_label=&#8220;Pubblicazioni&#8220; _builder_version=&#8220;4.16&#8243; _module_preset=&#8220;default&#8220; global_colors_info=&#8220;{}&#8220;][et_pb_row _builder_version=&#8220;4.16&#8243; _module_preset=&#8220;default&#8220; global_colors_info=&#8220;{}&#8220;][et_pb_column type=&#8220;4_4&#8243; _builder_version=&#8220;4.16&#8243; _module_preset=&#8220;default&#8220; global_colors_info=&#8220;{}&#8220;][et_pb_text _builder_version=&#8220;4.16&#8243; _module_preset=&#8220;default&#8220; text_orientation=&#8220;center&#8220; global_colors_info=&#8220;{}&#8220;]<\/p>\n<h2>Ver\u00f6ffentlichungen<\/h2>\n<p>[\/et_pb_text][\/et_pb_column][\/et_pb_row][et_pb_row column_structure=&#8220;3_4,1_4&#8243; disabled_on=&#8220;off|off|off&#8220; _builder_version=&#8220;4.16&#8243; _module_preset=&#8220;default&#8220; global_colors_info=&#8220;{}&#8220;][et_pb_column type=&#8220;3_4&#8243; _builder_version=&#8220;4.16&#8243; _module_preset=&#8220;default&#8220; global_colors_info=&#8220;{}&#8220;][dsm_card title=&#8220;Insieme siamo casa di Dio&#8220; subtitle=&#8220;fra Stefano Vita&#8220; layout=&#8220;inline&#8220; layout_inline_image_width=&#8220;32%&#8220; image=&#8220;https:\/\/www.ffbetania.net\/wp-content\/uploads\/2025\/01\/Insieme-siamo-casa-di-Dio_FFB.webp&#8220; image_background_height=&#8220;367px&#8220; image_background_size=&#8220;contain&#8220; button_text=&#8220;Mehr erfahren&#8220; button_url=&#8220;https:\/\/www.editriceshalom.it\/l8457\/vendita_online_libri\/insieme_siamo_casa_di_dio.html&#8220; button_url_new_window=&#8220;1&#8243; admin_label=&#8220;Insieme siamo casa di Dio&#8220; _builder_version=&#8220;4.19.5&#8243; _module_preset=&#8220;_initial&#8220; background_color=&#8220;#FFFFFF&#8220; border_radii=&#8220;on|8px|8px|8px|8px&#8220; box_shadow_style=&#8220;preset2&#8243; box_shadow_horizontal=&#8220;0px&#8220; box_shadow_vertical=&#8220;12px&#8220; box_shadow_color=&#8220;rgba(30,141,185,0.2)&#8220; global_colors_info=&#8220;{}&#8220;]<\/p>\n<div class=\"x11i5rnm xat24cr x1mh8g0r x1vvkbs xtlvy1s x126k92a\">\n<div dir=\"auto\" style=\"text-align: left;\">Fra Stefano Vita, accompagnato dalla saggezza profetica di padre Pancrazio Nicola Gaudioso, OFMCap, e partendo dall\u2019esperienza di vita della Fraternit\u00e0 Francescana di Betania, di cui padre Pancrazio \u00e8 stato fondatore, conduce attraverso un percorso in cui la santit\u00e0 non \u00e8 un\u2019impresa individuale, ma una chiamata comunitaria.<br \/>In un\u2019epoca segnata da individualismo, incertezza e paura del futuro, queste pagine fanno riscoprire la gioia del Vangelo, la bellezza della relazione, a partire da quella tra il maschile e il femminile, e la forza della fraternit\u00e0. Come ricorda il cardinale Gualtiero Bassetti nella Prefazione: \u201cLa chiamata ad essere insieme casa di Dio non \u00e8 utopia, ma profezia!\u201d.<br \/>Un invito a credere che, solo camminando insieme, si possono affrontare le sfide pi\u00f9 urgenti del nostro tempo e diventare davvero \u201ccasa di Dio\u201d.<\/div>\n<\/div>\n<p>[\/dsm_card][dsm_card title=&#8220;Maria modello e ispirazione&#8220; subtitle=&#8220;fra Stefano Vita&#8220; layout=&#8220;inline&#8220; layout_inline_image_width=&#8220;32%&#8220; image=&#8220;https:\/\/www.ffbetania.net\/wp-content\/uploads\/2024\/09\/tempFileForShare_20240925-205055.jpg&#8220; image_background_height=&#8220;367px&#8220; image_background_size=&#8220;contain&#8220; button_text=&#8220;Mehr erfahren&#8220; button_url=&#8220;https:\/\/www.editriceshalom.it\/l10218\/vendita_online_libri\/maria_modello_e_ispirazione.html&#8220; button_url_new_window=&#8220;1&#8243; admin_label=&#8220;Maria modello e ispirazione&#8220; _builder_version=&#8220;4.19.5&#8243; _module_preset=&#8220;_initial&#8220; background_color=&#8220;#FFFFFF&#8220; border_radii=&#8220;on|8px|8px|8px|8px&#8220; box_shadow_style=&#8220;preset2&#8243; box_shadow_horizontal=&#8220;0px&#8220; box_shadow_vertical=&#8220;12px&#8220; box_shadow_color=&#8220;rgba(30,141,185,0.2)&#8220; global_colors_info=&#8220;{}&#8220;]<\/p>\n<div class=\"x11i5rnm xat24cr x1mh8g0r x1vvkbs xtlvy1s x126k92a\">\n<div dir=\"auto\">\u00a0<\/div>\n<div dir=\"auto\" style=\"text-align: left;\">Il libro ha come titolo<em> Maria modello e ispirazione<\/em> e come sottotitolo, <em>Per cantare un nuovo<\/em><br \/><em>Magnificat nella Fraternit\u00e0 Francescana di Betania<\/em>. In questa pubblicazione, senza la pretesa<br \/>di essere esaustivo, viene presentata la spiritualit\u00e0 mariana della nostra Fraternit\u00e0 attraverso<br \/>l\u2019analisi di ogni sua fonte (La Sacra Scrittura, la spiritualit\u00e0 della Santa Casa di Loreto, il<br \/>Testamento mariano alla Fraternit\u00e0 di don Tonino Bello, il programma di vita di san Pio da<br \/>Pietrelcina, il Trattato della vera devozione del Monfort, gli scritti di p. Pancrazio). A ci\u00f2 si<br \/>aggiungono le testimonianze di alcuni fratelli e sorelle su p. Pancrazio e il suo rapporto con<br \/>Maria. Fra Stefano Vita, autore dell\u2019opera, in questo percorso, nel quale presenta anche dei<br \/>commenti personali, si fa accompagnare per mano dalla vita e dagli scritti di p. Pancrazio a<br \/>tal punto che si potrebbe dire che si tratta di un libro scritto a quattro mani.<\/div>\n<div dir=\"auto\">\u00a0<\/div>\n<div dir=\"auto\" style=\"text-align: left;\">Nel libro sono presentati anche testi mariani del padre inediti, alcuni del periodo antecedente<br \/>alla fondazione della Fraternit\u00e0.<\/div>\n<div dir=\"auto\" style=\"text-align: left;\">\u00a0<\/div>\n<\/div>\n<p>[\/dsm_card][dsm_card title=&#8220;Sfrontati e impertinenti cercatori di Dio&#8220; subtitle=&#8220;fra Roberto Fusco &#8220; layout=&#8220;inline&#8220; layout_inline_image_width=&#8220;32%&#8220; image=&#8220;https:\/\/www.ffbetania.net\/wp-content\/uploads\/2022\/12\/Sfrointati-e-impertinenti-cercatori-di-Dio-di-Fra-Roberto-Fusco.jpg&#8220; image_background_height=&#8220;367px&#8220; image_background_size=&#8220;contain&#8220; button_text=&#8220;Mehr erfahren&#8220; button_url=&#8220;https:\/\/www.sanpaolostore.it\/dio-non-esiste-se-pensi-di-conoscerlo-roberto-fusco-9788892240308.aspx?isbn=9788892240308&amp;Referral=spe_scheda_libro&#8220; button_url_new_window=&#8220;1&#8243; _builder_version=&#8220;4.19.5&#8243; _module_preset=&#8220;_initial&#8220; background_color=&#8220;#FFFFFF&#8220; border_radii=&#8220;on|8px|8px|8px|8px&#8220; box_shadow_style=&#8220;preset2&#8243; box_shadow_horizontal=&#8220;0px&#8220; box_shadow_vertical=&#8220;12px&#8220; box_shadow_color=&#8220;rgba(30,141,185,0.2)&#8220; global_colors_info=&#8220;{}&#8220;]<\/p>\n<div class=\"x11i5rnm xat24cr x1mh8g0r x1vvkbs xtlvy1s x126k92a\">\n<div dir=\"auto\"><\/div>\n<div dir=\"auto\">\ud835\ude44\ud835\ude63 \ud835\ude66\ud835\ude6a\ud835\ude5a\ud835\ude68\ud835\ude69\ud835\ude64 \ud835\ude61\ud835\ude5e\ud835\ude57\ud835\ude67\ud835\ude64, \ud835\ude5e\ud835\ude61 \ud835\ude6b\ud835\ude5a\ud835\ude67\ud835\ude64 \ud835\ude65\ud835\ude67\ud835\ude64\ud835\ude69\ud835\ude56\ud835\ude5c\ud835\ude64\ud835\ude63\ud835\ude5e\ud835\ude68\ud835\ude69\ud835\ude56 \ud835\ude68\ud835\ude56\ud835\ude67\ud835\ude56\ud835\ude5e \ud835\ude69\ud835\ude6a: \ud835\ude65\ud835\ude67\ud835\ude64\ud835\ude65\ud835\ude67\ud835\ude5e\ud835\ude64 \ud835\ude69\ud835\ude6a, \ud835\ude65\ud835\ude67\ud835\ude64\ud835\ude58\ud835\ude5a\ud835\ude59\ud835\ude5a\ud835\ude63\ud835\ude59\ud835\ude64 \ud835\ude61\ud835\ude56 \ud835\ude61\ud835\ude5a\ud835\ude69\ud835\ude69\ud835\ude6a\ud835\ude67\ud835\ude56, \ud835\ude68\ud835\ude65\ud835\ude5a\ud835\ude67\ud835\ude5e\ud835\ude62\ud835\ude5a\ud835\ude63\ud835\ude69\ud835\ude5a\ud835\ude67\ud835\ude56\ud835\ude5e \ud835\ude6a\ud835\ude63\u2019\ud835\ude5a\ud835\ude6b\ud835\ude64\ud835\ude61\ud835\ude6a\ud835\ude6f\ud835\ude5e\ud835\ude64\ud835\ude63\ud835\ude5a \ud835\ude5a \ud835\ude6a\ud835\ude63 \ud835\ude58\ud835\ude56\ud835\ude62\ud835\ude57\ud835\ude5e\ud835\ude56\ud835\ude62\ud835\ude5a\ud835\ude63\ud835\ude69\ud835\ude64.<\/div>\n<div dir=\"auto\"><\/div>\n<\/div>\n<div class=\"x11i5rnm xat24cr x1mh8g0r x1vvkbs xtlvy1s x126k92a\">\n<div dir=\"auto\">Roberto Fusco ci invita a entrare nel mondo della mistica da protagonisti, facendoci superare l\u2019idea che l\u2019esperienza spirituale riguardi solo alcune anime elevate. Riguarda, invece, tutti noi, che siamo spesso schiacciati dal quotidiano, che ci sentiamo inadatti, che crediamo che le cose \u201calte\u201d non facciano per noi che siamo fragili e imperfetti.<\/div>\n<div dir=\"auto\"><\/div>\n<\/div>\n<div class=\"x11i5rnm xat24cr x1mh8g0r x1vvkbs xtlvy1s x126k92a\">\n<div dir=\"auto\">Attraverso la presentazione di cinque esperienze spirituali tra le pi\u00f9 grandi della storia cristiana, Fusco ci ricorda che Dio attende al varco chiunque decida di farsi sfrontato e impertinente cercatore di Lui.<\/div>\n<\/div>\n<p>[\/dsm_card][dsm_card title=&#8220;La forza dell\u2019amore. Una testimonianza sull\u2019Eucaristia in compagnia del beato Carlo Acutis&#8220; subtitle=&#8220;fra Elias Coviello&#8220; layout=&#8220;inline&#8220; layout_inline_image_width=&#8220;32%&#8220; image=&#8220;https:\/\/www.ffbetania.net\/wp-content\/uploads\/2023\/01\/La-forza-dellamore-libro-di-fra-Elia-Coviello.jpg&#8220; image_background_height=&#8220;367px&#8220; image_background_size=&#8220;contain&#8220; button_text=&#8220;Ausschnitt herunterladen&#8220; button_url=&#8220;https:\/\/www.ffbetania.net\/wp-content\/uploads\/2023\/01\/cs_gruppo-editoriale-san-paolo_la-forza-dellamore-di-elias-coviello.pdf&#8220; button_url_new_window=&#8220;1&#8243; _builder_version=&#8220;4.19.5&#8243; _module_preset=&#8220;_initial&#8220; background_color=&#8220;#FFFFFF&#8220; border_radii=&#8220;on|8px|8px|8px|8px&#8220; box_shadow_style=&#8220;preset2&#8243; box_shadow_horizontal=&#8220;0px&#8220; box_shadow_vertical=&#8220;12px&#8220; box_shadow_color=&#8220;rgba(30,141,185,0.2)&#8220; global_colors_info=&#8220;{}&#8220;]<strong>EUCARISTIA, INTERIORIT\u00c0, TES<wbr><\/wbr>TIMONI DI VITA DA CONOSCERE<\/strong><\/p>\n<p>\u201cEcco dunque il senso di questo libro piccolo ma prezioso, che non parla di teologia complessa, di conoscenza astratta, ma \u00e8 denso di vita vissuta, di esperienza concreta con Dio, di relazione che passa attraverso la vita vera dell\u2019autore e la testimonianza di tanti giovani che hanno fatto esperienza di Dio attraverso un contatto profondo con l\u2019Eucaristia. Giovani come tanti altri che hanno avuto il coraggio di provare ad aprire lo scrigno del loro cuore a colui che d\u00e0 senso e pienezza alla vita. La storia di ciascuno pu\u00f2 essere la pi\u00f9 difficile, devastata, debole, insignificante, piena di prove e dolore, ma diviene pesante e invivibile solo quando \u00e8 priva di senso. Solo chi ha una meta cammina, solo chi \u00e8 spinto da una passione \u00e8 disposto a soffrire per portarla a compimento\u201d (dalla Presentazione).<\/p>\n<p>A fare da commento e quasi da preziosa guida per il lettore sono disseminate lungo il testo alcune significative parole del beato Carlo Acutis.[\/dsm_card][dsm_card title=&#8220;Dio \u00e8 bello (da morire)&#8220; subtitle=&#8220;fra Roberto Fusco &#8220; layout=&#8220;inline&#8220; layout_inline_image_width=&#8220;32%&#8220; image=&#8220;https:\/\/www.ffbetania.net\/wp-content\/uploads\/2022\/01\/dio-e-bello-da-morire_cover.jpeg&#8220; image_background_height=&#8220;367px&#8220; image_background_size=&#8220;contain&#8220; button_text=&#8220;Ausschnitt herunterladen&#8220; button_url=&#8220;https:\/\/www.ffbetania.net\/wp-content\/uploads\/2022\/01\/cs_gruppo-editoriale-san-paolo_dio-e-bello-da-morire-di-roberto-fusco.pdf&#8220; button_url_new_window=&#8220;1&#8243; _builder_version=&#8220;4.19.5&#8243; _module_preset=&#8220;_initial&#8220; background_color=&#8220;#FFFFFF&#8220; border_radii=&#8220;on|8px|8px|8px|8px&#8220; box_shadow_style=&#8220;preset2&#8243; box_shadow_horizontal=&#8220;0px&#8220; box_shadow_vertical=&#8220;12px&#8220; box_shadow_color=&#8220;rgba(30,141,185,0.2)&#8220; global_colors_info=&#8220;{}&#8220;]In questo percorso fra Roberto presenta al lettore cinque personaggi che, della misti\u00adca, vanno a comporre una sorta di carti\u00adna di tornasole: Mos\u00e8, Guglielmo di Saint-Thierry, Caterina da Siena, Teresa di Lisieux, Francesco d\u2019Assisi. Ciascuno di loro offre un ingresso privilegiato nel mistero della contemplazione: dalla nube oscura di Mos\u00e8 al bacio divino descritto da Guglielmo; dall\u2019e\u00adstasi incarnata nella storia del suo tempo di Caterina alla piccola via di Teresa; fino alla completa conformazione a Cristo vissuta da Francesco.<\/p>\n<p>La mistica ci viene cos\u00ec offerta come non l\u2019abbiamo mai immaginata: una delle avven\u00adture pi\u00f9 straordinarie che si possano vivere, l\u2019avventura dell\u2019uomo con Dio.[\/dsm_card][dsm_card title=&#8220;Don Tonino a Betania. Pastore e amico&#8220; subtitle=&#8220;fra Stefano Vita&#8220; layout=&#8220;inline&#8220; layout_inline_image_width=&#8220;32%&#8220; image=&#8220;https:\/\/www.ffbetania.net\/wp-content\/uploads\/2023\/05\/Don-Tonino-a-Betania-di-fra-Stefano-Vita_FFB.jpg&#8220; image_background_height=&#8220;367px&#8220; image_background_size=&#8220;contain&#8220; button_text=&#8220;Mehr erfahren&#8220; button_url=&#8220;https:\/\/www.edinsieme.com\/index.php?mod=shop&amp;op=find&amp;idp=680&#8243; button_url_new_window=&#8220;1&#8243; disabled_on=&#8220;off|off|off&#8220; admin_label=&#8220;Don Tonino a Betania&#8220; _builder_version=&#8220;4.19.5&#8243; _module_preset=&#8220;_initial&#8220; background_color=&#8220;#FFFFFF&#8220; border_radii=&#8220;on|8px|8px|8px|8px&#8220; box_shadow_style=&#8220;preset2&#8243; box_shadow_horizontal=&#8220;0px&#8220; box_shadow_vertical=&#8220;12px&#8220; box_shadow_color=&#8220;rgba(30,141,185,0.2)&#8220; global_colors_info=&#8220;{}&#8220;]<\/p>\n<div class=\"x11i5rnm xat24cr x1mh8g0r x1vvkbs xtlvy1s x126k92a\">\n<div dir=\"auto\"><\/div>\n<div dir=\"auto\">La Fraternit\u00e0 Francescana di Betania, nei primi anni della sua esistenza, ha avuto il dono grande di essere accompagnata come pastore da don Tonino Bello (30 ottobre 1982 &#8211; 20 aprile 1993).<\/div>\n<div dir=\"auto\">Egli ha vissuto questo ministero nei confronti della Fraternit\u00e0, indossando le vesti dell&#8217;amicizia, <em>i primis<\/em> verso il nostro amato fondatore p. Pancrazio e poi verso tutti i fratelli e le sorelle.<\/div>\n<div dir=\"auto\"><\/div>\n<div dir=\"auto\">Don Tonino, attraverso i suoi interventi presso la Fraternit\u00e0, raccolti in questa pubblicazione, ci ha rivelato &#8222;le parole&#8220; che &#8222;ha udito dal Padre suo&#8220; nelle sue meditazioni spirituali davanti al tabernacolo della sua cappella e negli incontri con la gente e i poveri della sua diocesi e non solo, che tanto amava ed esortava ad amare, nei quali sapeva scorgere il volto del Signore.<\/div>\n<\/div>\n<div dir=\"auto\"><\/div>\n<div class=\"x11i5rnm xat24cr x1mh8g0r x1vvkbs xtlvy1s x126k92a\">\n<div dir=\"auto\" style=\"text-align: left;\"><\/div>\n<div dir=\"auto\" style=\"text-align: left;\"><\/div>\n<\/div>\n<p>[\/dsm_card][dsm_card title=&#8220;Sulle strade di un carisma. Il cammino della Fraternit\u00e0 Francescana di Betania&#8220; subtitle=&#8220;A cura di fra Stefano Vita&#8220; layout=&#8220;inline&#8220; layout_inline_image_width=&#8220;32%&#8220; image=&#8220;https:\/\/www.ffbetania.net\/wp-content\/uploads\/2022\/03\/Sulle-strade-di-un-carisma-FFB.jpg&#8220; image_background_height=&#8220;367px&#8220; image_background_size=&#8220;contain&#8220; button_text=&#8220;Mehr erfahren&#8220; button_url=&#8220;https:\/\/www.edinsieme.com\/?mod=shop&amp;op=find&amp;autore=&amp;titolo=sulle+strade+di+un+carisma&amp;x=0&amp;y=0&#8243; button_url_new_window=&#8220;on&#8220; _builder_version=&#8220;4.19.5&#8243; _module_preset=&#8220;_initial&#8220; background_color=&#8220;#FFFFFF&#8220; border_radii=&#8220;on|8px|8px|8px|8px&#8220; box_shadow_style=&#8220;preset2&#8243; box_shadow_horizontal=&#8220;0px&#8220; box_shadow_vertical=&#8220;12px&#8220; box_shadow_color=&#8220;rgba(30,141,185,0.2)&#8220; global_colors_info=&#8220;{}&#8220;]Accoglienza, preghiera e vita fraterna costituiscono i tre pilastri su cui poggia il carisma della Fraternit\u00e0 Francescana di Betania, istituto di vita consacrata nato nel 1988 dal programma che san Pio consegna al cappuccino fra Pancrazio Nicola Gaudioso mosso dall&#8217;esigenza di vivificare la vita religiosa. Interpretando nel dopoconcilio tali indicazioni, il Fondatore, di cui il testo ricostruisce la vicenda storica e spirituale, coniuga l&#8217;esperienza contemplativa di Maria con quella attiva di Marta nella Betania evangelica per applicarla a un contesto comunitario di vita di perfezione che contempla la compresenza di uomini e donne in fraternit\u00e0 come &#8222;sacramento dell&#8217;amore trinitario&#8220;.[\/dsm_card][\/et_pb_column][et_pb_column type=&#8220;1_4&#8243; _builder_version=&#8220;4.16&#8243; _module_preset=&#8220;default&#8220; global_colors_info=&#8220;{}&#8220;][et_pb_text _builder_version=&#8220;4.16&#8243; _module_preset=&#8220;default&#8220; global_colors_info=&#8220;{}&#8220;]F\u00fcr weitere Informationen wenden Sie sich an Ihre Referenzgemeinschaft<\/p>\n<p>Oder kontaktieren Sie uns<br \/>\n[\/et_pb_text][et_pb_button button_url=&#8220;mailto:info@ffbetania.net&#8220; button_text=&#8220;mit einer E-Mail&#8220; _builder_version=&#8220;4.16&#8243; _module_preset=&#8220;default&#8220; global_colors_info=&#8220;{}&#8220;][\/et_pb_button][\/et_pb_column][\/et_pb_row][\/et_pb_section]<\/p>\n","protected":false},"excerpt":{"rendered":"<p>Fotos der Gemeinschaft Ascolta il messaggio Guarda i video Ancilla Domini Zeitschrift der Franziskanischen Gemeinschaft von Betanien (Nur in italienischer Sprache) <div class=\"et_pb_module dsm_card_carousel dsm_card_carousel_0 dsm_card_carousel_layout_stacked  dsm_card_carousel_equal_height dsm-card-button-alignment dsm-card-button-alignment-bottom dsm_card_carousel_arrow_outside dsm_card_carousel_arrow_mobile_inside\">\n\t\t\t\t\n\t\t\t\t\n\t\t\t\t\n\t\t\t\t\n\t\t\t\t\n\t\t\t\t\n\t\t\t\t<div class=\"et_pb_module_inner\">\n\t\t\t\t\t\n\t\t\t\n\t\t\t<div class=\"swiper-container dsm_card_carousel_wrapper\" dir=\"ltr\" data-params=\"[{&quot;effect&quot;:&quot;default&quot;,&quot;slider_effect_shadows&quot;:false,&quot;slider_effect_coverflow_rotate&quot;:&quot;30&quot;,&quot;slider_effect_coverflow_depth&quot;:&quot;0&quot;,&quot;loop&quot;:false,&quot;slide_to_show&quot;:&quot;4&quot;,&quot;slide_to_show_tablet&quot;:&quot;2&quot;,&quot;slide_to_show_phone&quot;:&quot;1&quot;,&quot;slide_to_scroll&quot;:&quot;1&quot;,&quot;slide_to_scroll_tablet&quot;:&quot;1&quot;,&quot;slide_to_scroll_phone&quot;:&quot;1&quot;,&quot;space_between&quot;:&quot;15&quot;,&quot;space_between_tablet&quot;:&quot;15&quot;,&quot;space_between_phone&quot;:&quot;15&quot;,&quot;centered_slides&quot;:false,&quot;slide_row&quot;:&quot;1&quot;,&quot;speed&quot;:&quot;300&quot;,&quot;autoplay&quot;:false,&quot;autoplay_speed&quot;:&quot;3000&quot;,&quot;touch_move&quot;:true,&quot;grab&quot;:true,&quot;pause_on_hover&quot;:false,&quot;auto_height&quot;:false}]\">\n\t\t\t<div class=\"swiper-wrapper\"><\/div>\n\t\t\t<\/div><div class=\"swiper-button-prev dsm_card_carousel_arrow\" data-icon=\"4\"><\/div><div class=\"swiper-button-next dsm_card_carousel_arrow\" data-icon=\"5\"><\/div><div class=\"swiper-pagination dsm_card_carousel_pagination\"><\/div>\n\t\t\t\t<\/div>\n\t\t\t<\/div><div class=\"dsm_card_carousel_child dsm_card_carousel_child_0 swiper-slide\">\n\t\t\t\t\n\t\t\t\t\n\t\t\t\t\n\t\t\t\t\n\t\t\t\t\n\t\t\t\t\n\t\t\t\t<div class=\"et_pb_module_inner\">\n\t\t\t\t\t\n\t\t\t\n\t\t\t<figure class=\"dsm_card_carousel_child_image_wrapper dsm_card_carousel_child_badge_top_right\"><div class=\"dsm_card_carousel_child_image_background dsm_card_carousel_child_img\"><\/div><\/figure>\n\t\t\t<div class=\"dsm_card_wrapper et_pb_text_align_left et_pb_bg_layout_light\">\n\t\t\t\t\t<h4 class=\"dsm_card_title et_pb_module_header\">&#8220;Sguardi<\/h4>\n\t\t\t\t\t<div class=\"dsm_card_carousel_child_subtitle\">&#8220;Testimonianze<\/div>\n\t\t\t\t\t\n\t\t\t\t\t\n\t\t\t\t<\/div>\n\t\t\t\t<\/div>\n\t\t\t<\/div><\/p>\n","protected":false},"author":1,"featured_media":244317,"parent":0,"menu_order":0,"comment_status":"closed","ping_status":"closed","template":"","meta":{"_et_pb_use_builder":"on","_et_pb_old_content":"","_et_gb_content_width":"","footnotes":""},"class_list":["post-247548","page","type-page","status-publish","has-post-thumbnail","hentry"],"yoast_head":"<!-- This site is optimized with the Yoast SEO plugin v27.5 - https:\/\/yoast.com\/product\/yoast-seo-wordpress\/ -->\n<title>Media - Fraternit\u00e0 Francescana di Betania<\/title>\n<meta name=\"robots\" content=\"index, follow, max-snippet:-1, max-image-preview:large, max-video-preview:-1\" \/>\n<link rel=\"canonical\" href=\"https:\/\/www.ffbetania.net\/de\/media\/\" \/>\n<meta property=\"og:locale\" content=\"de_DE\" \/>\n<meta property=\"og:type\" content=\"article\" \/>\n<meta property=\"og:title\" content=\"Media - Fraternit\u00e0 Francescana di Betania\" \/>\n<meta property=\"og:description\" content=\"Fotos der Gemeinschaft Ascolta il messaggio Guarda i video Ancilla Domini Zeitschrift der Franziskanischen Gemeinschaft von Betanien (Nur in italienischer Sprache)\" \/>\n<meta property=\"og:url\" content=\"https:\/\/www.ffbetania.net\/de\/media\/\" \/>\n<meta property=\"og:site_name\" content=\"Fraternit\u00e0 Francescana di Betania\" \/>\n<meta property=\"article:modified_time\" content=\"2026-02-24T10:29:39+00:00\" \/>\n<meta property=\"og:image\" content=\"https:\/\/www.ffbetania.net\/wp-content\/uploads\/2022\/03\/IMG_5488.jpg\" \/>\n\t<meta property=\"og:image:width\" content=\"1920\" \/>\n\t<meta property=\"og:image:height\" content=\"1280\" \/>\n\t<meta property=\"og:image:type\" content=\"image\/jpeg\" \/>\n<meta name=\"twitter:card\" content=\"summary_large_image\" \/>\n<meta name=\"twitter:label1\" content=\"Gesch\u00e4tzte Lesezeit\" \/>\n\t<meta name=\"twitter:data1\" content=\"8\u00a0Minuten\" \/>\n<script type=\"application\/ld+json\" class=\"yoast-schema-graph\">{\"@context\":\"https:\\\/\\\/schema.org\",\"@graph\":[{\"@type\":\"WebPage\",\"@id\":\"https:\\\/\\\/www.ffbetania.net\\\/de\\\/media\\\/\",\"url\":\"https:\\\/\\\/www.ffbetania.net\\\/de\\\/media\\\/\",\"name\":\"Media - Fraternit\u00e0 Francescana di Betania\",\"isPartOf\":{\"@id\":\"https:\\\/\\\/www.ffbetania.net\\\/de\\\/#website\"},\"primaryImageOfPage\":{\"@id\":\"https:\\\/\\\/www.ffbetania.net\\\/de\\\/media\\\/#primaryimage\"},\"image\":{\"@id\":\"https:\\\/\\\/www.ffbetania.net\\\/de\\\/media\\\/#primaryimage\"},\"thumbnailUrl\":\"https:\\\/\\\/www.ffbetania.net\\\/wp-content\\\/uploads\\\/2022\\\/03\\\/IMG_5488.jpg\",\"datePublished\":\"2021-09-01T10:02:33+00:00\",\"dateModified\":\"2026-02-24T10:29:39+00:00\",\"breadcrumb\":{\"@id\":\"https:\\\/\\\/www.ffbetania.net\\\/de\\\/media\\\/#breadcrumb\"},\"inLanguage\":\"de\",\"potentialAction\":[{\"@type\":\"ReadAction\",\"target\":[\"https:\\\/\\\/www.ffbetania.net\\\/de\\\/media\\\/\"]}]},{\"@type\":\"ImageObject\",\"inLanguage\":\"de\",\"@id\":\"https:\\\/\\\/www.ffbetania.net\\\/de\\\/media\\\/#primaryimage\",\"url\":\"https:\\\/\\\/www.ffbetania.net\\\/wp-content\\\/uploads\\\/2022\\\/03\\\/IMG_5488.jpg\",\"contentUrl\":\"https:\\\/\\\/www.ffbetania.net\\\/wp-content\\\/uploads\\\/2022\\\/03\\\/IMG_5488.jpg\",\"width\":1920,\"height\":1280},{\"@type\":\"BreadcrumbList\",\"@id\":\"https:\\\/\\\/www.ffbetania.net\\\/de\\\/media\\\/#breadcrumb\",\"itemListElement\":[{\"@type\":\"ListItem\",\"position\":1,\"name\":\"Home\",\"item\":\"https:\\\/\\\/www.ffbetania.net\\\/de\\\/\"},{\"@type\":\"ListItem\",\"position\":2,\"name\":\"Media\"}]},{\"@type\":\"WebSite\",\"@id\":\"https:\\\/\\\/www.ffbetania.net\\\/de\\\/#website\",\"url\":\"https:\\\/\\\/www.ffbetania.net\\\/de\\\/\",\"name\":\"Fraternit\u00e0 Francescana di Betania\",\"description\":\"La Fraternit\u00e0 Francescana di Betania \u00e8 lieta di rendervi partecipi di questa gioia\",\"potentialAction\":[{\"@type\":\"SearchAction\",\"target\":{\"@type\":\"EntryPoint\",\"urlTemplate\":\"https:\\\/\\\/www.ffbetania.net\\\/de\\\/?s={search_term_string}\"},\"query-input\":{\"@type\":\"PropertyValueSpecification\",\"valueRequired\":true,\"valueName\":\"search_term_string\"}}],\"inLanguage\":\"de\"}]}<\/script>\n<!-- \/ Yoast SEO plugin. -->","yoast_head_json":{"title":"Media - Fraternit\u00e0 Francescana di Betania","robots":{"index":"index","follow":"follow","max-snippet":"max-snippet:-1","max-image-preview":"max-image-preview:large","max-video-preview":"max-video-preview:-1"},"canonical":"https:\/\/www.ffbetania.net\/de\/media\/","og_locale":"de_DE","og_type":"article","og_title":"Media - Fraternit\u00e0 Francescana di Betania","og_description":"Fotos der Gemeinschaft Ascolta il messaggio Guarda i video Ancilla Domini Zeitschrift der Franziskanischen Gemeinschaft von Betanien (Nur in italienischer Sprache)","og_url":"https:\/\/www.ffbetania.net\/de\/media\/","og_site_name":"Fraternit\u00e0 Francescana di Betania","article_modified_time":"2026-02-24T10:29:39+00:00","og_image":[{"width":1920,"height":1280,"url":"https:\/\/www.ffbetania.net\/wp-content\/uploads\/2022\/03\/IMG_5488.jpg","type":"image\/jpeg"}],"twitter_card":"summary_large_image","twitter_misc":{"Gesch\u00e4tzte Lesezeit":"8\u00a0Minuten"},"schema":{"@context":"https:\/\/schema.org","@graph":[{"@type":"WebPage","@id":"https:\/\/www.ffbetania.net\/de\/media\/","url":"https:\/\/www.ffbetania.net\/de\/media\/","name":"Media - Fraternit\u00e0 Francescana di Betania","isPartOf":{"@id":"https:\/\/www.ffbetania.net\/de\/#website"},"primaryImageOfPage":{"@id":"https:\/\/www.ffbetania.net\/de\/media\/#primaryimage"},"image":{"@id":"https:\/\/www.ffbetania.net\/de\/media\/#primaryimage"},"thumbnailUrl":"https:\/\/www.ffbetania.net\/wp-content\/uploads\/2022\/03\/IMG_5488.jpg","datePublished":"2021-09-01T10:02:33+00:00","dateModified":"2026-02-24T10:29:39+00:00","breadcrumb":{"@id":"https:\/\/www.ffbetania.net\/de\/media\/#breadcrumb"},"inLanguage":"de","potentialAction":[{"@type":"ReadAction","target":["https:\/\/www.ffbetania.net\/de\/media\/"]}]},{"@type":"ImageObject","inLanguage":"de","@id":"https:\/\/www.ffbetania.net\/de\/media\/#primaryimage","url":"https:\/\/www.ffbetania.net\/wp-content\/uploads\/2022\/03\/IMG_5488.jpg","contentUrl":"https:\/\/www.ffbetania.net\/wp-content\/uploads\/2022\/03\/IMG_5488.jpg","width":1920,"height":1280},{"@type":"BreadcrumbList","@id":"https:\/\/www.ffbetania.net\/de\/media\/#breadcrumb","itemListElement":[{"@type":"ListItem","position":1,"name":"Home","item":"https:\/\/www.ffbetania.net\/de\/"},{"@type":"ListItem","position":2,"name":"Media"}]},{"@type":"WebSite","@id":"https:\/\/www.ffbetania.net\/de\/#website","url":"https:\/\/www.ffbetania.net\/de\/","name":"Fraternit\u00e0 Francescana di Betania","description":"La Fraternit\u00e0 Francescana di Betania \u00e8 lieta di rendervi partecipi di questa gioia","potentialAction":[{"@type":"SearchAction","target":{"@type":"EntryPoint","urlTemplate":"https:\/\/www.ffbetania.net\/de\/?s={search_term_string}"},"query-input":{"@type":"PropertyValueSpecification","valueRequired":true,"valueName":"search_term_string"}}],"inLanguage":"de"}]}},"_links":{"self":[{"href":"https:\/\/www.ffbetania.net\/de\/wp-json\/wp\/v2\/pages\/247548","targetHints":{"allow":["GET"]}}],"collection":[{"href":"https:\/\/www.ffbetania.net\/de\/wp-json\/wp\/v2\/pages"}],"about":[{"href":"https:\/\/www.ffbetania.net\/de\/wp-json\/wp\/v2\/types\/page"}],"author":[{"embeddable":true,"href":"https:\/\/www.ffbetania.net\/de\/wp-json\/wp\/v2\/users\/1"}],"replies":[{"embeddable":true,"href":"https:\/\/www.ffbetania.net\/de\/wp-json\/wp\/v2\/comments?post=247548"}],"version-history":[{"count":11,"href":"https:\/\/www.ffbetania.net\/de\/wp-json\/wp\/v2\/pages\/247548\/revisions"}],"predecessor-version":[{"id":283932,"href":"https:\/\/www.ffbetania.net\/de\/wp-json\/wp\/v2\/pages\/247548\/revisions\/283932"}],"wp:featuredmedia":[{"embeddable":true,"href":"https:\/\/www.ffbetania.net\/de\/wp-json\/wp\/v2\/media\/244317"}],"wp:attachment":[{"href":"https:\/\/www.ffbetania.net\/de\/wp-json\/wp\/v2\/media?parent=247548"}],"curies":[{"name":"wp","href":"https:\/\/api.w.org\/{rel}","templated":true}]}}