{"id":247411,"date":"2021-12-14T10:13:25","date_gmt":"2021-12-14T09:13:25","guid":{"rendered":"https:\/\/www.ffbetania.net\/brasilien-projekt\/"},"modified":"2025-08-12T11:29:47","modified_gmt":"2025-08-12T09:29:47","slug":"brasilien-projekt","status":"publish","type":"page","link":"https:\/\/www.ffbetania.net\/de\/brasilien-projekt\/","title":{"rendered":"Brasilien Projekt"},"content":{"rendered":"<p>[et_pb_section fb_built=&#8220;1&#8243; admin_label=&#8220;intro&#8220; _builder_version=&#8220;4.16&#8243; _module_preset=&#8220;default&#8220; global_colors_info=&#8220;{}&#8220;][et_pb_row column_structure=&#8220;1_3,1_3,1_3&#8243; make_equal=&#8220;on&#8220; _builder_version=&#8220;4.16&#8243; _module_preset=&#8220;default&#8220; custom_css_main_element=&#8220;align-items: center;&#8220; global_colors_info=&#8220;{}&#8220;][et_pb_column type=&#8220;1_3&#8243; _builder_version=&#8220;4.16&#8243; _module_preset=&#8220;default&#8220; global_colors_info=&#8220;{}&#8220;][et_pb_image title_text=&#8220;Crehe FFB Salvador_FFB2024&#8243; _builder_version=&#8220;4.27.4&#8243; _module_preset=&#8220;0f34e574-d593-4c4a-848f-76eddc3d883a&#8220; hover_enabled=&#8220;0&#8243; global_colors_info=&#8220;{}&#8220; sticky_enabled=&#8220;0&#8243; src=&#8220;https:\/\/www.ffbetania.net\/wp-content\/uploads\/2025\/04\/Crehe-FFB-Salvador_FFB2024.png&#8220;][\/et_pb_image][\/et_pb_column][et_pb_column type=&#8220;1_3&#8243; _builder_version=&#8220;4.16&#8243; _module_preset=&#8220;default&#8220; global_colors_info=&#8220;{}&#8220;][et_pb_text _builder_version=&#8220;4.16&#8243; _module_preset=&#8220;default&#8220; text_orientation=&#8220;center&#8220; global_colors_info=&#8220;{}&#8220;]<\/p>\n<p>Das Brasilien-Projekt entspringt dem Wunsch unseres Gr\u00fcnders, Pater Pancrazio, <strong>ein Aufnahme-<\/strong> <strong>und Gastfreundschaftszentrum<\/strong> f\u00fcr junge Menschen einzurichten, die in den Favelas leben und sich in einer schwierigen Situation befinden, um ihnen eine Ausbildung im Lichte des Evangeliums und im Geiste der FGB anzubieten, die ihre ganzheitliche Entwicklung unterst\u00fctzt.<\/p>\n<p>[\/et_pb_text][\/et_pb_column][et_pb_column type=&#8220;1_3&#8243; _builder_version=&#8220;4.16&#8243; _module_preset=&#8220;default&#8220; global_colors_info=&#8220;{}&#8220;][et_pb_image src=&#8220;https:\/\/www.ffbetania.net\/wp-content\/uploads\/2022\/01\/CIMG93731-e1425629958544.jpeg&#8220; title_text=&#8220;Creche FFB Salvador&#8220; _builder_version=&#8220;4.16&#8243; _module_preset=&#8220;0f34e574-d593-4c4a-848f-76eddc3d883a&#8220; global_colors_info=&#8220;{}&#8220;][\/et_pb_image][\/et_pb_column][\/et_pb_row][\/et_pb_section][et_pb_section fb_built=&#8220;1&#8243; admin_label=&#8220;Dove siamo&#8220; _builder_version=&#8220;4.16&#8243; _module_preset=&#8220;default&#8220; global_colors_info=&#8220;{}&#8220;][et_pb_row column_structure=&#8220;3_5,2_5&#8243; make_equal=&#8220;on&#8220; _builder_version=&#8220;4.16&#8243; _module_preset=&#8220;default&#8220; global_colors_info=&#8220;{}&#8220;][et_pb_column type=&#8220;3_5&#8243; _builder_version=&#8220;4.16&#8243; _module_preset=&#8220;default&#8220; global_colors_info=&#8220;{}&#8220;][dsm_text_notation notation_text=&#8220;Wo wir sind&#8220; _builder_version=&#8220;4.16&#8243; _module_preset=&#8220;a25692cb-2566-47c5-86d8-88387cd6ce58&#8243; text_orientation=&#8220;left&#8220; global_colors_info=&#8220;{}&#8220;][\/dsm_text_notation][et_pb_text _builder_version=&#8220;4.16&#8243; _module_preset=&#8220;default&#8220; global_colors_info=&#8220;{}&#8220;]<\/p>\n<p> Wir befinden uns in <strong>Salvador de Bahia<\/strong>, in einem Komplex von Quartieren rund um das <strong>Bairro de S\u00e3o Cristov\u00e3o<\/strong>, in der N\u00e4he des internationalen Flughafens von Salvador. Es handelt sich um ein Gebiet mit etwa zweihunderttausend Einwohnern, die alle in unterschiedlichem Ma\u00dfe von Armut betroffen sind, einige davon sogar sehr stark.<\/p>\n<p>Die Bev\u00f6lkerung ist jung &#8211; 70 % sind unter 25 &#8211; und lebt unter sehr schwierigen Bedingungen. F\u00fcr die jungen Menschen ist es nicht leicht, sich aus der Armut zu befreien, und in den meisten F\u00e4llen sind sie nicht in der Lage, unter besseren Bedingungen als ihre Eltern zu leben, wenn sie einmal erwachsen sind.<\/p>\n<p>Deshalb bem\u00fchen wir uns, die Kinder und ihre Familien zu unterst\u00fctzen, indem wir ihnen &#8211; neben einer guten Schulbildung &#8211; Werte, zwischenmenschliche F\u00e4higkeiten und kulturelle Kompetenzen vermitteln, in der Hoffnung, ihnen zu helfen, ihr Leben zumindest teilweise zu \u00e4ndern und ihnen die Aussicht auf eine w\u00fcrdigere und gl\u00fccklichere Zukunft zu bieten.<\/p>\n<p>[\/et_pb_text][\/et_pb_column][et_pb_column type=&#8220;2_5&#8243; _builder_version=&#8220;4.16&#8243; _module_preset=&#8220;default&#8220; global_colors_info=&#8220;{}&#8220;][et_pb_text _builder_version=&#8220;4.16&#8243; _module_preset=&#8220;default&#8220; global_colors_info=&#8220;{}&#8220;]<\/p>\n\t\t<div id=\"maps-marker-pro-b2b516bd\" class=\"maps-marker-pro\" style=\"width: 500px;\">\r\n\t\t\t<div id=\"mmp-map-wrap-b2b516bd\" class=\"mmp-map-wrap\">\r\n\t\t\t\t\t\t\t\t<div id=\"mmp-map-b2b516bd\" class=\"mmp-map\" style=\"height: 500px;\"><\/div>\r\n\t\t\t\t\t\t\t<\/div>\r\n\t\t\t\t\t<\/div>\r\n\t\t\n<div id=\"gtx-trans\" style=\"position: absolute; left: 188px; top: 38px;\">\n<div class=\"gtx-trans-icon\"><\/div>\n<\/div>\n<p>[\/et_pb_text][\/et_pb_column][\/et_pb_row][\/et_pb_section][et_pb_section fb_built=&#8220;1&#8243; admin_label=&#8220;Progetto&#8220; _builder_version=&#8220;4.16&#8243; _module_preset=&#8220;default&#8220; global_colors_info=&#8220;{}&#8220;][et_pb_row column_structure=&#8220;1_3,1_3,1_3&#8243; make_equal=&#8220;on&#8220; _builder_version=&#8220;4.16&#8243; _module_preset=&#8220;default&#8220; global_colors_info=&#8220;{}&#8220;][et_pb_column type=&#8220;1_3&#8243; _builder_version=&#8220;4.16&#8243; _module_preset=&#8220;default&#8220; background_enable_image=&#8220;off&#8220; border_radii=&#8220;on|8px|8px|8px|8px&#8220; box_shadow_style=&#8220;preset3&#8243; box_shadow_color=&#8220;rgba(30,141,185,0.2)&#8220; global_colors_info=&#8220;{}&#8220;][et_pb_image src=&#8220;https:\/\/www.ffbetania.net\/wp-content\/uploads\/2021\/12\/ffbetania_progetto.jpg&#8220; title_text=&#8220;ffbetania_progetto&#8220; _builder_version=&#8220;4.16&#8243; _module_preset=&#8220;0f34e574-d593-4c4a-848f-76eddc3d883a&#8220; global_colors_info=&#8220;{}&#8220;][\/et_pb_image][\/et_pb_column][et_pb_column type=&#8220;1_3&#8243; _builder_version=&#8220;4.16&#8243; _module_preset=&#8220;default&#8220; global_colors_info=&#8220;{}&#8220;][dsm_text_notation notation_text=&#8220;Projekt&#8220; _builder_version=&#8220;4.16&#8243; _module_preset=&#8220;a25692cb-2566-47c5-86d8-88387cd6ce58&#8243; text_orientation=&#8220;left&#8220; global_colors_info=&#8220;{}&#8220;][\/dsm_text_notation][et_pb_text _builder_version=&#8220;4.16&#8243; _module_preset=&#8220;default&#8220; global_colors_info=&#8220;{}&#8220;]Unser Ziel ist es, ein <b>Ausbildungszentrum f\u00fcr junge Menschen<\/b> ab dem fr\u00fchesten Alter bis zum Ende der Sekundarstufe einzurichten, und zwar f\u00fcr die gesamte nach brasilianischem Recht vorgeschriebene Ausbildung.[\/et_pb_text][et_pb_text _builder_version=&#8220;4.16&#8243; _module_preset=&#8220;default&#8220; global_colors_info=&#8220;{}&#8220;]F\u00fcr jede dieser Etappen ist eine Unterst\u00fctzung \/Intervention vorgesehen, die den Menschen in seiner Gesamtheit ber\u00fchrt: Ausgehend von der <b>spirituellen Dimension<\/b>, wollen wir ihn auf seinem <b>kulturellen und beruflichen Bildungsweg<\/b> begleiten und dabei auch auf die <b>gesundheitlichen Bed\u00fcrfnisse achten.<\/b>[\/et_pb_text][\/et_pb_column][et_pb_column type=&#8220;1_3&#8243; _builder_version=&#8220;4.16&#8243; _module_preset=&#8220;default&#8220; global_colors_info=&#8220;{}&#8220;][dsm_block_reveal_text block_reveal_text=&#8220;Die Etappen sind&#8220; heading_html_tag=&#8220;h3&#8243; _builder_version=&#8220;4.16&#8243; _module_preset=&#8220;default&#8220; custom_margin=&#8220;||20px||false|false&#8220; global_colors_info=&#8220;{}&#8220;][\/dsm_block_reveal_text][dsm_icon_list icon_padding=&#8220;1px&#8220; list_space_between=&#8220;16px&#8220; _builder_version=&#8220;4.19.5&#8243; _module_preset=&#8220;default&#8220; global_colors_info=&#8220;{}&#8220;][dsm_icon_list_child text=&#8220;Kinderkrippe  4 Monate bis 2 Jahre\t&#8220; font_icon=&#8220;&#xf77d;||fa||900&#8243; icon_font_size=&#8220;28px&#8220; use_tooltip=&#8220;on&#8220; tooltip_background_color=&#8220;#1E8DB9&#8243; _builder_version=&#8220;4.19.5&#8243; _module_preset=&#8220;default&#8220; global_colors_info=&#8220;{}&#8220;]<\/p>\n<p>Bereits realisiert<\/p>\n<p>[\/dsm_icon_list_child][dsm_icon_list_child text=&#8220; Vorschule  3 bis 5 Jahre&#8220; font_icon=&#8220;&#xf77c;||fa||900&#8243; icon_font_size=&#8220;24px&#8220; use_tooltip=&#8220;on&#8220; tooltip_background_color=&#8220;#1E8DB9&#8243; _builder_version=&#8220;4.19.5&#8243; _module_preset=&#8220;default&#8220; global_colors_info=&#8220;{}&#8220;]<\/p>\n<p>Bereits realisiert<\/p>\n<p>[\/dsm_icon_list_child][dsm_icon_list_child text=&#8220;Grundschule  6 bis 10 Jahre&#8220; font_icon=&#8220;&#xf1ae;||fa||900&#8243; icon_font_size=&#8220;24px&#8220; use_tooltip=&#8220;on&#8220; tooltip_background_color=&#8220;#F2C500&#8243; _builder_version=&#8220;4.19.5&#8243; _module_preset=&#8220;default&#8220; tooltip_text_color=&#8220;#223D56&#8243; global_colors_info=&#8220;{}&#8220;]<\/p>\n<p>Noch nicht realisiert<\/p>\n<p>[\/dsm_icon_list_child][dsm_icon_list_child text=&#8220;Mittelstufe  11 bis 14 Jahre&#8220; font_icon=&#8220;&#xf5da;||fa||900&#8243; icon_font_size=&#8220;24px&#8220; use_tooltip=&#8220;on&#8220; tooltip_background_color=&#8220;#F2C500&#8243; _builder_version=&#8220;4.19.5&#8243; _module_preset=&#8220;default&#8220; tooltip_text_color=&#8220;#223D56&#8243; global_colors_info=&#8220;{}&#8220;]<\/p>\n<p>Noch nicht realisiert<\/p>\n<p>[\/dsm_icon_list_child][dsm_icon_list_child text=&#8220;Oberschule  von 15 bis 17 Jahren&#8220; font_icon=&#8220;&#xf51c;||fa||900&#8243; icon_font_size=&#8220;24px&#8220; use_tooltip=&#8220;on&#8220; tooltip_background_color=&#8220;#F2C500&#8243; _builder_version=&#8220;4.19.5&#8243; _module_preset=&#8220;default&#8220; tooltip_text_color=&#8220;#223D56&#8243; global_colors_info=&#8220;{}&#8220;]<\/p>\n<p>Noch nicht realisiert<\/p>\n<p>[\/dsm_icon_list_child][dsm_icon_list_child text=&#8220;Berufsschule  ab 18 Jahren&#8220; font_icon=&#8220;&#xf19d;||fa||900&#8243; icon_font_size=&#8220;24px&#8220; use_tooltip=&#8220;on&#8220; tooltip_background_color=&#8220;#F2C500&#8243; _builder_version=&#8220;4.19.5&#8243; _module_preset=&#8220;default&#8220; tooltip_text_color=&#8220;#223D56&#8243; global_colors_info=&#8220;{}&#8220;]<\/p>\n<p>Noch nicht realisiert<\/p>\n<p>[\/dsm_icon_list_child][\/dsm_icon_list][\/et_pb_column][\/et_pb_row][\/et_pb_section][et_pb_section fb_built=&#8220;1&#8243; admin_label=&#8220;Asilo&#8220; _builder_version=&#8220;4.16&#8243; _module_preset=&#8220;default&#8220; global_colors_info=&#8220;{}&#8220;][et_pb_row column_structure=&#8220;3_5,2_5&#8243; make_equal=&#8220;on&#8220; _builder_version=&#8220;4.16&#8243; _module_preset=&#8220;default&#8220; global_colors_info=&#8220;{}&#8220;][et_pb_column type=&#8220;3_5&#8243; _builder_version=&#8220;4.16&#8243; _module_preset=&#8220;default&#8220; global_colors_info=&#8220;{}&#8220;][dsm_text_notation notation_text=&#8220;Kindergarten mit Kinderkrippe&#8220; _builder_version=&#8220;4.16&#8243; _module_preset=&#8220;a25692cb-2566-47c5-86d8-88387cd6ce58&#8243; text_orientation=&#8220;left&#8220; global_colors_info=&#8220;{}&#8220;][\/dsm_text_notation][et_pb_text _builder_version=&#8220;4.16&#8243; _module_preset=&#8220;default&#8220; global_colors_info=&#8220;{}&#8220;]<\/p>\n<p>Unser Kindergarten, der <strong>bis zu 120 Kinder im Alter von 4 Monaten bis 5 Jahren<\/strong> aufnehmen kann, wird sowohl von der Bev\u00f6lkerung als auch von der Bildungsbeh\u00f6rde der Stadt Salvador sowie von philanthropischen Organisationen, mit denen wir zusammenarbeiten, oder von Unternehmen, die uns unterst\u00fctzen, sehr gesch\u00e4tzt.<\/p>\n<p>Obwohl die Qualit\u00e4t des Unterrichts mit der, der besten privaten Kinderg\u00e4rten der Stadt vergleichbar ist, ist der Service, der f\u00fcnf Mahlzeiten pro Tag (Fr\u00fchst\u00fcck &#8211; Snack &#8211; Mittagessen &#8211; Abendessen) umfasst, v\u00f6llig kostenlos. <em>Erm\u00f6glicht wird dies durch Angebote und Finanzierungen aus Europa (vor allem aus Italien, der Schweiz und Deutschland) sowie durch die Unterst\u00fctzung der Stadt Salvador f\u00fcr die unentgeltliche Erbringung \u00f6ffentlicher Dienstleistungen.<\/em><\/p>\n<p>Wir versuchen, das p\u00e4dagogische Angebot des Kindergartens Tag f\u00fcr Tag zu verbessern, indem wir uns auf die st\u00e4ndige Weiterbildung des Personals konzentrieren und vor allem die Eltern h\u00e4ufig in die p\u00e4dagogischen Aktivit\u00e4ten einbeziehen. Wir glauben n\u00e4mlich, dass die Ausbildung eines Kindes eine Chance f\u00fcr <strong>die gesamte Familie und die Gemeinschaft sein kann.<\/strong><\/p>\n<p>[\/et_pb_text][et_pb_text _builder_version=&#8220;4.16&#8243; _module_preset=&#8220;default&#8220; global_colors_info=&#8220;{}&#8220;]<\/p>\n<h4>Folgen Sie dem Zentrum N.S.Aparecida<\/h4>\n<div id=\"gtx-trans\" style=\"position: absolute; left: 247px; top: 72.5781px;\">\n<div class=\"gtx-trans-icon\"> <\/div>\n<\/div>\n<p>[\/et_pb_text][et_pb_social_media_follow _builder_version=&#8220;4.16&#8243; _module_preset=&#8220;default&#8220; global_colors_info=&#8220;{}&#8220;][et_pb_social_media_follow_network social_network=&#8220;facebook&#8220; url=&#8220;https:\/\/it-it.facebook.com\/centronsaparecida\/&#8220; _builder_version=&#8220;4.16&#8243; _module_preset=&#8220;default&#8220; background_enable_color=&#8220;off&#8220; global_colors_info=&#8220;{}&#8220; follow_button=&#8220;off&#8220; url_new_window=&#8220;on&#8220;]facebook[\/et_pb_social_media_follow_network][et_pb_social_media_follow_network social_network=&#8220;instagram&#8220; url=&#8220;https:\/\/www.instagram.com\/crecheaparecida\/&#8220; _builder_version=&#8220;4.16&#8243; _module_preset=&#8220;default&#8220; background_enable_color=&#8220;off&#8220; global_colors_info=&#8220;{}&#8220; follow_button=&#8220;off&#8220; url_new_window=&#8220;on&#8220;]instagram[\/et_pb_social_media_follow_network][\/et_pb_social_media_follow][\/et_pb_column][et_pb_column type=&#8220;2_5&#8243; _builder_version=&#8220;4.16&#8243; _module_preset=&#8220;default&#8220; global_colors_info=&#8220;{}&#8220;][et_pb_image src=&#8220;https:\/\/www.ffbetania.net\/wp-content\/uploads\/2021\/12\/ffbetania_asilo.jpg&#8220; title_text=&#8220;ffbetania_asilo&#8220; _builder_version=&#8220;4.16&#8243; _module_preset=&#8220;0f34e574-d593-4c4a-848f-76eddc3d883a&#8220; global_colors_info=&#8220;{}&#8220;][\/et_pb_image][\/et_pb_column][\/et_pb_row][\/et_pb_section][et_pb_section fb_built=&#8220;1&#8243; _builder_version=&#8220;4.16&#8243; _module_preset=&#8220;default&#8220; global_colors_info=&#8220;{}&#8220;][et_pb_row column_structure=&#8220;1_3,1_3,1_3&#8243; _builder_version=&#8220;4.16&#8243; _module_preset=&#8220;default&#8220; global_colors_info=&#8220;{}&#8220;][et_pb_column type=&#8220;1_3&#8243; _builder_version=&#8220;4.16&#8243; _module_preset=&#8220;default&#8220; global_colors_info=&#8220;{}&#8220;][et_pb_video src=&#8220;https:\/\/www.youtube.com\/watch?v=8eoWDydNZbQ&#8220; image_src=&#8220;\/\/i.ytimg.com\/vi\/8eoWDydNZbQ\/hqdefault.jpg&#8220; _builder_version=&#8220;4.27.4&#8243; _module_preset=&#8220;default&#8220; db_limit_youtube_related_videos_to_same_channel=&#8220;on&#8220; global_colors_info=&#8220;{}&#8220;][\/et_pb_video][\/et_pb_column][et_pb_column type=&#8220;1_3&#8243; _builder_version=&#8220;4.16&#8243; _module_preset=&#8220;default&#8220; global_colors_info=&#8220;{}&#8220;][et_pb_video src=&#8220;https:\/\/www.youtube.com\/watch?v=1tjFpYFbg_s&#8220; image_src=&#8220;\/\/i.ytimg.com\/vi\/1tjFpYFbg_s\/hqdefault.jpg&#8220; _builder_version=&#8220;4.27.4&#8243; _module_preset=&#8220;default&#8220; db_limit_youtube_related_videos_to_same_channel=&#8220;on&#8220; global_colors_info=&#8220;{}&#8220;][\/et_pb_video][\/et_pb_column][et_pb_column type=&#8220;1_3&#8243; _builder_version=&#8220;4.16&#8243; _module_preset=&#8220;default&#8220; global_colors_info=&#8220;{}&#8220;][et_pb_video src=&#8220;https:\/\/www.youtube.com\/watch?v=FsQ7cTcXRsY&#038;t=2s&#8220; image_src=&#8220;\/\/i.ytimg.com\/vi\/FsQ7cTcXRsY\/hqdefault.jpg&#8220; _builder_version=&#8220;4.27.4&#8243; _module_preset=&#8220;default&#8220; db_limit_youtube_related_videos_to_same_channel=&#8220;on&#8220; global_colors_info=&#8220;{}&#8220;][\/et_pb_video][\/et_pb_column][\/et_pb_row][\/et_pb_section][et_pb_section fb_built=&#8220;1&#8243; disabled_on=&#8220;on|on|on&#8220; _builder_version=&#8220;4.16&#8243; _module_preset=&#8220;default&#8220; disabled=&#8220;on&#8220; global_colors_info=&#8220;{}&#8220;][et_pb_row column_structure=&#8220;2_5,3_5&#8243; make_equal=&#8220;on&#8220; _builder_version=&#8220;4.16&#8243; _module_preset=&#8220;default&#8220; global_colors_info=&#8220;{}&#8220;][et_pb_column type=&#8220;2_5&#8243; _builder_version=&#8220;4.16&#8243; _module_preset=&#8220;default&#8220; global_colors_info=&#8220;{}&#8220;][et_pb_image src=&#8220;https:\/\/www.ffbetania.net\/wp-content\/uploads\/2022\/06\/Il-Segreto-del-Frate-La-birra-solidale-FFB-Bir.-Due-Frati-2.png&#8220; title_text=&#8220;Il Segreto del Frate &#8211; La birra solidale &#8211; FFB &#8211; Bir. Due Frati&#8220; align=&#8220;center&#8220; force_fullwidth=&#8220;on&#8220; _builder_version=&#8220;4.16&#8243; _module_preset=&#8220;0f34e574-d593-4c4a-848f-76eddc3d883a&#8220; height=&#8220;400px&#8220; global_colors_info=&#8220;{}&#8220;][\/et_pb_image][\/et_pb_column][et_pb_column type=&#8220;3_5&#8243; _builder_version=&#8220;4.16&#8243; _module_preset=&#8220;default&#8220; global_colors_info=&#8220;{}&#8220;][et_pb_text _builder_version=&#8220;4.16&#8243; _module_preset=&#8220;default&#8220; global_colors_info=&#8220;{}&#8220;]<\/p>\n<h3>Il Segreto Del Frate<\/h3>\n<p><strong>Solidarisches Bier <\/strong><\/p>\n<p>Einer unserer Br\u00fcder hat in der Klosterk\u00fcche in Deutschland ein Geheimrezept f\u00fcr dieses Bier entwickelt.<\/p>\n<p><strong>Mit dem Kauf unterst\u00fctzen Sie das Projekt f\u00fcr brasilianische Kinder im Kindergarten der Gemeinschaft in Salvador de Bahia.<\/strong><\/p>\n<p>[\/et_pb_text][et_pb_button button_url=&#8220;mailto:ilsegretodelfrate@gmail.com%20&#8243; url_new_window=&#8220;on&#8220; button_text=&#8220;Kontaktieren Sie uns&#8220; button_alignment=&#8220;left&#8220; _builder_version=&#8220;4.16&#8243; _module_preset=&#8220;default&#8220; global_colors_info=&#8220;{}&#8220;][\/et_pb_button][et_pb_text _builder_version=&#8220;4.16&#8243; _module_preset=&#8220;default&#8220; global_colors_info=&#8220;{}&#8220;]<\/p>\n<h4>Folgen Sie uns auf unseren Kan\u00e4len<\/h4>\n<p>[\/et_pb_text][et_pb_social_media_follow _builder_version=&#8220;4.16&#8243; _module_preset=&#8220;default&#8220; global_colors_info=&#8220;{}&#8220;][et_pb_social_media_follow_network social_network=&#8220;facebook&#8220; url=&#8220;https:\/\/www.facebook.com\/ilsegretodelfrate\/?fref=mentions&#038;__xts__%910%93=68.ARDxTbzt_1anQYkVDMhfy14cYanUxQ8IQMSbVBXzU3r-CvbDXYNgkBA63RArmpOc7e7VXn5NPR5H9e1i6FrHVCM7A3igc2VWy_bq98UDrJ7d49N7Z1UTk8MzMfTeEqvP_qw8QmB3q8a0wv3wDlkCWZqaBVBDGVAwBP44yRIKAEqtzjvzZFdufjzdCos3z2l_EJIl5amTkAH17I810BLS12TtRD2ofZBMuBu-PZJADd3rTm61ETxZFRRajJqjFnYFXx8QIwqcribD4kELlBtkPo-o0PKOVsBOssWVKeJ-TP7LWiw&#8220; _builder_version=&#8220;4.16&#8243; _module_preset=&#8220;default&#8220; background_enable_color=&#8220;off&#8220; global_colors_info=&#8220;{}&#8220; follow_button=&#8220;off&#8220; url_new_window=&#8220;on&#8220;]facebook[\/et_pb_social_media_follow_network][et_pb_social_media_follow_network social_network=&#8220;instagram&#8220; url=&#8220;https:\/\/www.instagram.com\/ilsegretodelfrate\/&#8220; _builder_version=&#8220;4.16&#8243; _module_preset=&#8220;default&#8220; background_enable_color=&#8220;off&#8220; global_colors_info=&#8220;{}&#8220; follow_button=&#8220;off&#8220; url_new_window=&#8220;on&#8220;]instagram[\/et_pb_social_media_follow_network][\/et_pb_social_media_follow][\/et_pb_column][\/et_pb_row][\/et_pb_section][et_pb_section fb_built=&#8220;1&#8243; admin_label=&#8220;sostegno a distanza&#8220; module_id=&#8220;sostegno-distanza&#8220; _builder_version=&#8220;4.16&#8243; _module_preset=&#8220;default&#8220; global_colors_info=&#8220;{}&#8220;][et_pb_row _builder_version=&#8220;4.16&#8243; _module_preset=&#8220;default&#8220; global_colors_info=&#8220;{}&#8220;][et_pb_column type=&#8220;4_4&#8243; _builder_version=&#8220;4.16&#8243; _module_preset=&#8220;default&#8220; global_colors_info=&#8220;{}&#8220;][dsm_text_notation notation_text=&#8220;Ein Kind unterst\u00fctzen&#8220; _builder_version=&#8220;4.16&#8243; _module_preset=&#8220;a25692cb-2566-47c5-86d8-88387cd6ce58&#8243; global_colors_info=&#8220;{}&#8220;][\/dsm_text_notation][\/et_pb_column][\/et_pb_row][et_pb_row column_structure=&#8220;1_2,1_2&#8243; _builder_version=&#8220;4.16&#8243; _module_preset=&#8220;default&#8220; custom_padding=&#8220;|2%|0px|2%|false|true&#8220; global_colors_info=&#8220;{}&#8220;][et_pb_column type=&#8220;1_2&#8243; _builder_version=&#8220;4.16&#8243; _module_preset=&#8220;default&#8220; global_colors_info=&#8220;{}&#8220;][et_pb_text _builder_version=&#8220;4.16&#8243; _module_preset=&#8220;default&#8220; global_colors_info=&#8220;{}&#8220;]<\/p>\n<p>Mit der Unterst\u00fctzung aus der Ferne k\u00f6nnen Sie <b>einem Kind zu einer angemessenen Ausbildung verhelfen<\/b>, indem Sie die Auslagen f\u00fcr seine Bildungsaktivit\u00e4ten \u00fcbernehmen.<\/p>\n<p>[\/et_pb_text][\/et_pb_column][et_pb_column type=&#8220;1_2&#8243; _builder_version=&#8220;4.16&#8243; _module_preset=&#8220;default&#8220; global_colors_info=&#8220;{}&#8220;][et_pb_text _builder_version=&#8220;4.16&#8243; _module_preset=&#8220;default&#8220; text_orientation=&#8220;center&#8220; global_colors_info=&#8220;{}&#8220;]<\/p>\n<h3>Ihre Spende bedeutet<\/h3>\n<p>[\/et_pb_text][\/et_pb_column][\/et_pb_row][et_pb_row column_structure=&#8220;1_2,1_4,1_4&#8243; make_equal=&#8220;on&#8220; _builder_version=&#8220;4.16&#8243; _module_preset=&#8220;default&#8220; global_colors_info=&#8220;{}&#8220;][et_pb_column type=&#8220;1_2&#8243; _builder_version=&#8220;4.16&#8243; _module_preset=&#8220;default&#8220; global_colors_info=&#8220;{}&#8220;][et_pb_text _builder_version=&#8220;4.16&#8243; _module_preset=&#8220;default&#8220; global_colors_info=&#8220;{}&#8220;]<\/p>\n<h4>Wen Sie unterst\u00fctzen<\/h4>\n<p>Ein Kind im Alter von 4 Monaten bis 5 Jahren und 11 Monaten aus den Favelas des Viertels S\u00e3o Cristov\u00e3o in Salvador de Bahia.[\/et_pb_text][et_pb_text _builder_version=&#8220;4.16&#8243; _module_preset=&#8220;default&#8220; global_colors_info=&#8220;{}&#8220;]<\/p>\n<h4>Was Sie bekommen werden<\/h4>\n<p>[\/et_pb_text][dsm_icon_list _builder_version=&#8220;4.16&#8243; _module_preset=&#8220;e2815c4d-7543-4a11-8cc4-c9d4d9ac9b91&#8243; global_colors_info=&#8220;{}&#8220;][dsm_icon_list_child text=&#8220;Fotos von dem Kind und seiner Klasse&#8220; font_icon=&#8220;&#xf1ae;||fa||900&#8243; icon_font_size=&#8220;28px&#8220; tooltip_background_color=&#8220;#1E8DB9&#8243; _builder_version=&#8220;4.16&#8243; _module_preset=&#8220;default&#8220; global_colors_info=&#8220;{}&#8220;]<\/p>\n<p>Bereits realisiert<\/p>\n<p>[\/dsm_icon_list_child][dsm_icon_list_child text=&#8220;Zertifikat f\u00fcr Kinderpatenschaft&#8220; font_icon=&#8220;&#xe078;||divi||400&#8243; icon_font_size=&#8220;24px&#8220; tooltip_background_color=&#8220;#1E8DB9&#8243; _builder_version=&#8220;4.16&#8243; _module_preset=&#8220;default&#8220; global_colors_info=&#8220;{}&#8220;]<\/p>\n<p>Bereits realisiert<\/p>\n<p>[\/dsm_icon_list_child][dsm_icon_list_child text=&#8220;Jahresbericht&#8220; font_icon=&#8220;&#xf573;||fa||900&#8243; icon_font_size=&#8220;24px&#8220; tooltip_background_color=&#8220;#F2C500&#8243; _builder_version=&#8220;4.16&#8243; _module_preset=&#8220;default&#8220; tooltip_text_color=&#8220;#223D56&#8243; global_colors_info=&#8220;{}&#8220;]<\/p>\n<p>Noch nicht realisiert<\/p>\n<p>[\/dsm_icon_list_child][dsm_icon_list_child text=&#8220;Aktuelles zu den Projekten&#8220; font_icon=&#8220;&#xf0ae;||fa||900&#8243; icon_font_size=&#8220;24px&#8220; tooltip_background_color=&#8220;#F2C500&#8243; _builder_version=&#8220;4.16&#8243; _module_preset=&#8220;default&#8220; tooltip_text_color=&#8220;#223D56&#8243; global_colors_info=&#8220;{}&#8220;]<\/p>\n<p>Noch nicht realisiert<\/p>\n<p>[\/dsm_icon_list_child][dsm_icon_list_child text=&#8220;Steuerbescheinigung <em>(auf Anfrage)<\/em>&#8220; font_icon=&#8220;&#xe078;||divi||400&#8243; icon_font_size=&#8220;24px&#8220; tooltip_background_color=&#8220;#F2C500&#8243; _builder_version=&#8220;4.16&#8243; _module_preset=&#8220;default&#8220; tooltip_text_color=&#8220;#223D56&#8243; global_colors_info=&#8220;{}&#8220;]<\/p>\n<p>Noch nicht realisiert<\/p>\n<p>[\/dsm_icon_list_child][\/dsm_icon_list][\/et_pb_column][et_pb_column type=&#8220;1_4&#8243; _builder_version=&#8220;4.16&#8243; _module_preset=&#8220;default&#8220; global_colors_info=&#8220;{}&#8220;][et_pb_blurb title=&#8220;Ganztagsschule&#8220; _builder_version=&#8220;4.16&#8243; _module_preset=&#8220;_initial&#8220; background_color=&#8220;#FFFFFF&#8220; text_orientation=&#8220;center&#8220; custom_padding=&#8220;20px|10px|20px|10px|true|true&#8220; border_radii=&#8220;on|8px|8px|8px|8px&#8220; box_shadow_style=&#8220;preset3&#8243; global_colors_info=&#8220;{}&#8220;]<\/p>\n<p class=\"p1\">Die Aktivit\u00e4ten beginnen um 7.30 Uhr und dauern bis 16.30 Uhr.<\/p>\n<p>[\/et_pb_blurb][et_pb_blurb title=&#8220;Allgemeine Aktivit\u00e4ten&#8220; _builder_version=&#8220;4.16&#8243; _module_preset=&#8220;default&#8220; background_color=&#8220;#FFFFFF&#8220; text_orientation=&#8220;center&#8220; custom_padding=&#8220;20px|10px|20px|10px|true|true&#8220; border_radii=&#8220;on|8px|8px|8px|8px&#8220; box_shadow_style=&#8220;preset3&#8243; global_colors_info=&#8220;{}&#8220;]<\/p>\n<p>P\u00e4dagogische Aktivit\u00e4ten, die auf die pers\u00f6nliche Entwicklung abzielen (Geselligkeit, Erziehung zu menschlichen und christlichen Werten, Entwicklung spezifischer F\u00e4higkeiten, Selbsterkenntnis, motorische Entwicklung usw.).<\/p>\n<p>[\/et_pb_blurb][\/et_pb_column][et_pb_column type=&#8220;1_4&#8243; _builder_version=&#8220;4.16&#8243; _module_preset=&#8220;default&#8220; global_colors_info=&#8220;{}&#8220;][et_pb_blurb title=&#8220;F\u00fcnf Mahlzeiten am Tag&#8220; _builder_version=&#8220;4.16&#8243; _module_preset=&#8220;default&#8220; background_color=&#8220;#FFFFFF&#8220; text_orientation=&#8220;center&#8220; custom_padding=&#8220;20px|10px|20px|10px|true|true&#8220; border_radii=&#8220;on|8px|8px|8px|8px&#8220; box_shadow_style=&#8220;preset3&#8243; global_colors_info=&#8220;{}&#8220;]<\/p>\n<p>Fr\u00fchst\u00fcck, Snack, Mittagessen, Nachmittagssnack und Abendessen<\/p>\n<p>[\/et_pb_blurb][et_pb_blurb title=&#8220; Besondere Aktivit\u00e4ten&#8220; _builder_version=&#8220;4.16&#8243; _module_preset=&#8220;_initial&#8220; background_color=&#8220;#FFFFFF&#8220; text_orientation=&#8220;center&#8220; custom_padding=&#8220;20px|10px|20px|10px|true|true&#8220; border_radii=&#8220;on|8px|8px|8px|8px&#8220; box_shadow_style=&#8220;preset3&#8243; global_colors_info=&#8220;{}&#8220;]<\/p>\n<p class=\"p1\">Schulausfl\u00fcge, spezielle Ausbildung (Hygiene, Kochen, Musik usw.), psychologische Betreuung, Lehrerausbildung, Kosten f\u00fcr die Kindergartenuniform der Kinder.<\/p>\n<p>[\/et_pb_blurb][\/et_pb_column][\/et_pb_row][et_pb_row column_structure=&#8220;1_3,1_3,1_3&#8243; _builder_version=&#8220;4.16&#8243; _module_preset=&#8220;default&#8220; global_colors_info=&#8220;{}&#8220;][et_pb_column type=&#8220;1_3&#8243; _builder_version=&#8220;4.16&#8243; _module_preset=&#8220;default&#8220; global_colors_info=&#8220;{}&#8220;][et_pb_blurb _builder_version=&#8220;4.16&#8243; _module_preset=&#8220;default&#8220; background_color=&#8220;#FFFFFF&#8220; text_orientation=&#8220;center&#8220; custom_padding=&#8220;20px|10px|20px|10px|true|true&#8220; border_radii=&#8220;on|8px|8px|8px|8px&#8220; box_shadow_style=&#8220;preset3&#8243; global_colors_info=&#8220;{}&#8220;]<\/p>\n<p>mit <strong>40 Euro<\/strong> wird 1\/3 der tats\u00e4chlichen Kosten f\u00fcr einen Monat Schulbesuch eines Kindes unterst\u00fctzt<\/p>\n<p>[\/et_pb_blurb][\/et_pb_column][et_pb_column type=&#8220;1_3&#8243; _builder_version=&#8220;4.16&#8243; _module_preset=&#8220;default&#8220; global_colors_info=&#8220;{}&#8220;][et_pb_blurb _builder_version=&#8220;4.16&#8243; _module_preset=&#8220;default&#8220; background_color=&#8220;#FFFFFF&#8220; text_orientation=&#8220;center&#8220; custom_padding=&#8220;20px|10px|20px|10px|true|true&#8220; border_radii=&#8220;on|8px|8px|8px|8px&#8220; box_shadow_style=&#8220;preset3&#8243; global_colors_info=&#8220;{}&#8220;]<\/p>\n<p><strong>80 Euro<\/strong> reichen aus, um 2\/3 der tats\u00e4chlichen Kosten f\u00fcr einen Monat Schulbesuch f\u00fcr ein Kind zu decken.<\/p>\n<p>[\/et_pb_blurb][\/et_pb_column][et_pb_column type=&#8220;1_3&#8243; _builder_version=&#8220;4.16&#8243; _module_preset=&#8220;default&#8220; global_colors_info=&#8220;{}&#8220;][et_pb_blurb _builder_version=&#8220;4.16&#8243; _module_preset=&#8220;default&#8220; background_color=&#8220;#FFFFFF&#8220; text_orientation=&#8220;center&#8220; custom_padding=&#8220;20px|10px|20px|10px|true|true&#8220; border_radii=&#8220;on|8px|8px|8px|8px&#8220; box_shadow_style=&#8220;preset3&#8243; global_colors_info=&#8220;{}&#8220;]<\/p>\n<p><strong>120 Euro<\/strong> reichen aus, um die Kosten f\u00fcr einen Monat Schulbesuch f\u00fcr ein Kind zu decken<\/p>\n<p>[\/et_pb_blurb][\/et_pb_column][\/et_pb_row][\/et_pb_section][et_pb_section fb_built=&#8220;1&#8243; admin_label=&#8220;Form&#8220; _builder_version=&#8220;4.16&#8243; _module_preset=&#8220;default&#8220; global_colors_info=&#8220;{}&#8220;][et_pb_row _builder_version=&#8220;4.16&#8243; _module_preset=&#8220;default&#8220; global_colors_info=&#8220;{}&#8220;][et_pb_column type=&#8220;4_4&#8243; _builder_version=&#8220;4.16&#8243; _module_preset=&#8220;default&#8220; global_colors_info=&#8220;{}&#8220;][et_pb_tabs _builder_version=&#8220;4.16&#8243; _module_preset=&#8220;default&#8220; global_colors_info=&#8220;{}&#8220;][et_pb_tab title=&#8220;Ein Kind unterst\u00fctzen&#8220; _builder_version=&#8220;4.16&#8243; _module_preset=&#8220;default&#8220; global_colors_info=&#8220;{}&#8220;]Die Entscheidung f\u00fcr eine Unterst\u00fctzung der Kinderpatenschaft ist eine kleine Geste, die nicht nur dem Kind, sondern auch seiner ganzen Gemeinschaft Hoffnung auf eine bessere Zukunft gibt.<\/p>\n<p>[\/et_pb_tab][et_pb_tab title=&#8220;Infos anfordern&#8220; _builder_version=&#8220;4.16&#8243; _module_preset=&#8220;default&#8220; global_colors_info=&#8220;{}&#8220;]<noscript class=\"ninja-forms-noscript-message\">\n\tHinweis: F\u00fcr diesen Inhalt ist JavaScript erforderlich.<\/noscript>\n<div id=\"nf-form-8-cont\" class=\"nf-form-cont\" aria-live=\"polite\" aria-labelledby=\"nf-form-title-8\" aria-describedby=\"nf-form-errors-8\" role=\"form\">\n\n    <div class=\"nf-loading-spinner\"><\/div>\n\n<\/div>\n        <!-- That data is being printed as a workaround to page builders reordering the order of the scripts loaded-->\n        <script>var formDisplay=1;var nfForms=nfForms||[];var form=[];form.id='8';form.settings={\"objectType\":\"Form Setting\",\"editActive\":true,\"title\":\"Sostegno a distanza - richiesta informazioni\",\"show_title\":0,\"allow_public_link\":0,\"embed_form\":\"\",\"clear_complete\":1,\"hide_complete\":1,\"default_label_pos\":\"above\",\"wrapper_class\":\"\",\"element_class\":\"\",\"key\":\"\",\"add_submit\":0,\"changeEmailErrorMsg\":\"Bitte gib eine g\\u00fcltige E-Mail-Adresse ein.\",\"changeDateErrorMsg\":\"Bitte gib ein g\\u00fcltiges Datum ein!\",\"confirmFieldErrorMsg\":\"Diese Felder m\\u00fcssen \\u00fcbereinstimmen!\",\"fieldNumberNumMinError\":\"Die eingegebene Zahl ist zu klein.\",\"fieldNumberNumMaxError\":\"Die eingegebene Zahl ist zu gross.\",\"fieldNumberIncrementBy\":\"Bitte erh\\u00f6hen in Schritten von\",\"formErrorsCorrectErrors\":\"Bitte korrigiere die Fehler, bevor du das Formular sendest.\",\"validateRequiredField\":\"Dies ist ein Pflichtfeld.\",\"honeypotHoneypotError\":\"Honeypot-Fehler\",\"fieldsMarkedRequired\":\"Felder mit einem <span class=\\\"ninja-forms-req-symbol\\\">*<\\\/span> sind Pflichtfelder\",\"currency\":\"\",\"repeatable_fieldsets\":\"\",\"unique_field_error\":\"A form with this value has already been submitted.\",\"logged_in\":false,\"not_logged_in_msg\":\"\",\"sub_limit_msg\":\"The form has reached its submission limit.\",\"calculations\":[],\"formContentData\":[\"nome-richiesta-informazioni\",\"cognome-richiesta-informazioni\",\"email-richiesta-informazioni\",\"telefono-richiesta-informazioni\",\"testo-richiesta-informazioni\",\"acconsento_al_trattamento_dei_miei_dati_come_descritto_nelle_less_than_a_href_https_ffbetania_kudusrl_it_privacy-policy_target_blank_greater_than_policy_della_privacy_less_than_a_greater_than_1647447475326\",\"html_1656343135738\",\"richiedi_informazioni_1641810296967\"],\"drawerDisabled\":false,\"form_title_heading_level\":\"3\",\"ninjaForms\":\"Ninja Forms\",\"fieldTextareaRTEInsertLink\":\"Link einf\\u00fcgen\",\"fieldTextareaRTEInsertMedia\":\"Medien einf\\u00fcgen\",\"fieldTextareaRTESelectAFile\":\"Eine Datei ausw\\u00e4hlen\",\"formHoneypot\":\"Falls du ein Mensch bist und dieses Feld siehst, dann lasse es bitte leer.\",\"fileUploadOldCodeFileUploadInProgress\":\"Datei-Upload l\\u00e4uft.\",\"fileUploadOldCodeFileUpload\":\"DATEI-UPLOAD\",\"currencySymbol\":\"&euro;\",\"thousands_sep\":\".\",\"decimal_point\":\",\",\"siteLocale\":\"de_DE\",\"dateFormat\":\"d\\\/m\\\/Y\",\"startOfWeek\":\"1\",\"of\":\"von\",\"previousMonth\":\"Vorheriger Monat\",\"nextMonth\":\"N\\u00e4chster Monat\",\"months\":[\"Januar\",\"Februar\",\"M\\u00e4rz\",\"April\",\"Mai\",\"Juni\",\"Juli\",\"August\",\"September\",\"Oktober\",\"November\",\"Dezember\"],\"monthsShort\":[\"Jan.\",\"Feb.\",\"M\\u00e4rz\",\"Apr.\",\"Mai\",\"Juni\",\"Juli\",\"Aug\",\"Sep.\",\"Okt.\",\"Nov.\",\"Dez.\"],\"weekdays\":[\"Sonntag\",\"Montag\",\"Dienstag\",\"Mittwoch\",\"Donnerstag\",\"Freitag\",\"Samstag\"],\"weekdaysShort\":[\"So.\",\"Mo.\",\"Di.\",\"Mi.\",\"Do.\",\"Fr.\",\"Sa.\"],\"weekdaysMin\":[\"So.\",\"Mo.\",\"Di.\",\"Mi.\",\"Do.\",\"Fr.\",\"Sa.\"],\"recaptchaConsentMissing\":\"reCaptcha validation couldn&#039;t load.\",\"recaptchaMissingCookie\":\"reCaptcha v3 validation couldn&#039;t load the cookie needed to submit the form.\",\"recaptchaConsentEvent\":\"Accept reCaptcha cookies before sending the form.\",\"currency_symbol\":\"\",\"beforeForm\":\"\",\"beforeFields\":\"\",\"afterFields\":\"\",\"afterForm\":\"\"};form.fields=[{\"objectType\":\"Field\",\"objectDomain\":\"fields\",\"editActive\":false,\"order\":1,\"idAttribute\":\"id\",\"type\":\"firstname\",\"label\":\"Name\",\"key\":\"nome-richiesta-informazioni\",\"label_pos\":\"above\",\"required\":1,\"default\":\"\",\"placeholder\":\"\",\"container_class\":\"one-half first\",\"element_class\":\"\",\"admin_label\":\"\",\"help_text\":\"\",\"custom_name_attribute\":\"fname\",\"personally_identifiable\":1,\"value\":\"\",\"manual_key\":true,\"drawerDisabled\":false,\"id\":37,\"beforeField\":\"\",\"afterField\":\"\",\"parentType\":\"firstname\",\"element_templates\":[\"firstname\",\"input\"],\"old_classname\":\"\",\"wrap_template\":\"wrap\"},{\"objectType\":\"Field\",\"objectDomain\":\"fields\",\"editActive\":false,\"order\":2,\"idAttribute\":\"id\",\"type\":\"lastname\",\"label\":\"Nachname\",\"key\":\"cognome-richiesta-informazioni\",\"label_pos\":\"above\",\"required\":1,\"default\":\"\",\"placeholder\":\"\",\"container_class\":\"one-half\",\"element_class\":\"\",\"admin_label\":\"\",\"help_text\":\"\",\"custom_name_attribute\":\"lname\",\"personally_identifiable\":1,\"value\":\"\",\"manual_key\":true,\"drawerDisabled\":false,\"id\":38,\"beforeField\":\"\",\"afterField\":\"\",\"parentType\":\"lastname\",\"element_templates\":[\"lastname\",\"input\"],\"old_classname\":\"\",\"wrap_template\":\"wrap\"},{\"objectType\":\"Field\",\"objectDomain\":\"fields\",\"editActive\":false,\"order\":3,\"idAttribute\":\"id\",\"type\":\"email\",\"label\":\"Email\",\"key\":\"email-richiesta-informazioni\",\"label_pos\":\"above\",\"required\":1,\"default\":\"\",\"placeholder\":\"\",\"container_class\":\"one-half first\",\"element_class\":\"\",\"admin_label\":\"\",\"help_text\":\"\",\"custom_name_attribute\":\"email\",\"personally_identifiable\":1,\"value\":\"\",\"manual_key\":true,\"drawerDisabled\":false,\"id\":39,\"beforeField\":\"\",\"afterField\":\"\",\"parentType\":\"email\",\"element_templates\":[\"email\",\"input\"],\"old_classname\":\"\",\"wrap_template\":\"wrap\"},{\"objectType\":\"Field\",\"objectDomain\":\"fields\",\"editActive\":false,\"order\":4,\"idAttribute\":\"id\",\"type\":\"phone\",\"label\":\"Telefon\",\"key\":\"telefono-richiesta-informazioni\",\"label_pos\":\"above\",\"required\":false,\"default\":\"\",\"placeholder\":\"\",\"container_class\":\"one-half\",\"element_class\":\"\",\"input_limit\":\"\",\"input_limit_type\":\"characters\",\"input_limit_msg\":\"Caratteri rimasti\",\"manual_key\":true,\"admin_label\":\"\",\"help_text\":\"\",\"mask\":\"\",\"custom_mask\":\"\",\"custom_name_attribute\":\"phone\",\"personally_identifiable\":1,\"value\":\"\",\"drawerDisabled\":false,\"id\":40,\"beforeField\":\"\",\"afterField\":\"\",\"parentType\":\"textbox\",\"element_templates\":[\"tel\",\"textbox\",\"input\"],\"old_classname\":\"\",\"wrap_template\":\"wrap\"},{\"objectType\":\"Field\",\"objectDomain\":\"fields\",\"editActive\":false,\"order\":5,\"idAttribute\":\"id\",\"type\":\"textarea\",\"label\":\"Testo del paragrafo\",\"key\":\"testo-richiesta-informazioni\",\"label_pos\":\"hidden\",\"required\":false,\"default\":\"\",\"placeholder\":\"Scrivi qui le tue domande...\",\"container_class\":\"\",\"element_class\":\"\",\"input_limit\":\"\",\"input_limit_type\":\"characters\",\"input_limit_msg\":\"Caratteri rimasti\",\"manual_key\":true,\"admin_label\":\"\",\"help_text\":\"\",\"textarea_rte\":\"\",\"disable_rte_mobile\":\"\",\"textarea_media\":\"\",\"value\":\"\",\"drawerDisabled\":false,\"id\":41,\"beforeField\":\"\",\"afterField\":\"\",\"parentType\":\"textarea\",\"element_templates\":[\"textarea\",\"input\"],\"old_classname\":\"\",\"wrap_template\":\"wrap\"},{\"objectType\":\"Field\",\"objectDomain\":\"fields\",\"editActive\":false,\"order\":6,\"idAttribute\":\"id\",\"label\":\"Ich stimme der Verarbeitung meiner Daten gem\\u00e4\\u00df den Datenschutzrichtlinien zu\",\"type\":\"checkbox\",\"key\":\"acconsento_al_trattamento_dei_miei_dati_come_descritto_nelle_less_than_a_href_https_ffbetania_kudusrl_it_privacy-policy_target_blank_greater_than_policy_della_privacy_less_than_a_greater_than_1647447475326\",\"label_pos\":\"right\",\"required\":1,\"container_class\":\"\",\"element_class\":\"\",\"manual_key\":false,\"admin_label\":\"\",\"help_text\":\"\",\"default_value\":\"unchecked\",\"checked_value\":\"Selezionato\",\"unchecked_value\":\"Deselezionato\",\"checked_calc_value\":\"\",\"unchecked_calc_value\":\"\",\"drawerDisabled\":false,\"id\":42,\"beforeField\":\"\",\"afterField\":\"\",\"value\":\"\",\"parentType\":\"checkbox\",\"element_templates\":[\"checkbox\",\"input\"],\"old_classname\":\"\",\"wrap_template\":\"wrap\"},{\"objectType\":\"Field\",\"objectDomain\":\"fields\",\"editActive\":false,\"order\":7,\"idAttribute\":\"id\",\"label\":\"HTML\",\"type\":\"html\",\"default\":\"<p>Lesen Sie die <a href=\\\"https:\\\/\\\/www.ffbetania.net\\\/de\\\/privacy-policy\\\/\\\">Informationen<\\\/a> und die <a href=\\\"https:\\\/\\\/www.ffbetania.net\\\/de\\\/privacy-policy\\\/\\\">Datenschutzerkl\\u00e4rung<\\\/a><br><\\\/p>\",\"container_class\":\"\",\"element_class\":\"\",\"key\":\"html_1656343135738\",\"drawerDisabled\":false,\"id\":104,\"beforeField\":\"\",\"afterField\":\"\",\"value\":\"<p>Lesen Sie die <a href=\\\"https:\\\/\\\/www.ffbetania.net\\\/de\\\/privacy-policy\\\/\\\">Informationen<\\\/a> und die <a href=\\\"https:\\\/\\\/www.ffbetania.net\\\/de\\\/privacy-policy\\\/\\\">Datenschutzerkl\\u00e4rung<\\\/a><br><\\\/p>\",\"label_pos\":\"above\",\"parentType\":\"html\",\"element_templates\":[\"html\",\"input\"],\"old_classname\":\"\",\"wrap_template\":\"wrap\"},{\"objectType\":\"Field\",\"objectDomain\":\"fields\",\"editActive\":false,\"order\":8,\"idAttribute\":\"id\",\"type\":\"submit\",\"label\":\"Infos anfordern\",\"processing_label\":\"...\",\"container_class\":\"\",\"element_class\":\"\",\"key\":\"richiedi_informazioni_1641810296967\",\"drawerDisabled\":false,\"id\":43,\"beforeField\":\"\",\"afterField\":\"\",\"value\":\"\",\"label_pos\":\"above\",\"parentType\":\"textbox\",\"element_templates\":[\"submit\",\"button\",\"input\"],\"old_classname\":\"\",\"wrap_template\":\"wrap-no-label\"}];nfForms.push(form);<\/script>\n        [\/et_pb_tab][\/et_pb_tabs][\/et_pb_column][\/et_pb_row][\/et_pb_section]<\/p>\n","protected":false},"excerpt":{"rendered":"<p>Das Brasilien-Projekt entspringt dem Wunsch unseres Gr\u00fcnders, Pater Pancrazio, ein Aufnahme- und Gastfreundschaftszentrum f\u00fcr junge Menschen einzurichten, die in den Favelas leben und sich in einer schwierigen Situation befinden, um ihnen eine Ausbildung im Lichte des Evangeliums und im Geiste der FGB anzubieten, die ihre ganzheitliche Entwicklung unterst\u00fctzt.<div class=\"et_pb_module dsm_text_notation dsm_text_notation_0  et_pb_text_align_left et_pb_bg_layout_light\">\n\t\t\t\t\n\t\t\t\t\n\t\t\t\t\n\t\t\t\t\n\t\t\t\t\n\t\t\t\t\n\t\t\t\t<div class=\"et_pb_module_inner\">\n\t\t\t\t\t<h2 class=\"dsm-text-notation-main et_pb_module_header\"><span data-notation=\"[{&quot;type&quot;:&quot;underline&quot;,&quot;color&quot;:&quot;#F2C500&quot;,&quot;stroke-width&quot;:&quot;8&quot;,&quot;iterations&quot;:&quot;2&quot;,&quot;brackets&quot;:&quot;left|right&quot;,&quot;viewport&quot;:&quot;80%&quot;,&quot;delay&quot;:&quot;0ms&quot;,&quot;divi-animate&quot;:&quot;none&quot;,&quot;divi-animate-duration&quot;:&quot;1000ms&quot;,&quot;divi-animate-delay&quot;:&quot;0ms&quot;}]\" class=\"dsm-text-notation-middle\">Wo wir sind<\/span><\/h2>\n\t\t\t\t<\/div>\n\t\t\t<\/div> [&hellip;]<\/p>\n","protected":false},"author":4,"featured_media":260126,"parent":0,"menu_order":0,"comment_status":"closed","ping_status":"closed","template":"","meta":{"_et_pb_use_builder":"on","_et_pb_old_content":"","_et_gb_content_width":"","footnotes":""},"class_list":["post-247411","page","type-page","status-publish","has-post-thumbnail","hentry"],"yoast_head":"<!-- This site is optimized with the Yoast SEO plugin v27.5 - https:\/\/yoast.com\/product\/yoast-seo-wordpress\/ -->\n<title>Brasilien Projekt - Fraternit\u00e0 Francescana di Betania<\/title>\n<meta name=\"robots\" content=\"index, follow, max-snippet:-1, max-image-preview:large, max-video-preview:-1\" \/>\n<link rel=\"canonical\" href=\"https:\/\/www.ffbetania.net\/de\/brasilien-projekt\/\" \/>\n<meta property=\"og:locale\" content=\"de_DE\" \/>\n<meta property=\"og:type\" content=\"article\" \/>\n<meta property=\"og:title\" content=\"Brasilien Projekt - Fraternit\u00e0 Francescana di Betania\" \/>\n<meta property=\"og:description\" content=\"Das Brasilien-Projekt entspringt dem Wunsch unseres Gr\u00fcnders, Pater Pancrazio, ein Aufnahme- und Gastfreundschaftszentrum f\u00fcr junge Menschen einzurichten, die in den Favelas leben und sich in einer schwierigen Situation befinden, um ihnen eine Ausbildung im Lichte des Evangeliums und im Geiste der FGB anzubieten, die ihre ganzheitliche Entwicklung unterst\u00fctzt. [&hellip;]\" \/>\n<meta property=\"og:url\" content=\"https:\/\/www.ffbetania.net\/de\/brasilien-projekt\/\" \/>\n<meta property=\"og:site_name\" content=\"Fraternit\u00e0 Francescana di Betania\" \/>\n<meta property=\"article:modified_time\" content=\"2025-08-12T09:29:47+00:00\" \/>\n<meta property=\"og:image\" content=\"https:\/\/www.ffbetania.net\/wp-content\/uploads\/2025\/03\/visita-pres.Mattarella-FFB-Salvador_FFB2024-16-1024x726.png\" \/>\n\t<meta property=\"og:image:width\" content=\"1024\" \/>\n\t<meta property=\"og:image:height\" content=\"726\" \/>\n\t<meta property=\"og:image:type\" content=\"image\/png\" \/>\n<meta name=\"twitter:card\" content=\"summary_large_image\" \/>\n<meta name=\"twitter:label1\" content=\"Gesch\u00e4tzte Lesezeit\" \/>\n\t<meta name=\"twitter:data1\" content=\"5\u00a0Minuten\" \/>\n<script type=\"application\/ld+json\" class=\"yoast-schema-graph\">{\"@context\":\"https:\\\/\\\/schema.org\",\"@graph\":[{\"@type\":\"WebPage\",\"@id\":\"https:\\\/\\\/www.ffbetania.net\\\/de\\\/brasilien-projekt\\\/\",\"url\":\"https:\\\/\\\/www.ffbetania.net\\\/de\\\/brasilien-projekt\\\/\",\"name\":\"Brasilien Projekt - Fraternit\u00e0 Francescana di Betania\",\"isPartOf\":{\"@id\":\"https:\\\/\\\/www.ffbetania.net\\\/de\\\/#website\"},\"primaryImageOfPage\":{\"@id\":\"https:\\\/\\\/www.ffbetania.net\\\/de\\\/brasilien-projekt\\\/#primaryimage\"},\"image\":{\"@id\":\"https:\\\/\\\/www.ffbetania.net\\\/de\\\/brasilien-projekt\\\/#primaryimage\"},\"thumbnailUrl\":\"https:\\\/\\\/www.ffbetania.net\\\/wp-content\\\/uploads\\\/2025\\\/03\\\/visita-pres.Mattarella-FFB-Salvador_FFB2024-16.png\",\"datePublished\":\"2021-12-14T09:13:25+00:00\",\"dateModified\":\"2025-08-12T09:29:47+00:00\",\"breadcrumb\":{\"@id\":\"https:\\\/\\\/www.ffbetania.net\\\/de\\\/brasilien-projekt\\\/#breadcrumb\"},\"inLanguage\":\"de\",\"potentialAction\":[{\"@type\":\"ReadAction\",\"target\":[\"https:\\\/\\\/www.ffbetania.net\\\/de\\\/brasilien-projekt\\\/\"]}]},{\"@type\":\"ImageObject\",\"inLanguage\":\"de\",\"@id\":\"https:\\\/\\\/www.ffbetania.net\\\/de\\\/brasilien-projekt\\\/#primaryimage\",\"url\":\"https:\\\/\\\/www.ffbetania.net\\\/wp-content\\\/uploads\\\/2025\\\/03\\\/visita-pres.Mattarella-FFB-Salvador_FFB2024-16.png\",\"contentUrl\":\"https:\\\/\\\/www.ffbetania.net\\\/wp-content\\\/uploads\\\/2025\\\/03\\\/visita-pres.Mattarella-FFB-Salvador_FFB2024-16.png\",\"width\":1748,\"height\":1240},{\"@type\":\"BreadcrumbList\",\"@id\":\"https:\\\/\\\/www.ffbetania.net\\\/de\\\/brasilien-projekt\\\/#breadcrumb\",\"itemListElement\":[{\"@type\":\"ListItem\",\"position\":1,\"name\":\"Home\",\"item\":\"https:\\\/\\\/www.ffbetania.net\\\/de\\\/\"},{\"@type\":\"ListItem\",\"position\":2,\"name\":\"Brasilien Projekt\"}]},{\"@type\":\"WebSite\",\"@id\":\"https:\\\/\\\/www.ffbetania.net\\\/de\\\/#website\",\"url\":\"https:\\\/\\\/www.ffbetania.net\\\/de\\\/\",\"name\":\"Fraternit\u00e0 Francescana di Betania\",\"description\":\"La Fraternit\u00e0 Francescana di Betania \u00e8 lieta di rendervi partecipi di questa gioia\",\"potentialAction\":[{\"@type\":\"SearchAction\",\"target\":{\"@type\":\"EntryPoint\",\"urlTemplate\":\"https:\\\/\\\/www.ffbetania.net\\\/de\\\/?s={search_term_string}\"},\"query-input\":{\"@type\":\"PropertyValueSpecification\",\"valueRequired\":true,\"valueName\":\"search_term_string\"}}],\"inLanguage\":\"de\"}]}<\/script>\n<!-- \/ Yoast SEO plugin. -->","yoast_head_json":{"title":"Brasilien Projekt - Fraternit\u00e0 Francescana di Betania","robots":{"index":"index","follow":"follow","max-snippet":"max-snippet:-1","max-image-preview":"max-image-preview:large","max-video-preview":"max-video-preview:-1"},"canonical":"https:\/\/www.ffbetania.net\/de\/brasilien-projekt\/","og_locale":"de_DE","og_type":"article","og_title":"Brasilien Projekt - Fraternit\u00e0 Francescana di Betania","og_description":"Das Brasilien-Projekt entspringt dem Wunsch unseres Gr\u00fcnders, Pater Pancrazio, ein Aufnahme- und Gastfreundschaftszentrum f\u00fcr junge Menschen einzurichten, die in den Favelas leben und sich in einer schwierigen Situation befinden, um ihnen eine Ausbildung im Lichte des Evangeliums und im Geiste der FGB anzubieten, die ihre ganzheitliche Entwicklung unterst\u00fctzt. [&hellip;]","og_url":"https:\/\/www.ffbetania.net\/de\/brasilien-projekt\/","og_site_name":"Fraternit\u00e0 Francescana di Betania","article_modified_time":"2025-08-12T09:29:47+00:00","og_image":[{"width":1024,"height":726,"url":"https:\/\/www.ffbetania.net\/wp-content\/uploads\/2025\/03\/visita-pres.Mattarella-FFB-Salvador_FFB2024-16-1024x726.png","type":"image\/png"}],"twitter_card":"summary_large_image","twitter_misc":{"Gesch\u00e4tzte Lesezeit":"5\u00a0Minuten"},"schema":{"@context":"https:\/\/schema.org","@graph":[{"@type":"WebPage","@id":"https:\/\/www.ffbetania.net\/de\/brasilien-projekt\/","url":"https:\/\/www.ffbetania.net\/de\/brasilien-projekt\/","name":"Brasilien Projekt - Fraternit\u00e0 Francescana di Betania","isPartOf":{"@id":"https:\/\/www.ffbetania.net\/de\/#website"},"primaryImageOfPage":{"@id":"https:\/\/www.ffbetania.net\/de\/brasilien-projekt\/#primaryimage"},"image":{"@id":"https:\/\/www.ffbetania.net\/de\/brasilien-projekt\/#primaryimage"},"thumbnailUrl":"https:\/\/www.ffbetania.net\/wp-content\/uploads\/2025\/03\/visita-pres.Mattarella-FFB-Salvador_FFB2024-16.png","datePublished":"2021-12-14T09:13:25+00:00","dateModified":"2025-08-12T09:29:47+00:00","breadcrumb":{"@id":"https:\/\/www.ffbetania.net\/de\/brasilien-projekt\/#breadcrumb"},"inLanguage":"de","potentialAction":[{"@type":"ReadAction","target":["https:\/\/www.ffbetania.net\/de\/brasilien-projekt\/"]}]},{"@type":"ImageObject","inLanguage":"de","@id":"https:\/\/www.ffbetania.net\/de\/brasilien-projekt\/#primaryimage","url":"https:\/\/www.ffbetania.net\/wp-content\/uploads\/2025\/03\/visita-pres.Mattarella-FFB-Salvador_FFB2024-16.png","contentUrl":"https:\/\/www.ffbetania.net\/wp-content\/uploads\/2025\/03\/visita-pres.Mattarella-FFB-Salvador_FFB2024-16.png","width":1748,"height":1240},{"@type":"BreadcrumbList","@id":"https:\/\/www.ffbetania.net\/de\/brasilien-projekt\/#breadcrumb","itemListElement":[{"@type":"ListItem","position":1,"name":"Home","item":"https:\/\/www.ffbetania.net\/de\/"},{"@type":"ListItem","position":2,"name":"Brasilien Projekt"}]},{"@type":"WebSite","@id":"https:\/\/www.ffbetania.net\/de\/#website","url":"https:\/\/www.ffbetania.net\/de\/","name":"Fraternit\u00e0 Francescana di Betania","description":"La Fraternit\u00e0 Francescana di Betania \u00e8 lieta di rendervi partecipi di questa gioia","potentialAction":[{"@type":"SearchAction","target":{"@type":"EntryPoint","urlTemplate":"https:\/\/www.ffbetania.net\/de\/?s={search_term_string}"},"query-input":{"@type":"PropertyValueSpecification","valueRequired":true,"valueName":"search_term_string"}}],"inLanguage":"de"}]}},"_links":{"self":[{"href":"https:\/\/www.ffbetania.net\/de\/wp-json\/wp\/v2\/pages\/247411","targetHints":{"allow":["GET"]}}],"collection":[{"href":"https:\/\/www.ffbetania.net\/de\/wp-json\/wp\/v2\/pages"}],"about":[{"href":"https:\/\/www.ffbetania.net\/de\/wp-json\/wp\/v2\/types\/page"}],"author":[{"embeddable":true,"href":"https:\/\/www.ffbetania.net\/de\/wp-json\/wp\/v2\/users\/4"}],"replies":[{"embeddable":true,"href":"https:\/\/www.ffbetania.net\/de\/wp-json\/wp\/v2\/comments?post=247411"}],"version-history":[{"count":19,"href":"https:\/\/www.ffbetania.net\/de\/wp-json\/wp\/v2\/pages\/247411\/revisions"}],"predecessor-version":[{"id":264623,"href":"https:\/\/www.ffbetania.net\/de\/wp-json\/wp\/v2\/pages\/247411\/revisions\/264623"}],"wp:featuredmedia":[{"embeddable":true,"href":"https:\/\/www.ffbetania.net\/de\/wp-json\/wp\/v2\/media\/260126"}],"wp:attachment":[{"href":"https:\/\/www.ffbetania.net\/de\/wp-json\/wp\/v2\/media?parent=247411"}],"curies":[{"name":"wp","href":"https:\/\/api.w.org\/{rel}","templated":true}]}}