{"id":247305,"date":"2021-10-14T12:03:19","date_gmt":"2021-10-14T10:03:19","guid":{"rendered":"https:\/\/www.ffbetania.net\/pater-pancrazio\/"},"modified":"2023-03-01T19:21:32","modified_gmt":"2023-03-01T18:21:32","slug":"pater-pancrazio","status":"publish","type":"page","link":"https:\/\/www.ffbetania.net\/de\/pater-pancrazio\/","title":{"rendered":"Pater Pancrazio"},"content":{"rendered":"<p>[et_pb_section fb_built=&#8220;1&#8243; _builder_version=&#8220;4.16&#8243; _module_preset=&#8220;default&#8220; global_colors_info=&#8220;{}&#8220;][et_pb_row column_structure=&#8220;1_4,1_2,1_4&#8243; admin_label=&#8220;Der kleine Nicola (Nikolaus)&#8220; _builder_version=&#8220;4.16&#8243; _module_preset=&#8220;default&#8220; global_colors_info=&#8220;{}&#8220;][et_pb_column type=&#8220;1_4&#8243; _builder_version=&#8220;4.16&#8243; _module_preset=&#8220;default&#8220; global_colors_info=&#8220;{}&#8220;][et_pb_image src=&#8220;https:\/\/www.ffbetania.net\/wp-content\/uploads\/2022\/02\/1.-Pancrazio-piccolo-Nicola-rotated.jpg&#8220; title_text=&#8220;1. Pancrazio piccolo (Nicola) &#8211; FFB&#8220; _builder_version=&#8220;4.16&#8243; _module_preset=&#8220;09030424-7699-4230-8ab5-83483214d5c0&#8243; scroll_vertical_motion=&#8220;0|50|50|100|0|0|1&#8243; scroll_horizontal_motion=&#8220;0|50|50|100|0|0|0&#8243; sticky_position_tablet=&#8220;&#8220; sticky_position_phone=&#8220;&#8220; sticky_position_last_edited=&#8220;on|tablet&#8220; scroll_vertical_motion_tablet=&#8220;0|50|50|100|0|0|0&#8243; scroll_vertical_motion_phone=&#8220;0|50|50|100|0|0|0&#8243; scroll_vertical_motion_last_edited=&#8220;on|tablet&#8220; global_colors_info=&#8220;{}&#8220;][\/et_pb_image][\/et_pb_column][et_pb_column type=&#8220;1_2&#8243; _builder_version=&#8220;4.16&#8243; _module_preset=&#8220;default&#8220; background_enable_color=&#8220;off&#8220; global_colors_info=&#8220;{}&#8220;][dsm_text_notation notation_text=&#8220;Der kleine Nicola (Nikolaus)&#8220; _builder_version=&#8220;4.16&#8243; _module_preset=&#8220;a25692cb-2566-47c5-86d8-88387cd6ce58&#8243; text_orientation=&#8220;left&#8220; global_colors_info=&#8220;{}&#8220;][\/dsm_text_notation][et_pb_text _builder_version=&#8220;4.16&#8243; _module_preset=&#8220;default&#8220; global_colors_info=&#8220;{}&#8220;]<\/p>\n<p><strong>Nicola Gaudioso<\/strong>, wurde am <strong>15. November 1926<\/strong> in Bari, in der Via Durazzo, als letztes von sechs Kinder von Domenico Gaudioso und Giovanna Vavallo, geboren.<\/p>\n<p>Er wurde am 30. Januar 1927 in der Kirche St. Antonio im Stadtteil \u201eMadonnella&#8220; getauft, einem damals neuen Stadtteil von Bari, der seinen Namen von einem noch heute sichtbaren Schrein mit einem Terrakottarelief erhielt, das die Madonna darstellt.<\/p>\n<p>Der Vater starb in jungen Jahren, Anfang der 1930er Jahre, an Lungenkrebs und hinterlie\u00df seine junge Frau und sechs Kinder: zwei M\u00e4dchen (Giovanna und Angela) und vier Jungen (Vito, Leonardo, Giuseppe und den kleinen Nicola).<\/p>\n<p>Die Familie Gaudioso, die zwar arm, aber sehr angesehen war, war auf die Arbeit ihrer Mutter Giovanna angewiesen, die f\u00fcr die &#8222;Vierte territoriale Luftzone von Bari&#8220; (so hie\u00df der milit\u00e4rische Bereich, f\u00fcr den Giovanna arbeitete) Kleidung n\u00e4hte.<\/p>\n<p>Der kleine Nicola verbrachte seine Kindheit in jenen Jahren in den Stra\u00dfen von Bari. Unter anderem diente er in der Pfarrei: er evangelisierte unter seinen Freunden, brachte einige von ihnen in die Kirche, um an den Gottesdiensten teilzunehmen und war Leiter der Ministranten, unter der Leitung von Pfarrer Antonio Carucci.<\/p>\n<p>[\/et_pb_text][\/et_pb_column][et_pb_column type=&#8220;1_4&#8243; _builder_version=&#8220;4.16&#8243; _module_preset=&#8220;default&#8220; global_colors_info=&#8220;{}&#8220;][\/et_pb_column][\/et_pb_row][et_pb_row column_structure=&#8220;1_4,1_2,1_4&#8243; admin_label=&#8220;Im Kloster&#8220; _builder_version=&#8220;4.16&#8243; _module_preset=&#8220;default&#8220; global_colors_info=&#8220;{}&#8220;][et_pb_column type=&#8220;1_4&#8243; _builder_version=&#8220;4.16&#8243; _module_preset=&#8220;default&#8220; global_colors_info=&#8220;{}&#8220;][et_pb_image src=&#8220;https:\/\/www.ffbetania.net\/wp-content\/uploads\/2022\/02\/2.-il-convento-1.jpg&#8220; title_text=&#8220;2. il convento &#8211; FFB&#8220; _builder_version=&#8220;4.16&#8243; _module_preset=&#8220;09030424-7699-4230-8ab5-83483214d5c0&#8243; transform_translate=&#8220;20px|-80px&#8220; transform_translate_linked=&#8220;off&#8220; transform_rotate=&#8220;0deg|0deg|4deg&#8220; scroll_vertical_motion=&#8220;0|50|50|100|0|0|1.5&#8243; scroll_horizontal_motion_enable=&#8220;off&#8220; scroll_horizontal_motion=&#8220;0|50|50|100|-0.5|0|0&#8243; scroll_vertical_motion_tablet=&#8220;0|50|50|100|0|0|0&#8243; scroll_vertical_motion_phone=&#8220;0|50|50|100|0|0|0&#8243; scroll_vertical_motion_last_edited=&#8220;on|tablet&#8220; global_colors_info=&#8220;{}&#8220;][\/et_pb_image][\/et_pb_column][et_pb_column type=&#8220;1_2&#8243; _builder_version=&#8220;4.16&#8243; _module_preset=&#8220;default&#8220; background_enable_color=&#8220;off&#8220; global_colors_info=&#8220;{}&#8220;][dsm_text_notation notation_text=&#8220;Im Kloster&#8220; heading_html_tag=&#8220;h3&#8243; _builder_version=&#8220;4.16&#8243; _module_preset=&#8220;a25692cb-2566-47c5-86d8-88387cd6ce58&#8243; text_orientation=&#8220;left&#8220; global_colors_info=&#8220;{}&#8220;][\/dsm_text_notation][et_pb_text _builder_version=&#8220;4.16&#8243; _module_preset=&#8220;default&#8220; global_colors_info=&#8220;{}&#8220;]<\/p>\n<p><strong>Im Alter von dreizehn Jahren, am 10. Dezember 1939, dem Tag der Muttergottes von Loreto, trat er in das Kloster ein.<\/strong> Es war seine Mutter, die sich einen Sohn w\u00fcnschte, der Priester werden w\u00fcrde, die ihm diese Berufung offenbarte und er kam ihrem Wunsch gerne nach. Sie hatte mit Pater Pio \u00fcber die Wahl des Ordens gesprochen: Nach einer vergeblichen Anfrage bei den Karmeliten und der Ablehnung der M\u00f6glichkeit, in das kostenpflichtige Priesterseminar der Di\u00f6zese einzutreten, entschied sie sich<strong> f\u00fcr den Orden der Kapuziner,<\/strong> die aus Gr\u00fcnden der Armut nicht um finanzielle Unterst\u00fctzung bitten w\u00fcrden. Sie wollte ihn in die Provinz des Heiligen von Gargano schicken, aber er riet ihr, ihn in der Provinz Apulien zu lassen.<\/p>\n<p>P. Pancrazio selbst erz\u00e4hlte, wie seine Abreise von zu Hause war. An diesem Tag packte er die wenigen Dinge, die er besa\u00df, in einen Kopfkissenbezug, der ihm als Reisetasche diente. Seine Mutter gab ihm auch ihren eigenen Rosenkranz und ein St\u00fcck Brot mit, dass er nicht a\u00df, weil er Magenkr\u00e4mpfe hatte. <em>Seine Mutter Giovanna vertraute ihn beim Abschied der seligen Jungfrau Maria mit diesen Worten an:<\/em><\/p>\n<p>[\/et_pb_text][et_pb_text _builder_version=&#8220;4.16&#8243; _module_preset=&#8220;default&#8220; text_font=&#8220;||||||||&#8220; text_text_color=&#8220;#1E8DB9&#8243; text_font_size=&#8220;20px&#8220; global_colors_info=&#8220;{}&#8220;]<\/p>\n<p><i>\u201cGute Reise! Von nun an ist die Muttergottes deine Mutter\u201d<\/i><\/p>\n<p>[\/et_pb_text][et_pb_text _builder_version=&#8220;4.16&#8243; _module_preset=&#8220;default&#8220; global_colors_info=&#8220;{}&#8220;]<\/p>\n<p>In der ersten Nacht im Kloster, in der Stadt Barletta, vermisste der kleine Nicola seine Mutter und brach, ohne von den anderen gesehen zu werden, mit einem Betttuch zugedeckt, in Tr\u00e4nen aus. In dieser Nacht <strong>tr\u00e4umte er von der Jungfrau Maria, die ihm versprach, seine Mutter zu sein und ihm auf seinem Weg zu helfen<\/strong>, so wie es ihm von seiner Mutter Giovanna gesagt worden war.<\/p>\n<p>[\/et_pb_text][\/et_pb_column][et_pb_column type=&#8220;1_4&#8243; _builder_version=&#8220;4.16&#8243; _module_preset=&#8220;default&#8220; global_colors_info=&#8220;{}&#8220;][et_pb_image src=&#8220;https:\/\/www.ffbetania.net\/wp-content\/uploads\/2022\/02\/3.-il-convento-2.jpg&#8220; title_text=&#8220;3. il convento 2 &#8211; FFB&#8220; _builder_version=&#8220;4.16&#8243; _module_preset=&#8220;09030424-7699-4230-8ab5-83483214d5c0&#8243; transform_rotate=&#8220;0deg|0deg|-3deg&#8220; scroll_vertical_motion=&#8220;0|50|50|100|0|0|1.5&#8243; scroll_horizontal_motion_enable=&#8220;off&#8220; scroll_horizontal_motion=&#8220;0|50|50|100|-0.5|0|0&#8243; scroll_vertical_motion_tablet=&#8220;0|50|50|100|0|0|0&#8243; scroll_vertical_motion_phone=&#8220;0|50|50|100|0|0|0&#8243; scroll_vertical_motion_last_edited=&#8220;on|tablet&#8220; global_colors_info=&#8220;{}&#8220;][\/et_pb_image][\/et_pb_column][\/et_pb_row][et_pb_row column_structure=&#8220;1_4,1_2,1_4&#8243; admin_label=&#8220;Pater Pancrazio&#8220; _builder_version=&#8220;4.16&#8243; _module_preset=&#8220;default&#8220; global_colors_info=&#8220;{}&#8220;][et_pb_column type=&#8220;1_4&#8243; _builder_version=&#8220;4.16&#8243; _module_preset=&#8220;default&#8220; global_colors_info=&#8220;{}&#8220;][et_pb_image src=&#8220;https:\/\/www.ffbetania.net\/wp-content\/uploads\/2022\/02\/4.-Pancrazio-1.jpg&#8220; title_text=&#8220;4. Pancrazio 1 &#8211; FFB&#8220; _builder_version=&#8220;4.16&#8243; _module_preset=&#8220;09030424-7699-4230-8ab5-83483214d5c0&#8243; scroll_vertical_motion=&#8220;0|50|50|100|0|0|1.5&#8243; scroll_horizontal_motion_enable=&#8220;off&#8220; scroll_vertical_motion_tablet=&#8220;0|50|50|100|0|0|0&#8243; scroll_vertical_motion_phone=&#8220;0|50|50|100|0|0|0&#8243; scroll_vertical_motion_last_edited=&#8220;on|tablet&#8220; global_colors_info=&#8220;{}&#8220;][\/et_pb_image][\/et_pb_column][et_pb_column type=&#8220;1_2&#8243; _builder_version=&#8220;4.16&#8243; _module_preset=&#8220;default&#8220; global_colors_info=&#8220;{}&#8220;][dsm_text_notation notation_text=&#8220;Pater Pancrazio&#8220; heading_html_tag=&#8220;h3&#8243; _builder_version=&#8220;4.16&#8243; _module_preset=&#8220;a25692cb-2566-47c5-86d8-88387cd6ce58&#8243; text_orientation=&#8220;left&#8220; global_colors_info=&#8220;{}&#8220;][\/dsm_text_notation][et_pb_text _builder_version=&#8220;4.16&#8243; _module_preset=&#8220;default&#8220; global_colors_info=&#8220;{}&#8220;]<\/p>\n<p>Nach den Jahren in Barletta, wo er die Mittelschule abschloss, absolvierte Nicola sein <strong>Postulat<\/strong> in Giovinazzo (Bari) und legte am <strong>13. Mai 1942<\/strong>, dem Tag seines Eintritts in das Noviziat des Klosters Alessano (Lecce), die <strong>M\u00f6nchskutte<\/strong> als Laienbruder an. Nicola erhielt den Namen <strong>Pancrazio<\/strong> (nach dem heiligen M\u00e4rtyrer Pankratius, einem jungen Christen, der im Alter von vierzehn Jahren am 12. Mai 304 in Rom den M\u00e4rtyrertod erlitt), da er der j\u00fcngste der Novizen war. Pater Pancrazio war gl\u00fccklich \u00fcber den Namen, den er erhielt, weil dieser Heilige, obwohl er noch so jung war, seinen Glauben bis zum M\u00e4rtyrertod bezeugt hatte.<br \/>Als Novize verrichtete er verschiedene bescheidene Aufgaben: er war Schuhmacher, Koch und k\u00fcmmerte sich um die Gartenpflege und das Betteln: Er bem\u00fchte sich immer, die letzte Stelle einzunehmen, weil er wusste, dass er dort Jesus begegnen w\u00fcrde.<\/p>\n<p>Nach seinem Noviziats Jahr legte Bruder Pancrazio am <strong>19. Juni 1943 in Alessano vor Pater Arcangelo da Barletta<\/strong>seine ersten zeitlichen Gel\u00fcbde ab; nur seine Mutter war anwesend. Im November desselben Jahres wurde er in die Gemeinde Scorrano (Lecce) geschickt, wo er als K\u00fcchenarbeiter arbeitete.<br \/>Sp\u00e4ter, im M\u00e4rz 1946, wurde P. Pancrazio vor\u00fcbergehend nach Giovinazzo versetzt, von wo aus er am <strong>1. April 1946 nach Loreto ging<\/strong>.<\/p>\n<p><strong>Am 23. November 1947 legte er im Heiligen Haus vor dem Rektor des Heiligtums, Pater Sebastiano da Potenza Picena, die ewigen Gel\u00fcbde ab.<\/strong><\/p>\n<p>[\/et_pb_text][\/et_pb_column][et_pb_column type=&#8220;1_4&#8243; _builder_version=&#8220;4.16&#8243; _module_preset=&#8220;default&#8220; global_colors_info=&#8220;{}&#8220;][et_pb_image src=&#8220;https:\/\/www.ffbetania.net\/wp-content\/uploads\/2022\/02\/5.-Pancrazio-2-Voti_perpetui.jpg&#8220; title_text=&#8220;5. Pancrazio 2-Voti_perpetui &#8211; FFB&#8220; _builder_version=&#8220;4.16&#8243; _module_preset=&#8220;09030424-7699-4230-8ab5-83483214d5c0&#8243; transform_rotate=&#8220;0deg|0deg|4deg&#8220; scroll_vertical_motion=&#8220;0|50|50|100|0|0|1.5&#8243; scroll_horizontal_motion_enable=&#8220;off&#8220; scroll_horizontal_motion=&#8220;0|50|50|100|0|0|-0.5&#8243; scroll_vertical_motion_tablet=&#8220;0|50|50|100|0|0|0&#8243; scroll_vertical_motion_phone=&#8220;0|50|50|100|0|0|0&#8243; scroll_vertical_motion_last_edited=&#8220;on|tablet&#8220; global_colors_info=&#8220;{}&#8220;][\/et_pb_image][\/et_pb_column][\/et_pb_row][et_pb_row column_structure=&#8220;1_4,1_2,1_4&#8243; admin_label=&#8220;Die Zeit in Loreto (Region Marken)&#8220; _builder_version=&#8220;4.16&#8243; _module_preset=&#8220;default&#8220; global_colors_info=&#8220;{}&#8220;][et_pb_column type=&#8220;1_4&#8243; _builder_version=&#8220;4.16&#8243; _module_preset=&#8220;default&#8220; global_colors_info=&#8220;{}&#8220;][et_pb_image src=&#8220;https:\/\/www.ffbetania.net\/wp-content\/uploads\/2022\/08\/P.-Pancrazio-Gaudioso-in-S.Casa-FFB.jpg&#8220; title_text=&#8220;P. Pancrazio Gaudioso in S.Casa &#8211; FFB&#8220; _builder_version=&#8220;4.17.4&#8243; _module_preset=&#8220;09030424-7699-4230-8ab5-83483214d5c0&#8243; transform_translate=&#8220;20px|-80px&#8220; transform_translate_linked=&#8220;off&#8220; transform_rotate=&#8220;0deg|0deg|4deg&#8220; scroll_vertical_motion=&#8220;0|50|50|100|0|0|1&#8243; scroll_horizontal_motion_enable=&#8220;off&#8220; scroll_vertical_motion_tablet=&#8220;0|50|50|100|0|0|0&#8243; scroll_vertical_motion_phone=&#8220;0|50|50|100|0|0|0&#8243; scroll_vertical_motion_last_edited=&#8220;on|tablet&#8220; global_colors_info=&#8220;{}&#8220;][\/et_pb_image][et_pb_image src=&#8220;https:\/\/www.ffbetania.net\/wp-content\/uploads\/2022\/08\/camaldoli1976-guppo-con-padre-Pancrazio-FFB.jpg&#8220; title_text=&#8220;camaldoli1976 &#8211; guppo con padre Pancrazio &#8211; FFB&#8220; _builder_version=&#8220;4.17.4&#8243; _module_preset=&#8220;09030424-7699-4230-8ab5-83483214d5c0&#8243; transform_translate=&#8220;20px|-92px&#8220; scroll_vertical_motion=&#8220;0|50|50|100|0|0|1.7&#8243; scroll_horizontal_motion_enable=&#8220;off&#8220; scroll_vertical_motion_tablet=&#8220;0|50|50|100|0|0|0&#8243; scroll_vertical_motion_phone=&#8220;0|50|50|100|0|0|0&#8243; scroll_vertical_motion_last_edited=&#8220;on|tablet&#8220; global_colors_info=&#8220;{}&#8220;][\/et_pb_image][\/et_pb_column][et_pb_column type=&#8220;1_2&#8243; _builder_version=&#8220;4.16&#8243; _module_preset=&#8220;default&#8220; global_colors_info=&#8220;{}&#8220;][dsm_text_notation notation_text=&#8220;Die Zeit in Loreto (Region Marken)&#8220; heading_html_tag=&#8220;h3&#8243; _builder_version=&#8220;4.16&#8243; _module_preset=&#8220;a25692cb-2566-47c5-86d8-88387cd6ce58&#8243; text_orientation=&#8220;left&#8220; global_colors_info=&#8220;{}&#8220;][\/dsm_text_notation][et_pb_text _builder_version=&#8220;4.16&#8243; _module_preset=&#8220;default&#8220; global_colors_info=&#8220;{}&#8220;]<\/p>\n<p>In den Jahren, die er in Loreto verbrachte, \u00fcbernahm er verschiedene Aufgaben: von 1946 bis 1959 widmete er sich der Aufsicht \u00fcber das Heilige Haus und sorgte f\u00fcr dessen Reinigung, Ordnung, \u00d6ffnung und Schlie\u00dfung und er diente an der Rezeption, um die Spenden f\u00fcr die Feier der Heiligen Messen entgegenzunehmen; von 1960 bis 1964 leitete er das Refektorium der Kapuzinergemeinschaft mit etwa neunzig Mitgliedern; von 1964 bis 1967 war er Pf\u00f6rtner.<\/p>\n<p>Bruder Pancrazio blieb vierunddrei\u00dfig Jahre lang in den Marken: zuerst lebte er in Loreto (April 1946 &#8211; September 1967), dann in Recanati (September 1969 &#8211; September 1973) und schlie\u00dflich in Civitanova Marche (September 1973 &#8211; Mai 1982).<\/p>\n<p>Von September 1967 bis September 1969 lebte er im Kloster in der Stra\u00dfe Abbrescia in Bari.<\/p>\n<p><strong>In Loreto widmete er sich auch dem Empfang der Pilger und den verschiedenen geistlichen Kindern des Heiligen Pio von Pietrelcina, die auf ihrem Weg nach oder von San Giovanni Rotondo in den Marken einen Stopp einlegten, um ihn zu treffen. <\/strong>. Einige wurden von Pater Pio direkt zu Pancrazio geschickt und begannen so, mit Bruder Pancrazio freundschaftliche Beziehungen zu kn\u00fcpfen oder ihn geistlich zu begleiten.<\/p>\n<p><strong>In der Zeit, in der Pancrazio in Loreto lebte, machte er n\u00e4mlich direkte Bekanntschaft mit dem Heiligen Pio von Pietrelcina.In der Zeit, in der Pancrazio in Loreto lebte, machte er n\u00e4mlich direkte Bekanntschaft mit dem Heiligen Pio von Pietrelcina.<\/strong> Die erste Begegnung fand am 1. April 1950 statt: bei dieser Gelegenheit wurde er sein geistiger Sohn; weitere Begegnungen folgten bis 1968, zwei oder drei Mal pro Jahr, manchmal auch mehr. Die Rolle von Pater Pio war f\u00fcr Bruder Pancrazio ein entscheidender Faktor auf seinem pers\u00f6nlichen Weg und auch bei der Gr\u00fcndung der Franziskanischen Gemeinschaft von Betanien, sowohl als geistlicher Vater, als auch als Vorbild und Inspirator.<\/p>\n<p>Bei dem Treffen am 20. Oktober 1959 fand die \u00dcbergabe des &#8222;g<strong>eistlichen Testaments<\/strong>&#8220; statt. Bruder Pancrazio bat Pater Pio, nach einer Beichte, um ein Lebensprogramm, dass ihm der Heilige aus dem Gargano nach drei Tagen gab, geschrieben auf der R\u00fcckseite eines kleinen Bildes. Sie lautete wie folgt:<\/p>\n<p>[\/et_pb_text][et_pb_text _builder_version=&#8220;4.16&#8243; _module_preset=&#8220;default&#8220; text_font=&#8220;||||||||&#8220; text_text_color=&#8220;#1E8DB9&#8243; text_font_size=&#8220;20px&#8220; global_colors_info=&#8220;{}&#8220;]<i> \u201cSei nicht so auf das Besch\u00e4ftigt sein Marthas bezogen, dass du dar\u00fcber Marias Schweigen vergisst. Die jungfr\u00e4uliche Mutter, die sowohl die eine als auch die andere Aufgabe so gut miteinander in Einklang bringt, sei f\u00fcr dich sanftes Vorbild und Inspiration\u201d. <\/i>[\/et_pb_text][et_pb_text _builder_version=&#8220;4.16&#8243; _module_preset=&#8220;default&#8220; global_colors_info=&#8220;{}&#8220;]<\/p>\n<p><strong>Bruder Pancrazio machte sich dieses Lebensprogramm sofort zu eigen und behielt es etwa zwanzig Jahre lang bei<\/strong>, wobei er sich \u00fcber den in diesen Worten verborgenen Willen Gottes Gedanken machte. Mit der Zeit sp\u00fcrte und verstand er, dass der Inhalt dieser Schrift nicht nur f\u00fcr ihn bestimmt war. Sie sollte in der Tat zum <strong>konstitutiven Prinzip des Charismas der Franziskanischen Gemeinschaft von Betanien werden.<\/strong><\/p>\n<p>Bei seiner letzten Begegnung mit Pater Pio, im Juli 1968, sagte dieser zu Bruder Pancrazio:<\/p>\n<p>[\/et_pb_text][et_pb_text _builder_version=&#8220;4.16&#8243; _module_preset=&#8220;default&#8220; text_font=&#8220;||||||||&#8220; text_text_color=&#8220;#1E8DB9&#8243; text_font_size=&#8220;20px&#8220; global_colors_info=&#8220;{}&#8220;]<\/p>\n<p><i>&#8220; Mein Sohn, es ist Gottes Wille, dass du Priester wirst. Die Entscheidung liegt bei dir. Du wirst jedoch den Willen der Oberen erf\u00fcllen.&#8220;<br \/><\/i><\/p>\n<p>[\/et_pb_text][et_pb_text _builder_version=&#8220;4.16&#8243; _module_preset=&#8220;default&#8220; global_colors_info=&#8220;{}&#8220;]<\/p>\n<p><strong>So wurde Bruder Pancrazio am 18. M\u00e4rz 1973 in Loreto zum Priester geweiht<\/strong>.<\/p>\n<p>[\/et_pb_text][\/et_pb_column][et_pb_column type=&#8220;1_4&#8243; _builder_version=&#8220;4.16&#8243; _module_preset=&#8220;default&#8220; global_colors_info=&#8220;{}&#8220;][et_pb_image src=&#8220;https:\/\/www.ffbetania.net\/wp-content\/uploads\/2022\/08\/PP-PP-biglietto-FFB.jpg&#8220; title_text=&#8220;PP-PP-biglietto &#8211; FFB&#8220; _builder_version=&#8220;4.17.4&#8243; _module_preset=&#8220;09030424-7699-4230-8ab5-83483214d5c0&#8243; transform_rotate=&#8220;0deg|0deg|3deg&#8220; scroll_horizontal_motion_enable=&#8220;off&#8220; scroll_vertical_motion_tablet=&#8220;0|50|50|100|0|0|0&#8243; scroll_vertical_motion_phone=&#8220;0|50|50|100|0|0|0&#8243; scroll_vertical_motion_last_edited=&#8220;on|tablet&#8220; global_colors_info=&#8220;{}&#8220;][\/et_pb_image][\/et_pb_column][\/et_pb_row][et_pb_row column_structure=&#8220;1_4,1_2,1_4&#8243; admin_label=&#8220;Die Gemeinschaft&#8220; _builder_version=&#8220;4.16&#8243; _module_preset=&#8220;default&#8220; global_colors_info=&#8220;{}&#8220;][et_pb_column type=&#8220;1_4&#8243; _builder_version=&#8220;4.16&#8243; _module_preset=&#8220;default&#8220; global_colors_info=&#8220;{}&#8220;][et_pb_image src=&#8220;https:\/\/www.ffbetania.net\/wp-content\/uploads\/2022\/08\/Pentecoste-30.05.82-gruppo-madre-Innaugurazione-ufficiale-FFB.jpg&#8220; title_text=&#8220;Pentecoste 30.05.82 gruppo madre &#8211; Innaugurazione ufficiale FFB&#8220; _builder_version=&#8220;4.17.4&#8243; _module_preset=&#8220;09030424-7699-4230-8ab5-83483214d5c0&#8243; scroll_vertical_motion=&#8220;0|50|50|100|0|0|0.5&#8243; scroll_horizontal_motion_enable=&#8220;off&#8220; scroll_vertical_motion_tablet=&#8220;0|50|50|100|0|0|0&#8243; scroll_vertical_motion_phone=&#8220;0|50|50|100|0|0|0&#8243; scroll_vertical_motion_last_edited=&#8220;on|tablet&#8220; global_colors_info=&#8220;{}&#8220;][\/et_pb_image][et_pb_image src=&#8220;https:\/\/www.ffbetania.net\/wp-content\/uploads\/2021\/11\/Pancrazio_ffb.jpg&#8220; title_text=&#8220;Pancrazio_ffb&#8220; _builder_version=&#8220;4.17.4&#8243; _module_preset=&#8220;09030424-7699-4230-8ab5-83483214d5c0&#8243; scroll_vertical_motion=&#8220;0|50|50|100|0|0|1.5&#8243; scroll_horizontal_motion_enable=&#8220;off&#8220; scroll_vertical_motion_tablet=&#8220;0|50|50|100|0|0|0&#8243; scroll_vertical_motion_phone=&#8220;0|50|50|100|0|0|0&#8243; scroll_vertical_motion_last_edited=&#8220;on|tablet&#8220; global_colors_info=&#8220;{}&#8220;][\/et_pb_image][\/et_pb_column][et_pb_column type=&#8220;1_2&#8243; _builder_version=&#8220;4.16&#8243; _module_preset=&#8220;default&#8220; global_colors_info=&#8220;{}&#8220;][dsm_text_notation notation_text=&#8220;Die Gemeinschaft&#8220; heading_html_tag=&#8220;h3&#8243; _builder_version=&#8220;4.16&#8243; _module_preset=&#8220;a25692cb-2566-47c5-86d8-88387cd6ce58&#8243; text_orientation=&#8220;left&#8220; global_colors_info=&#8220;{}&#8220;][\/dsm_text_notation][et_pb_text _builder_version=&#8220;4.16&#8243; _module_preset=&#8220;default&#8220; global_colors_info=&#8220;{}&#8220;]<\/p>\n<p>In jenen Jahren vertrauten viele Menschen Pancrazio ihre geistliche Begleitung an und wandten sich an ihn, um ein Wort des Trostes, ein Gebet zu erhalten. Er f\u00fchlte in sich das Bed\u00fcrfnis, ihnen das Wichtigste f\u00fcr ihr pers\u00f6nliches geistliches Wachstum beizubringen: das Beten, vor allem aber das gemeinsame Beten.<\/p>\n<p><strong>Auf der Suche nach diesem starken Gebetsstrom wandte sich Pancrazio der Bewegung der &#8222;Charismatischen Erneuerung &#8220; zu, organisierte gut besuchte Konferenzen und versammelte seine \u00fcber ganz Italien und das Tessin verstreuten geistlichen Kinder in Gebetsgruppen, die er wegen ihrer marianischen und<\/strong> lauretanischen Elemente &#8222;Ancilla Domini&#8220;-Gruppen nannte. Diese Gebetsgruppen wurden zun\u00e4chst Teil der entstehenden Charismatischen Erneuerung, erlangten aber im Lauf der Zeit ihre eigene Autonomie und charismatische Identit\u00e4t.<\/p>\n<p>Von der Gruppe Civitanova, die <strong>1974 entstand und die er pers\u00f6nlich begleitete und leitete, ging die erste Kerngruppe der Franziskanischen Gemeinschaft von Betanien aus.<\/strong> Einige Mitglieder &#8211; die sp\u00e4ter zu den ersten Br\u00fcdern und Schwestern der Gemeinschaft geh\u00f6ren sollten &#8211; trafen sich h\u00e4ufiger im Kapuzinerkloster von Civitanova Alta, in Begleitung von Pater Pancrazio. Die Mitglieder dieser &#8222;kleinen Gruppe&#8220; sp\u00fcrten immer deutlicher den Wunsch, sich gemeinsam auf den Weg zu machen, um eine Lebensgemeinschaft und damit ein stabiles geschwisterliches Leben zu verwirklichen. Sie tr\u00e4umten davon, in einem gemeinsamen Haus zu wohnen, dann dachten sie \u00fcber andere Formen des Teilens nach, bis sie eines Tages w\u00e4hrend eines Gebets in der Wohnung einiger von ihnen die Bibel aufschlugen und die Passage aus der Apostelgeschichte 2,42-47 fanden, in der das Leben der ersten christlichen Gemeinde beschrieben wird. Dieser Text wurde als Ausdruck des Willens Gottes erkannt, und so entstand die Absicht, ein wahres &#8222;gemeinsames Leben&#8220; zu teilen.<\/p>\n<p><strong>Im Jahr 1982 wurde die Gemeinschaft gegr\u00fcndet. Am 30. Mai, dem Pfingsttag, fand im Kloster von Terlizzi<\/strong> (Bari) die offizielle Er\u00f6ffnung der ersten Gemeinschaft statt.<\/p>\n<p><strong>Der erste Schritt auf diesem neuen Weg war die Gr\u00fcndung einer Zivilvereinigung namens &#8222;Casa Betania&#8220; im Jahr 1983.<\/strong><\/p>\n<p>Im Jahr 1985 erfolgte die Anerkennung durch den &#8222;Diener Gottes&#8220;, Seine Exzellenz Monsignore Antonio Bello, damals Bischof der Di\u00f6zese Molfetta-Ruvo-Giovinazzo-Terlizzi, als private Vereinigung der Gl\u00e4ubigen unter dem Namen &#8222;Casa Betania&#8220; und 1987 als \u00f6ffentliche Vereinigung der Gl\u00e4ubigen.<\/p>\n<p>Derselbe Monsignore Antonio Bello, der die Gemeinschaft in den ersten zehn Jahren ihres Weges begleitete, wandte sich am 1. Dezember 1992 an die Kongregation f\u00fcr die Institute des geweihten Lebens und die Gesellschaften des apostolischen Lebens und beantragte die Umwandlung der \u00f6ffentlichen Vereinigung der Gl\u00e4ubigen &#8222;Casa Betania&#8220; in ein Institut des geweihten Lebens mit di\u00f6zesanem Recht, mit dem Namen &#8222;Franziskanische Gemeinschaft von Betanien&#8220;.<\/p>\n<p><strong>Mit Genehmigung der zust\u00e4ndigen vatikanischen Kongregation unterzeichnete am 8. Dezember 1998, am Hochfest der Unbefleckten Empf\u00e4ngnis, der neue Bischof der Di\u00f6zese, Seine Exzellenz Monsignore Donato Negro, das Dekret im Mutterhaus der Gemeinschaft in Terlizzi.<\/strong><\/p>\n<p>P. Pancrazio erz\u00e4hlte, dass er bis zu diesem Zeitpunkt jeden Tag, in Bezug auf die Gemeinschaft, dieses Gebet an Gott richtete: &#8222;<em>Herr, wenn es nicht dein Werk ist, zerst\u00f6re es<\/em>&#8222;, und erst aufh\u00f6rte, als die Kirche ihr Siegel erteilt hatte, denn die Zustimmung der Kirche war eine Garantie f\u00fcr den Willen Gottes.<\/p>\n<p><strong>P. Pancrazio war von 1999, dem Jahr der Feier des ersten ordentlichen Generalkapitels des Instituts, bis 2011 Generaloberer der Franziskanischen Gemeinschaft von Betanien.<\/strong> Danach lebte er weiterhin mit den Br\u00fcdern und Schwestern der Fraternit\u00e4t im Haus in Terlizzi, nachdem er die Erlaubnis seines Provinzials erhalten hatte und nahm als Gast an allen Generalversammlungen des Instituts teil.<\/p>\n<p>P. Pancrazio starb im Alter von 89 Jahren am Morgen des 3. Januar 2016, umgeben von der Zuneigung und den Gebeten der Br\u00fcder und Schwestern der Gemeinschaft und hinterlie\u00df als sein Testament die Ermahnung zur Einheit.<\/p>\n<p>Einer seiner letzten Gedanken lautete: <\/p>\n<p>[\/et_pb_text][et_pb_text _builder_version=&#8220;4.16&#8243; _module_preset=&#8220;default&#8220; text_font=&#8220;||||||||&#8220; text_text_color=&#8220;#1E8DB9&#8243; text_font_size=&#8220;20px&#8220; global_colors_info=&#8220;{}&#8220;]<i>\u00abSeid verbunden, seid verbunden, damit die Gemeinschaft eine Kontinuit\u00e4t haben kann. Sucht nicht nach einem Testament von mir; ich habe kein Testament gemacht. Mein Testament ist das von Jesus: &#8222;Seid eins&#8220;. Ich habe nichts hinzuzuf\u00fcgen, ich wiederhole euch die Worte Jesu. Es gibt kein sch\u00f6neres Testament\u00bb.<\/i>[\/et_pb_text][et_pb_text _builder_version=&#8220;4.16&#8243; _module_preset=&#8220;default&#8220; global_colors_info=&#8220;{}&#8220;]Die Beerdigung fand am 5. Januar, in der Au\u00dfenkapelle des Mutterhauses Terlizzi, in Anwesenheit von mehr als zweitausend Menschen statt.[\/et_pb_text][\/et_pb_column][et_pb_column type=&#8220;1_4&#8243; _builder_version=&#8220;4.16&#8243; _module_preset=&#8220;default&#8220; global_colors_info=&#8220;{}&#8220;][et_pb_image src=&#8220;https:\/\/www.ffbetania.net\/wp-content\/uploads\/2021\/11\/storia-fra-pancrazio.jpg&#8220; title_text=&#8220;storia-fra-pancrazio &#8211; FFB&#8220; _builder_version=&#8220;4.17.4&#8243; _module_preset=&#8220;09030424-7699-4230-8ab5-83483214d5c0&#8243; scroll_vertical_motion=&#8220;0|50|50|100|0|0|1&#8243; scroll_horizontal_motion_enable=&#8220;off&#8220; scroll_vertical_motion_tablet=&#8220;0|50|50|100|0|0|0&#8243; scroll_vertical_motion_phone=&#8220;0|50|50|100|0|0|0&#8243; scroll_vertical_motion_last_edited=&#8220;on|tablet&#8220; global_colors_info=&#8220;{}&#8220;][\/et_pb_image][et_pb_image src=&#8220;https:\/\/www.ffbetania.net\/wp-content\/uploads\/2022\/08\/frapancrazio-fondatore-FFB.jpg&#8220; title_text=&#8220;frapancrazio-fondatore FFB&#8220; _builder_version=&#8220;4.17.4&#8243; _module_preset=&#8220;09030424-7699-4230-8ab5-83483214d5c0&#8243; transform_rotate=&#8220;0deg|0deg|3deg&#8220; scroll_horizontal_motion_enable=&#8220;off&#8220; scroll_vertical_motion_tablet=&#8220;0|50|50|100|0|0|0&#8243; scroll_vertical_motion_phone=&#8220;0|50|50|100|0|0|0&#8243; scroll_vertical_motion_last_edited=&#8220;on|tablet&#8220; global_colors_info=&#8220;{}&#8220;][\/et_pb_image][\/et_pb_column][\/et_pb_row][et_pb_row column_structure=&#8220;1_3,1_3,1_3&#8243; admin_label=&#8220;Riga video&#8220; _builder_version=&#8220;4.17.4&#8243; _module_preset=&#8220;default&#8220; global_colors_info=&#8220;{}&#8220;][et_pb_column type=&#8220;1_3&#8243; _builder_version=&#8220;4.17.4&#8243; _module_preset=&#8220;default&#8220; global_colors_info=&#8220;{}&#8220;][et_pb_video src=&#8220;https:\/\/youtu.be\/D1pFvFxrnng&#8220; image_src=&#8220;\/\/i.ytimg.com\/vi\/D1pFvFxrnng\/hqdefault.jpg&#8220; _builder_version=&#8220;4.16&#8243; _module_preset=&#8220;dc97fc8d-578b-484d-ad8e-6cc804f20887&#8243; db_limit_youtube_related_videos_to_same_channel=&#8220;on&#8220; global_colors_info=&#8220;{}&#8220;][\/et_pb_video][\/et_pb_column][et_pb_column type=&#8220;1_3&#8243; _builder_version=&#8220;4.17.4&#8243; _module_preset=&#8220;default&#8220; global_colors_info=&#8220;{}&#8220;][et_pb_video src=&#8220;https:\/\/youtu.be\/MbBQjQPMwfI&#8220; image_src=&#8220;\/\/i.ytimg.com\/vi\/MbBQjQPMwfI\/hqdefault.jpg&#8220; _builder_version=&#8220;4.16&#8243; _module_preset=&#8220;dc97fc8d-578b-484d-ad8e-6cc804f20887&#8243; db_limit_youtube_related_videos_to_same_channel=&#8220;on&#8220; global_colors_info=&#8220;{}&#8220;][\/et_pb_video][\/et_pb_column][et_pb_column type=&#8220;1_3&#8243; _builder_version=&#8220;4.17.4&#8243; _module_preset=&#8220;default&#8220; global_colors_info=&#8220;{}&#8220;][et_pb_code _builder_version=&#8220;4.16&#8243; _module_preset=&#8220;default&#8220; border_radii=&#8220;on|8px|8px|8px|8px&#8220; box_shadow_style=&#8220;preset2&#8243; box_shadow_horizontal=&#8220;0px&#8220; box_shadow_vertical=&#8220;12px&#8220; box_shadow_color=&#8220;rgba(30,141,185,0.2)&#8220; global_colors_info=&#8220;{}&#8220;]<iframe width=\"560\" height=\"315\" src=\"https:\/\/www.youtube.com\/embed\/videoseries?list=PLqXCVLxHL6zqUVPHccBkfW9304lIchxN7\" title=\"YouTube video player\" frameborder=\"0\" allow=\"accelerometer; autoplay; clipboard-write; encrypted-media; gyroscope; picture-in-picture\" allowfullscreen=\"\"><\/iframe>[\/et_pb_code][\/et_pb_column][\/et_pb_row][\/et_pb_section][et_pb_section fb_built=&#8220;1&#8243; admin_label=&#8220;social share&#8220; _builder_version=&#8220;4.16&#8243; _module_preset=&#8220;default&#8220; global_colors_info=&#8220;{}&#8220;][et_pb_row _builder_version=&#8220;4.16&#8243; _module_preset=&#8220;default&#8220; global_colors_info=&#8220;{}&#8220;][et_pb_column type=&#8220;4_4&#8243; _builder_version=&#8220;4.16&#8243; _module_preset=&#8220;default&#8220; global_colors_info=&#8220;{}&#8220;][et_pb_text _builder_version=&#8220;4.16&#8243; _module_preset=&#8220;default&#8220; text_orientation=&#8220;center&#8220; custom_margin=&#8220;||0px||false|false&#8220; global_colors_info=&#8220;{}&#8220;]<\/p>\n<h3>Teilen Sie mit Ihren Liebsten<\/h3>\n<p>[\/et_pb_text][et_pb_sidebar area=&#8220;et_pb_widget_area_1&#8243; _builder_version=&#8220;4.16&#8243; _module_preset=&#8220;default&#8220; global_colors_info=&#8220;{}&#8220;][\/et_pb_sidebar][\/et_pb_column][\/et_pb_row][\/et_pb_section][et_pb_section fb_built=&#8220;1&#8243; disabled_on=&#8220;on|on|on&#8220; admin_label=&#8220;Form&#8220; _builder_version=&#8220;4.16&#8243; _module_preset=&#8220;default&#8220; disabled=&#8220;on&#8220; global_colors_info=&#8220;{}&#8220;][et_pb_row column_structure=&#8220;1_5,3_5,1_5&#8243; _builder_version=&#8220;4.16&#8243; _module_preset=&#8220;default&#8220; global_colors_info=&#8220;{}&#8220;][et_pb_column type=&#8220;1_5&#8243; _builder_version=&#8220;4.16&#8243; _module_preset=&#8220;default&#8220; global_colors_info=&#8220;{}&#8220;][\/et_pb_column][et_pb_column type=&#8220;3_5&#8243; _builder_version=&#8220;4.16&#8243; _module_preset=&#8220;cf9705a3-a4d4-4329-97e8-6d109d7b39c6&#8243; global_colors_info=&#8220;{}&#8220;][et_pb_text _builder_version=&#8220;4.16&#8243; _module_preset=&#8220;default&#8220; text_orientation=&#8220;center&#8220; global_colors_info=&#8220;{}&#8220;]<\/p>\n<h3>Laden Sie die Monographie von Pater Pancrazio herunter<\/h3>\n<p>[\/et_pb_text][et_pb_text _builder_version=&#8220;4.16&#8243; _module_preset=&#8220;default&#8220; text_orientation=&#8220;center&#8220; global_colors_info=&#8220;{}&#8220;]<noscript class=\"ninja-forms-noscript-message\">\n\tHinweis: F\u00fcr diesen Inhalt ist JavaScript erforderlich.<\/noscript>\n<div id=\"nf-form-5-cont\" class=\"nf-form-cont\" aria-live=\"polite\" aria-labelledby=\"nf-form-title-5\" aria-describedby=\"nf-form-errors-5\" role=\"form\">\n\n    <div class=\"nf-loading-spinner\"><\/div>\n\n<\/div>\n        <!-- That data is being printed as a workaround to page builders reordering the order of the scripts loaded-->\n        <script>var formDisplay=1;var nfForms=nfForms||[];var form=[];form.id='5';form.settings={\"objectType\":\"Form Setting\",\"editActive\":true,\"title\":\"Scarica la monografia di Padre Pancrazio\",\"show_title\":0,\"allow_public_link\":0,\"embed_form\":\"\",\"clear_complete\":1,\"hide_complete\":1,\"default_label_pos\":\"above\",\"wrapper_class\":\"\",\"element_class\":\"\",\"key\":\"\",\"add_submit\":0,\"changeEmailErrorMsg\":\"Bitte gib eine g\\u00fcltige E-Mail-Adresse ein.\",\"changeDateErrorMsg\":\"Bitte gib ein g\\u00fcltiges Datum ein!\",\"confirmFieldErrorMsg\":\"Diese Felder m\\u00fcssen \\u00fcbereinstimmen!\",\"fieldNumberNumMinError\":\"Die eingegebene Zahl ist zu klein.\",\"fieldNumberNumMaxError\":\"Die eingegebene Zahl ist zu gross.\",\"fieldNumberIncrementBy\":\"Bitte erh\\u00f6hen in Schritten von\",\"formErrorsCorrectErrors\":\"Bitte korrigiere die Fehler, bevor du das Formular sendest.\",\"validateRequiredField\":\"Dies ist ein Pflichtfeld.\",\"honeypotHoneypotError\":\"Honeypot-Fehler\",\"fieldsMarkedRequired\":\"Felder mit einem <span class=\\\"ninja-forms-req-symbol\\\">*<\\\/span> sind Pflichtfelder\",\"currency\":\"\",\"repeatable_fieldsets\":\"\",\"unique_field_error\":\"A form with this value has already been submitted.\",\"logged_in\":false,\"not_logged_in_msg\":\"\",\"sub_limit_msg\":\"The form has reached its submission limit.\",\"calculations\":[],\"formContentData\":[\"nome-monografia\",\"cognome-monografia\",\"email-monografia\",\"telefono-monografia\",\"residenza-monografia\",\"acconsento_al_trattamento_dei_miei_dati_come_descritto_nelle_policy_della_privacy_1656343263472\",\"leggi_l_informativa_sulla_policy_e_privacy_1656343275172\",\"richiedi_la_monografia_1637742884786\"],\"drawerDisabled\":false,\"ninjaForms\":\"Ninja Forms\",\"fieldTextareaRTEInsertLink\":\"Link einf\\u00fcgen\",\"fieldTextareaRTEInsertMedia\":\"Medien einf\\u00fcgen\",\"fieldTextareaRTESelectAFile\":\"Eine Datei ausw\\u00e4hlen\",\"formHoneypot\":\"Falls du ein Mensch bist und dieses Feld siehst, dann lasse es bitte leer.\",\"fileUploadOldCodeFileUploadInProgress\":\"Datei-Upload l\\u00e4uft.\",\"fileUploadOldCodeFileUpload\":\"DATEI-UPLOAD\",\"currencySymbol\":\"&euro;\",\"thousands_sep\":\".\",\"decimal_point\":\",\",\"siteLocale\":\"de_DE\",\"dateFormat\":\"d\\\/m\\\/Y\",\"startOfWeek\":\"1\",\"of\":\"von\",\"previousMonth\":\"Vorheriger Monat\",\"nextMonth\":\"N\\u00e4chster Monat\",\"months\":[\"Januar\",\"Februar\",\"M\\u00e4rz\",\"April\",\"Mai\",\"Juni\",\"Juli\",\"August\",\"September\",\"Oktober\",\"November\",\"Dezember\"],\"monthsShort\":[\"Jan.\",\"Feb.\",\"M\\u00e4rz\",\"Apr.\",\"Mai\",\"Juni\",\"Juli\",\"Aug\",\"Sep.\",\"Okt.\",\"Nov.\",\"Dez.\"],\"weekdays\":[\"Sonntag\",\"Montag\",\"Dienstag\",\"Mittwoch\",\"Donnerstag\",\"Freitag\",\"Samstag\"],\"weekdaysShort\":[\"So.\",\"Mo.\",\"Di.\",\"Mi.\",\"Do.\",\"Fr.\",\"Sa.\"],\"weekdaysMin\":[\"So.\",\"Mo.\",\"Di.\",\"Mi.\",\"Do.\",\"Fr.\",\"Sa.\"],\"recaptchaConsentMissing\":\"reCaptcha validation couldn&#039;t load.\",\"recaptchaMissingCookie\":\"reCaptcha v3 validation couldn&#039;t load the cookie needed to submit the form.\",\"recaptchaConsentEvent\":\"Accept reCaptcha cookies before sending the form.\",\"currency_symbol\":\"\",\"beforeForm\":\"\",\"beforeFields\":\"\",\"afterFields\":\"\",\"afterForm\":\"\"};form.fields=[{\"objectType\":\"Field\",\"objectDomain\":\"fields\",\"editActive\":false,\"order\":1,\"idAttribute\":\"id\",\"type\":\"firstname\",\"label\":\"Name\",\"key\":\"nome-monografia\",\"label_pos\":\"above\",\"required\":1,\"default\":\"\",\"placeholder\":\"\",\"container_class\":\"one-third first\",\"element_class\":\"\",\"admin_label\":\"\",\"help_text\":\"\",\"custom_name_attribute\":\"fname\",\"personally_identifiable\":1,\"value\":\"\",\"drawerDisabled\":false,\"manual_key\":true,\"id\":22,\"beforeField\":\"\",\"afterField\":\"\",\"parentType\":\"firstname\",\"element_templates\":[\"firstname\",\"input\"],\"old_classname\":\"\",\"wrap_template\":\"wrap\"},{\"objectType\":\"Field\",\"objectDomain\":\"fields\",\"editActive\":false,\"order\":2,\"idAttribute\":\"id\",\"type\":\"lastname\",\"label\":\"Nachname\",\"key\":\"cognome-monografia\",\"label_pos\":\"above\",\"required\":1,\"default\":\"\",\"placeholder\":\"\",\"container_class\":\"one-third\",\"element_class\":\"\",\"admin_label\":\"\",\"help_text\":\"\",\"custom_name_attribute\":\"lname\",\"personally_identifiable\":1,\"value\":\"\",\"drawerDisabled\":false,\"manual_key\":true,\"id\":23,\"beforeField\":\"\",\"afterField\":\"\",\"parentType\":\"lastname\",\"element_templates\":[\"lastname\",\"input\"],\"old_classname\":\"\",\"wrap_template\":\"wrap\"},{\"objectType\":\"Field\",\"objectDomain\":\"fields\",\"editActive\":false,\"order\":3,\"idAttribute\":\"id\",\"type\":\"email\",\"label\":\"Email\",\"key\":\"email-monografia\",\"label_pos\":\"above\",\"required\":1,\"default\":\"\",\"placeholder\":\"\",\"container_class\":\"one-third\",\"element_class\":\"\",\"admin_label\":\"\",\"help_text\":\"\",\"custom_name_attribute\":\"email\",\"personally_identifiable\":1,\"value\":\"\",\"drawerDisabled\":false,\"manual_key\":true,\"id\":24,\"beforeField\":\"\",\"afterField\":\"\",\"parentType\":\"email\",\"element_templates\":[\"email\",\"input\"],\"old_classname\":\"\",\"wrap_template\":\"wrap\"},{\"objectType\":\"Field\",\"objectDomain\":\"fields\",\"editActive\":false,\"order\":4,\"idAttribute\":\"id\",\"label\":\"Telefon\",\"type\":\"phone\",\"key\":\"telefono-monografia\",\"label_pos\":\"above\",\"required\":false,\"default\":\"\",\"placeholder\":\"\",\"container_class\":\"one-half first\",\"element_class\":\"\",\"input_limit\":\"\",\"input_limit_type\":\"characters\",\"input_limit_msg\":\"Caratteri rimasti\",\"manual_key\":true,\"admin_label\":\"\",\"help_text\":\"\",\"mask\":\"\",\"custom_mask\":\"\",\"custom_name_attribute\":\"phone\",\"personally_identifiable\":1,\"value\":\"\",\"drawerDisabled\":false,\"id\":88,\"beforeField\":\"\",\"afterField\":\"\",\"parentType\":\"textbox\",\"element_templates\":[\"tel\",\"textbox\",\"input\"],\"old_classname\":\"\",\"wrap_template\":\"wrap\"},{\"objectType\":\"Field\",\"objectDomain\":\"fields\",\"editActive\":false,\"order\":5,\"idAttribute\":\"id\",\"label\":\"Wohnsitz\",\"type\":\"textbox\",\"key\":\"residenza-monografia\",\"label_pos\":\"above\",\"required\":false,\"default\":\"\",\"placeholder\":\"\",\"container_class\":\"one-half\",\"element_class\":\"\",\"input_limit\":\"\",\"input_limit_type\":\"characters\",\"input_limit_msg\":\"Caratteri rimasti\",\"manual_key\":true,\"admin_label\":\"\",\"help_text\":\"\",\"mask\":\"\",\"custom_mask\":\"\",\"custom_name_attribute\":\"\",\"personally_identifiable\":\"\",\"value\":\"\",\"drawerDisabled\":false,\"id\":89,\"beforeField\":\"\",\"afterField\":\"\",\"parentType\":\"textbox\",\"element_templates\":[\"textbox\",\"input\"],\"old_classname\":\"\",\"wrap_template\":\"wrap\"},{\"objectType\":\"Field\",\"objectDomain\":\"fields\",\"editActive\":false,\"order\":6,\"idAttribute\":\"id\",\"type\":\"checkbox\",\"label\":\"Ich stimme der Verarbeitung meiner Daten gem\\u00e4\\u00df den Datenschutzrichtlinien zu\",\"key\":\"acconsento_al_trattamento_dei_miei_dati_come_descritto_nelle_policy_della_privacy_1656343263472\",\"label_pos\":\"right\",\"required\":1,\"container_class\":\"\",\"element_class\":\"\",\"manual_key\":false,\"admin_label\":\"\",\"help_text\":\"\",\"default_value\":\"unchecked\",\"checked_value\":\"Selezionato\",\"unchecked_value\":\"Deselezionato\",\"checked_calc_value\":\"\",\"unchecked_calc_value\":\"\",\"drawerDisabled\":false,\"id\":25,\"beforeField\":\"\",\"afterField\":\"\",\"value\":\"\",\"parentType\":\"checkbox\",\"element_templates\":[\"checkbox\",\"input\"],\"old_classname\":\"\",\"wrap_template\":\"wrap\"},{\"objectType\":\"Field\",\"objectDomain\":\"fields\",\"editActive\":false,\"order\":7,\"idAttribute\":\"id\",\"label\":\"Lesen Sie die Informationen und die Datenschutzerkl\\u00e4rung.\",\"type\":\"html\",\"default\":\"<p>Lesen Sie die <a href=\\\"https:\\\/\\\/www.ffbetania.net\\\/de\\\/privacy-policy\\\/\\\">Informationen<\\\/a> und die <a href=\\\"https:\\\/\\\/www.ffbetania.net\\\/de\\\/privacy-policy\\\/\\\">Datenschutzerkl\\u00e4rung<\\\/a><br><\\\/p>\",\"container_class\":\"\",\"element_class\":\"\",\"key\":\"leggi_l_informativa_sulla_policy_e_privacy_1656343275172\",\"drawerDisabled\":false,\"id\":105,\"beforeField\":\"\",\"afterField\":\"\",\"value\":\"<p>Lesen Sie die <a href=\\\"https:\\\/\\\/www.ffbetania.net\\\/de\\\/privacy-policy\\\/\\\">Informationen<\\\/a> und die <a href=\\\"https:\\\/\\\/www.ffbetania.net\\\/de\\\/privacy-policy\\\/\\\">Datenschutzerkl\\u00e4rung<\\\/a><br><\\\/p>\",\"label_pos\":\"above\",\"parentType\":\"html\",\"element_templates\":[\"html\",\"input\"],\"old_classname\":\"\",\"wrap_template\":\"wrap\"},{\"objectType\":\"Field\",\"objectDomain\":\"fields\",\"editActive\":false,\"order\":8,\"idAttribute\":\"id\",\"type\":\"submit\",\"label\":\"Monografie anfordern\",\"processing_label\":\"...\",\"container_class\":\"\",\"element_class\":\"\",\"key\":\"richiedi_la_monografia_1637742884786\",\"drawerDisabled\":false,\"id\":26,\"beforeField\":\"\",\"afterField\":\"\",\"value\":\"\",\"label_pos\":\"above\",\"parentType\":\"textbox\",\"element_templates\":[\"submit\",\"button\",\"input\"],\"old_classname\":\"\",\"wrap_template\":\"wrap-no-label\"}];nfForms.push(form);<\/script>\n        [\/et_pb_text][\/et_pb_column][et_pb_column type=&#8220;1_5&#8243; _builder_version=&#8220;4.16&#8243; _module_preset=&#8220;default&#8220; global_colors_info=&#8220;{}&#8220;][\/et_pb_column][\/et_pb_row][\/et_pb_section]<\/p>\n","protected":false},"excerpt":{"rendered":"<p><div class=\"et_pb_module dsm_text_notation dsm_text_notation_0  et_pb_text_align_left et_pb_bg_layout_light\">\n\t\t\t\t\n\t\t\t\t\n\t\t\t\t\n\t\t\t\t\n\t\t\t\t\n\t\t\t\t\n\t\t\t\t<div class=\"et_pb_module_inner\">\n\t\t\t\t\t<h2 class=\"dsm-text-notation-main et_pb_module_header\"><span data-notation=\"[{&quot;type&quot;:&quot;underline&quot;,&quot;color&quot;:&quot;#F2C500&quot;,&quot;stroke-width&quot;:&quot;8&quot;,&quot;iterations&quot;:&quot;2&quot;,&quot;brackets&quot;:&quot;left|right&quot;,&quot;viewport&quot;:&quot;80%&quot;,&quot;delay&quot;:&quot;0ms&quot;,&quot;divi-animate&quot;:&quot;none&quot;,&quot;divi-animate-duration&quot;:&quot;1000ms&quot;,&quot;divi-animate-delay&quot;:&quot;0ms&quot;}]\" class=\"dsm-text-notation-middle\">Der kleine Nicola (Nikolaus)<\/span><\/h2>\n\t\t\t\t<\/div>\n\t\t\t<\/div>Nicola Gaudioso, wurde am 15. November 1926 in Bari, in der Via Durazzo, als letztes von sechs Kinder von Domenico Gaudioso und Giovanna Vavallo, geboren. Er wurde am 30. Januar 1927 in der Kirche St. Antonio im Stadtteil \u201eMadonnella&#8220; getauft, einem damals neuen Stadtteil von Bari, der [&hellip;]<\/p>\n","protected":false},"author":4,"featured_media":237936,"parent":0,"menu_order":0,"comment_status":"closed","ping_status":"closed","template":"","meta":{"_et_pb_use_builder":"on","_et_pb_old_content":"","_et_gb_content_width":"","footnotes":""},"class_list":["post-247305","page","type-page","status-publish","has-post-thumbnail","hentry"],"yoast_head":"<!-- This site is optimized with the Yoast SEO plugin v27.5 - https:\/\/yoast.com\/product\/yoast-seo-wordpress\/ -->\n<title>Pater Pancrazio - Fraternit\u00e0 Francescana di Betania<\/title>\n<meta name=\"robots\" content=\"index, follow, max-snippet:-1, max-image-preview:large, max-video-preview:-1\" \/>\n<link rel=\"canonical\" href=\"https:\/\/www.ffbetania.net\/de\/pater-pancrazio\/\" \/>\n<meta property=\"og:locale\" content=\"de_DE\" \/>\n<meta property=\"og:type\" content=\"article\" \/>\n<meta property=\"og:title\" content=\"Pater Pancrazio - Fraternit\u00e0 Francescana di Betania\" \/>\n<meta property=\"og:description\" content=\"Nicola Gaudioso, wurde am 15. November 1926 in Bari, in der Via Durazzo, als letztes von sechs Kinder von Domenico Gaudioso und Giovanna Vavallo, geboren. Er wurde am 30. Januar 1927 in der Kirche St. Antonio im Stadtteil \u201eMadonnella&quot; getauft, einem damals neuen Stadtteil von Bari, der [&hellip;]\" \/>\n<meta property=\"og:url\" content=\"https:\/\/www.ffbetania.net\/de\/pater-pancrazio\/\" \/>\n<meta property=\"og:site_name\" content=\"Fraternit\u00e0 Francescana di Betania\" \/>\n<meta property=\"article:modified_time\" content=\"2023-03-01T18:21:32+00:00\" \/>\n<meta property=\"og:image\" content=\"https:\/\/www.ffbetania.net\/wp-content\/uploads\/2021\/11\/Pancrazio_ffb.jpg\" \/>\n\t<meta property=\"og:image:width\" content=\"763\" \/>\n\t<meta property=\"og:image:height\" content=\"444\" \/>\n\t<meta property=\"og:image:type\" content=\"image\/jpeg\" \/>\n<meta name=\"twitter:card\" content=\"summary_large_image\" \/>\n<meta name=\"twitter:label1\" content=\"Gesch\u00e4tzte Lesezeit\" \/>\n\t<meta name=\"twitter:data1\" content=\"19\u00a0Minuten\" \/>\n<script type=\"application\/ld+json\" class=\"yoast-schema-graph\">{\"@context\":\"https:\\\/\\\/schema.org\",\"@graph\":[{\"@type\":\"WebPage\",\"@id\":\"https:\\\/\\\/www.ffbetania.net\\\/de\\\/pater-pancrazio\\\/\",\"url\":\"https:\\\/\\\/www.ffbetania.net\\\/de\\\/pater-pancrazio\\\/\",\"name\":\"Pater Pancrazio - Fraternit\u00e0 Francescana di Betania\",\"isPartOf\":{\"@id\":\"https:\\\/\\\/www.ffbetania.net\\\/de\\\/#website\"},\"primaryImageOfPage\":{\"@id\":\"https:\\\/\\\/www.ffbetania.net\\\/de\\\/pater-pancrazio\\\/#primaryimage\"},\"image\":{\"@id\":\"https:\\\/\\\/www.ffbetania.net\\\/de\\\/pater-pancrazio\\\/#primaryimage\"},\"thumbnailUrl\":\"https:\\\/\\\/www.ffbetania.net\\\/wp-content\\\/uploads\\\/2021\\\/11\\\/Pancrazio_ffb.jpg\",\"datePublished\":\"2021-10-14T10:03:19+00:00\",\"dateModified\":\"2023-03-01T18:21:32+00:00\",\"breadcrumb\":{\"@id\":\"https:\\\/\\\/www.ffbetania.net\\\/de\\\/pater-pancrazio\\\/#breadcrumb\"},\"inLanguage\":\"de\",\"potentialAction\":[{\"@type\":\"ReadAction\",\"target\":[\"https:\\\/\\\/www.ffbetania.net\\\/de\\\/pater-pancrazio\\\/\"]}]},{\"@type\":\"ImageObject\",\"inLanguage\":\"de\",\"@id\":\"https:\\\/\\\/www.ffbetania.net\\\/de\\\/pater-pancrazio\\\/#primaryimage\",\"url\":\"https:\\\/\\\/www.ffbetania.net\\\/wp-content\\\/uploads\\\/2021\\\/11\\\/Pancrazio_ffb.jpg\",\"contentUrl\":\"https:\\\/\\\/www.ffbetania.net\\\/wp-content\\\/uploads\\\/2021\\\/11\\\/Pancrazio_ffb.jpg\",\"width\":763,\"height\":444},{\"@type\":\"BreadcrumbList\",\"@id\":\"https:\\\/\\\/www.ffbetania.net\\\/de\\\/pater-pancrazio\\\/#breadcrumb\",\"itemListElement\":[{\"@type\":\"ListItem\",\"position\":1,\"name\":\"Home\",\"item\":\"https:\\\/\\\/www.ffbetania.net\\\/de\\\/\"},{\"@type\":\"ListItem\",\"position\":2,\"name\":\"Pater Pancrazio\"}]},{\"@type\":\"WebSite\",\"@id\":\"https:\\\/\\\/www.ffbetania.net\\\/de\\\/#website\",\"url\":\"https:\\\/\\\/www.ffbetania.net\\\/de\\\/\",\"name\":\"Fraternit\u00e0 Francescana di Betania\",\"description\":\"La Fraternit\u00e0 Francescana di Betania \u00e8 lieta di rendervi partecipi di questa gioia\",\"potentialAction\":[{\"@type\":\"SearchAction\",\"target\":{\"@type\":\"EntryPoint\",\"urlTemplate\":\"https:\\\/\\\/www.ffbetania.net\\\/de\\\/?s={search_term_string}\"},\"query-input\":{\"@type\":\"PropertyValueSpecification\",\"valueRequired\":true,\"valueName\":\"search_term_string\"}}],\"inLanguage\":\"de\"}]}<\/script>\n<!-- \/ Yoast SEO plugin. -->","yoast_head_json":{"title":"Pater Pancrazio - Fraternit\u00e0 Francescana di Betania","robots":{"index":"index","follow":"follow","max-snippet":"max-snippet:-1","max-image-preview":"max-image-preview:large","max-video-preview":"max-video-preview:-1"},"canonical":"https:\/\/www.ffbetania.net\/de\/pater-pancrazio\/","og_locale":"de_DE","og_type":"article","og_title":"Pater Pancrazio - Fraternit\u00e0 Francescana di Betania","og_description":"Nicola Gaudioso, wurde am 15. November 1926 in Bari, in der Via Durazzo, als letztes von sechs Kinder von Domenico Gaudioso und Giovanna Vavallo, geboren. Er wurde am 30. Januar 1927 in der Kirche St. Antonio im Stadtteil \u201eMadonnella\" getauft, einem damals neuen Stadtteil von Bari, der [&hellip;]","og_url":"https:\/\/www.ffbetania.net\/de\/pater-pancrazio\/","og_site_name":"Fraternit\u00e0 Francescana di Betania","article_modified_time":"2023-03-01T18:21:32+00:00","og_image":[{"width":763,"height":444,"url":"https:\/\/www.ffbetania.net\/wp-content\/uploads\/2021\/11\/Pancrazio_ffb.jpg","type":"image\/jpeg"}],"twitter_card":"summary_large_image","twitter_misc":{"Gesch\u00e4tzte Lesezeit":"19\u00a0Minuten"},"schema":{"@context":"https:\/\/schema.org","@graph":[{"@type":"WebPage","@id":"https:\/\/www.ffbetania.net\/de\/pater-pancrazio\/","url":"https:\/\/www.ffbetania.net\/de\/pater-pancrazio\/","name":"Pater Pancrazio - Fraternit\u00e0 Francescana di Betania","isPartOf":{"@id":"https:\/\/www.ffbetania.net\/de\/#website"},"primaryImageOfPage":{"@id":"https:\/\/www.ffbetania.net\/de\/pater-pancrazio\/#primaryimage"},"image":{"@id":"https:\/\/www.ffbetania.net\/de\/pater-pancrazio\/#primaryimage"},"thumbnailUrl":"https:\/\/www.ffbetania.net\/wp-content\/uploads\/2021\/11\/Pancrazio_ffb.jpg","datePublished":"2021-10-14T10:03:19+00:00","dateModified":"2023-03-01T18:21:32+00:00","breadcrumb":{"@id":"https:\/\/www.ffbetania.net\/de\/pater-pancrazio\/#breadcrumb"},"inLanguage":"de","potentialAction":[{"@type":"ReadAction","target":["https:\/\/www.ffbetania.net\/de\/pater-pancrazio\/"]}]},{"@type":"ImageObject","inLanguage":"de","@id":"https:\/\/www.ffbetania.net\/de\/pater-pancrazio\/#primaryimage","url":"https:\/\/www.ffbetania.net\/wp-content\/uploads\/2021\/11\/Pancrazio_ffb.jpg","contentUrl":"https:\/\/www.ffbetania.net\/wp-content\/uploads\/2021\/11\/Pancrazio_ffb.jpg","width":763,"height":444},{"@type":"BreadcrumbList","@id":"https:\/\/www.ffbetania.net\/de\/pater-pancrazio\/#breadcrumb","itemListElement":[{"@type":"ListItem","position":1,"name":"Home","item":"https:\/\/www.ffbetania.net\/de\/"},{"@type":"ListItem","position":2,"name":"Pater Pancrazio"}]},{"@type":"WebSite","@id":"https:\/\/www.ffbetania.net\/de\/#website","url":"https:\/\/www.ffbetania.net\/de\/","name":"Fraternit\u00e0 Francescana di Betania","description":"La Fraternit\u00e0 Francescana di Betania \u00e8 lieta di rendervi partecipi di questa gioia","potentialAction":[{"@type":"SearchAction","target":{"@type":"EntryPoint","urlTemplate":"https:\/\/www.ffbetania.net\/de\/?s={search_term_string}"},"query-input":{"@type":"PropertyValueSpecification","valueRequired":true,"valueName":"search_term_string"}}],"inLanguage":"de"}]}},"_links":{"self":[{"href":"https:\/\/www.ffbetania.net\/de\/wp-json\/wp\/v2\/pages\/247305","targetHints":{"allow":["GET"]}}],"collection":[{"href":"https:\/\/www.ffbetania.net\/de\/wp-json\/wp\/v2\/pages"}],"about":[{"href":"https:\/\/www.ffbetania.net\/de\/wp-json\/wp\/v2\/types\/page"}],"author":[{"embeddable":true,"href":"https:\/\/www.ffbetania.net\/de\/wp-json\/wp\/v2\/users\/4"}],"replies":[{"embeddable":true,"href":"https:\/\/www.ffbetania.net\/de\/wp-json\/wp\/v2\/comments?post=247305"}],"version-history":[{"count":8,"href":"https:\/\/www.ffbetania.net\/de\/wp-json\/wp\/v2\/pages\/247305\/revisions"}],"predecessor-version":[{"id":247319,"href":"https:\/\/www.ffbetania.net\/de\/wp-json\/wp\/v2\/pages\/247305\/revisions\/247319"}],"wp:featuredmedia":[{"embeddable":true,"href":"https:\/\/www.ffbetania.net\/de\/wp-json\/wp\/v2\/media\/237936"}],"wp:attachment":[{"href":"https:\/\/www.ffbetania.net\/de\/wp-json\/wp\/v2\/media?parent=247305"}],"curies":[{"name":"wp","href":"https:\/\/api.w.org\/{rel}","templated":true}]}}